{"id":19,"date":"2022-12-20T18:16:30","date_gmt":"2022-12-20T18:16:30","guid":{"rendered":"http:\/\/www.burchard.net.pl\/?page_id=19"},"modified":"2025-06-08T12:06:25","modified_gmt":"2025-06-08T12:06:25","slug":"rozdzial-drugi","status":"publish","type":"page","link":"https:\/\/www.burchard.net.pl\/?page_id=19","title":{"rendered":"5. Cz\u0119\u015b\u0107 II"},"content":{"rendered":"\n<p style=\"font-size:46px\">Rodzina Burkhart\u00f3w (Burchard\u00f3w) w Polsce (od oko\u0142o 1843\/1844 roku)<\/p>\n\n\n\n<p><\/p>\n\n\n\n<h2 class=\"wp-block-heading has-medium-font-size\"><strong>I. Pierwsi cz\u0142onkowie rodziny w Polsce<\/strong><\/h2>\n\n\n\n<p><strong>Do Polski przyby\u0142o:<\/strong><\/p>\n\n\n\n<p><strong>1. sze\u015bciu syn\u00f3w Balthasara Burkharta (1780-1835). Pi\u0119ciu wymienia <em>The Birkenh\u00f6rdt Project: <\/em>Valentin, Adolph Matthias, Georg, Joseph, Martin. Sz\u00f3sty, Balcer\/Balthasar, znany jest z aktu zawarcia zwi\u0105zku ma\u0142\u017ce\u0144skiego w Mileszkach. Sze\u015bciu braciom towarzyszy\u0142a matka Magdalena Ehrhard i siostra Ma\u0142gorzata\/Margaretha.<\/strong><\/p>\n\n\n\n<p><strong>2. kilkoro krewnych i powinowatych wy\u017cej wspomnianych braci Burkhart\u00f3w. Niekt\u00f3rzy z nich nosili tak\u017ce nazwisko Burkhart. By\u0142y te\u017c inne rodziny \u2013 imiona, nazwiska i stopie\u0144 pokrewie\u0144stwa bywaj\u0105 czasem trudne do ustalenia.<\/strong><\/p>\n\n\n\n<p><strong>Ad. 1. Przyjazd braci Burkhart\u00f3w<\/strong><\/p>\n\n\n\n<p><strong>Do Polski bracia Burkharci przybyli, moim zdaniem, w roku 1843. Wnioskuj\u0119 o tym z dat, potwierdzaj\u0105cych pobyt braci Burkhart\u00f3w w Palatynacie oraz dat na dokumentach chrzt\u00f3w, \u015blub\u00f3w lub zgon\u00f3w z parafii Mileszki, potwierdzaj\u0105cych ich pobyt w Polsce.<\/strong><\/p>\n\n\n\n<p>Dat przybycia krewnych\/powinowatych braci Burkhart\u00f3w nie da si\u0119 dok\u0142adnie ustali\u0107. Przypuszczam jednak, \u017ce wszyscy przybyli mniej wi\u0119cej razem. Wnioskuj\u0119 to z danych w <em>Genetece<\/em> \u2013 Bukharci i ich krewni\/powinowaci pojawiaj\u0105 si\u0119 tam wr\u0119cz masowo dopiero od lat czterdziestych.<\/p>\n\n\n\n<p><strong>Ostatnie daty, dotycz\u0105ce braci Burkhart\u00f3w w Palatynacie:<\/strong><\/p>\n\n\n\n<p><strong>1. 16 sierpnia 1842<\/strong> <strong>r.<\/strong> \u2013 narodziny w M\u00fcnchweiler Johannesa, mojego pradziadka, syna Martina i Christiny Morio<\/p>\n\n\n\n<p><strong>2. 11 grudnia 1842 r. <\/strong>\u2013 urodziny w Schindhard Augusta, syna Valentina i Franziski Mosbr\u00fccker<\/p>\n\n\n\n<p><strong>3. 20 grudnia 1842<\/strong> <strong>r.<\/strong> \u2013 urodziny w Busenburgu Josepha, syna Josepha i Barbary Flory<\/p>\n\n\n\n<p><strong>4. 21 lutego 1843<\/strong> <strong>r.<\/strong> \u2013 urodziny w Erfweiler Bernharda, syna Georga i Marii Anny Dillenkoffer<\/p>\n\n\n\n<p><strong>5. 24 czerwca 1843 r. <\/strong>\u2013 wydanie w Dahn \u015bwiadectwa szczepienia przeciw ospie Johannesa Burkhard \u2013 mojego pradziadka, syn Martina i Christiny Morio.<\/p>\n\n\n\n<p><strong>6. 24 sierpnia 1843 r. \u2013 <\/strong>\u015blub w Dahn Josepha Burkhart i Barbary Flory (ta data wydaje si\u0119 by\u0107 b\u0142\u0119dna \u2013 trzech syn\u00f3w tej pary urodzi\u0142o si\u0119 wcze\u015bniej).<\/p>\n\n\n\n<h3 class=\"wp-block-heading\">&nbsp;<\/h3>\n\n\n\n<h3 class=\"wp-block-heading has-medium-font-size\"><strong>Kiedy bracia wyjechali z Erfweiler?<\/strong><\/h3>\n\n\n\n<p><strong>Wydaje mi si\u0119 pewne, \u017ce wyjechali w roku 1843.<\/strong><\/p>\n\n\n\n<p>Najistotniejsze odno\u015bnie do ustalenia ich wyjazdu s\u0105 daty, wymienione w punktach 5 i 6. Absolutnie niepodwa\u017calna jest data wymieniona w punkcie 5 \u2013 24 czerwca 1843 r. \u2013 poniewa\u017c mam na jej potwierdzenie odpowiedni dokument.<\/p>\n\n\n\n<p>Wymieniona w punkcie 6 data mo\u017ce by\u0107 \u2013 jak podejrzewam \u2013 b\u0142\u0119dna. Je\u015bli jest prawdziwa, mo\u017cliwe s\u0105 dwie opcje:<\/p>\n\n\n\n<ul class=\"wp-block-list\">\n<li>\u017ce bracia wyjechali dopiero po tej dacie, to jest po 24 sierpnia 1843 r., lub<\/li>\n\n\n\n<li>\u017ce nie jechali razem.<\/li>\n<\/ul>\n\n\n\n<p>Wyjazd ka\u017cdej rodziny osobno wydaje mi si\u0119 ma\u0142o mo\u017cliwy, gdy\u017c ni\u00f3s\u0142by za sob\u0105 osamotnienie, niepewno\u015b\u0107 i zwi\u0119kszone obawy, \u017ce nie mo\u017cna w razie jakichkolwiek problem\u00f3w liczy\u0107 na pomoc bliskich.<\/p>\n\n\n\n<p>Je\u015bli chodzi o wyjazd w roku 1843, rodzina Georga mog\u0142a wyruszy\u0107 w drog\u0119 ju\u017c po urodzeniu Bernharda, to jest po 21 lutego 1843 roku. Logiczne wydaje si\u0119 jednak, \u017ce nie wyjechali od razu po tej dacie, gdy\u017c by\u0142a zima. Rodzina Martina wyjecha\u0107 mog\u0142a dopiero po 24 czerwca 1843 roku, gdy\u017c odebra\u0107 musieli w Dahn \u015bwiadectwo szczepienia syna. Rodzina Josepha mog\u0142a wyjecha\u0107 po 24 sierpnia 1843 roku, to jest po \u015blubie Josepha i Barbary. Zwa\u017cywszy, \u017ce Joseph i Barbara mieli troje dzieci, urodzonych przed 23 sierpnia 1843 roku, by\u0107 mo\u017ce data ich \u015blubu jest pomy\u0142k\u0105.<\/p>\n\n\n\n<p>Wyjazd po 24 sierpnia wydaje si\u0119 nieco w\u0105tpliwy ze wzgl\u0119du na por\u0119 roku. Oznacza\u0142by d\u0142ug\u0105 podr\u00f3\u017c we wrze\u015bniu i pa\u017adzierniku i nara\u017cenie si\u0119 na zimno, deszcze i b\u0142oto na drogach, a rozpoczynanie nowego \u017cycia w nieznanym miejscu zim\u0105 nie mo\u017cna by\u0142o uzna\u0107 z korzystne. Nale\u017ca\u0142o si\u0119 wszak zagospodarowa\u0107, zapewni\u0107 opa\u0142 i \u2013 niezale\u017cnie od tego, jakie zapasy si\u0119 zabra\u0142o \u2013 zdoby\u0107 \u017cywno\u015b\u0107. Z drugiej strony wyjazd pod koniec sierpnia oznacza\u0142by wyjazd po \u017cniwach i zebraniu plon\u00f3w z p\u00f3l, ogrod\u00f3w, sadu, czy co tam posiadali.<\/p>\n\n\n\n<p>Obie opcje dotycz\u0105ce wyjazdu z Erfweiler s\u0105 oczywi\u015bcie niewykluczone.<\/p>\n\n\n\n<p><strong>W okre\u015bleniu czasu podr\u00f3\u017cy do Polski pomocne s\u0105 daty, potwierdzaj\u0105ce pobyt Burkhart\u00f3w w nowym miejscu zamieszkania.<\/strong><\/p>\n\n\n\n<p>Je\u015bli pierwszy znany mi dokument z parafii Mileszki \u2013 o kt\u00f3rym ni\u017cej \u2013 z 6 grudnia 1843 roku, m\u00f3wi\u0105cy o dziecku z rodziny Burkhart\u00f3w, urodzonym 2 grudnia, dotyczy c\u00f3rki Adolpha Matthiasa \u2013 a tak sadz\u0119 \u2013 bracia przybyli do Polski przed t\u0105 dat\u0105, ale raczej nie wcze\u015bniej ni\u017c latem i nie p\u00f3\u017aniej ni\u017c jesieni\u0105, gdy\u017c zim\u0105, nawet wczesn\u0105, podr\u00f3\u017c by\u0142aby zbyt uci\u0105\u017cliwa.<\/p>\n\n\n\n<p><strong>Za najbardziej prawdopodobne uwa\u017cam zatem, \u017ce z Erfweiler bracia Burkhart wyjechali po 24 czerwca i odbyli podr\u00f3\u017c do Polski latem. <\/strong>Z dokument\u00f3w, kt\u00f3re przedstawi\u0119 ni\u017cej, wynika te\u017c, \u017ce jecha\u0142a z nimi te\u017c jaka\u015b cz\u0119\u015b\u0107 krewnych i powinowatych.<\/p>\n\n\n\n<p><strong>Poni\u017cszy dokument jest najprawdopodobniej pierwszym dowodem pobytu Burchard\u00f3w w Polsce.<\/strong><\/p>\n\n\n\n<figure class=\"wp-block-image size-full\"><img loading=\"lazy\" decoding=\"async\" width=\"933\" height=\"353\" src=\"https:\/\/www.burchard.net.pl\/wp-content\/uploads\/2025\/06\/image-16.png\" alt=\"\" class=\"wp-image-593\" srcset=\"https:\/\/www.burchard.net.pl\/wp-content\/uploads\/2025\/06\/image-16.png 933w, https:\/\/www.burchard.net.pl\/wp-content\/uploads\/2025\/06\/image-16-300x114.png 300w, https:\/\/www.burchard.net.pl\/wp-content\/uploads\/2025\/06\/image-16-768x291.png 768w\" sizes=\"auto, (max-width: 933px) 100vw, 933px\" \/><\/figure>\n\n\n\n<p>Jest to akt zgonu z parafii Mileszki dwuletniego Adama Nap (w\u0142a\u015bciwa pisownia nazwiska Naab), syna Antoniego i Marianny, z <strong>5 listopada 1843<\/strong>. \u015amier\u0107 zg\u0142osili Antoni Nap, lat 33, zapewne ojciec ch\u0142opca, i <strong>Wojciech (czyli Georg) Burkard<\/strong>, lat 36, gospodarze w <strong>Wi\u0105czeniu<\/strong> zamieszkali. Georg urodzi\u0142 si\u0119 w roku 1810, ale najpewniej chodzi o niego.<\/p>\n\n\n\n<p>Nazwisko wymienionej wy\u017cej Marianny jest nieczytelne, mam wra\u017cenie, \u017ce to \u201ez Nap\u00f3w\u201d, tak jakby zapisuj\u0105cy powt\u00f3rzy\u0142 jej nazwisko po m\u0119\u017cu. Odnosz\u0119 wra\u017cenie, \u017ce ksi\u0105dz nie m\u00f3g\u0142 si\u0119 z tymi Niemcami dogada\u0107. Zapyta\u0142 kobiet\u0119 o nazwisko, to powiedzia\u0142a mu Nap, a on to wpisa\u0142 jako panie\u0144skie. Z innych dokument\u00f3w w <em>Genetece<\/em> wynika, \u017ce Antoni Nap (Naab) mia\u0142 za \u017con\u0119 Ann\u0119 Mariann\u0119 Szrajner (w\u0142a\u015bciwa pisownia nazwiska Schreiner). Rodzin\u0119 Nap\u00f3w i Burchard\u00f3w musia\u0142y \u0142\u0105czy\u0107 dobre stosunki, bo w roku 1850 matk\u0105 chrzestn\u0105 Jana, syna Antoniego i Anny Marianny by\u0142o Chrystyna Moryo (ciekawe, \u017ce moja praprababcia wyst\u0119puje tu pod nazwiskiem panie\u0144skim, a nie po m\u0119\u017cu, Burkhart\/Burchard). W roku 1851 Balcer (Balthasar) Burkard (brat Martina, mojego prapradziadka), po\u015blubi\u0142 El\u017cbiet\u0119, c\u00f3rk\u0119 Antoniego i Anny Marianny Szrajner.<\/p>\n\n\n\n<p><\/p>\n\n\n\n<p><strong>Daty, potwierdzaj\u0105cych przybycie braci Burkhart\u00f3w do Kr\u00f3lestwa Polskiego:<\/strong><\/p>\n\n\n\n<p><strong>1. 6 grudnia 1843 r. <\/strong>\u2013\u015bwiadectwo chrztu Sybilli Burhard, urodzonej <strong>2 grudnia<\/strong> <strong>1843 roku<\/strong>. O tym dokumencie ni\u017cej. Je\u015bli dokument ten nie dotyczy, jak przypuszczam, c\u00f3rki Adolpha Matthiasa, to bracia Burkharci na pewno mieszkali w Polsce przed:<\/p>\n\n\n\n<p><strong>2. 19 czerwca 1844 r. <\/strong>\u2013 \u015bwiadectwo chrztu w Mileszkach Antoniego, syna mojego prapradziadka Martina, zapisanego jako Burchard. Antoni urodzi\u0142 si\u0119 Wi\u0105czyniu G\u00f3rnym <strong>17 czerwca 1844 r<\/strong>.<\/p>\n\n\n\n<p><strong>\u015awiadectwo chrztu z parafii Mileszki, dotycz\u0105ce Antoniego \u2013 syna mojego prapradziadka Martina \u2013 urodzonego 17 czerwca 1844 roku w Wi\u0105czyniu G\u00f3rnym, jest pierwszym ca\u0142kowicie pewnym dokumentem potwierdzaj\u0105cym pobyt w Polsce moich bezpo\u015brednich przodk\u00f3w \u2013 prapradziadka Martina i praprababci Christiny.<\/strong><\/p>\n\n\n\n<p class=\"has-medium-font-size\"><em>\u015awiadectwo chrztu Antoniego z 19 czerwca 1844 r.<\/em><\/p>\n\n\n\n<figure class=\"wp-block-image size-full\"><img loading=\"lazy\" decoding=\"async\" width=\"933\" height=\"315\" src=\"https:\/\/www.burchard.net.pl\/wp-content\/uploads\/2023\/05\/image-56.png\" alt=\"\" class=\"wp-image-173\" srcset=\"https:\/\/www.burchard.net.pl\/wp-content\/uploads\/2023\/05\/image-56.png 933w, https:\/\/www.burchard.net.pl\/wp-content\/uploads\/2023\/05\/image-56-300x101.png 300w, https:\/\/www.burchard.net.pl\/wp-content\/uploads\/2023\/05\/image-56-768x259.png 768w\" sizes=\"auto, (max-width: 933px) 100vw, 933px\" \/><\/figure>\n\n\n\n<p style=\"font-size:10px\"><em>\u0179r\u00f3d\u0142o:<\/em><\/p>\n\n\n\n<p style=\"font-size:10px\"><em>Wyniki wyszukiwania dla osoby Antoni Burchard:<\/em> <a href=\"https:\/\/geneteka.genealodzy.pl\/index.php?op=gt&amp;lang=eng&amp;bdm=B&amp;w=05ld&amp;rid=2984&amp;search_lastname=Burchard&amp;search_name=antoni&amp;search_lastname2=&amp;search_name2=&amp;from_date=&amp;to_date=\">https:\/\/geneteka.genealodzy.pl\/index.php?op=gt&amp;lang=eng&amp;bdm=B&amp;w=05ld&amp;rid=2984&amp;search_lastname=Burchard&amp;search_name=antoni&amp;search_lastname2=&amp;search_name2=&amp;from_date=&amp;to_date=<\/a><\/p>\n\n\n\n<p style=\"font-size:10px\"><em>Skan:<\/em> <a href=\"https:\/\/metryki.genealodzy.pl\/index.php?op=pg&amp;ar=3&amp;zs=1589d&amp;se=&amp;sy=1844&amp;kt=1&amp;plik=056-065.jpg&amp;x=134&amp;y=539&amp;zoom=1\"><em>https:\/\/metryki.genealodzy.pl\/index.php?op=pg&amp;ar=3&amp;zs=1589d&amp;se=&amp;sy=1844&amp;kt=1&amp;plik=056-065.jpg&amp;x=134&amp;y=539&amp;zoom=1<\/em><\/a><em> (wpis nr 57, dost\u0119p 29.12.2022)<\/em><\/p>\n\n\n\n<p><\/p>\n\n\n\n<p>Akt chrztu jest podpisany przez ojca Antoniego, Martina, mojego prapradziadka.<\/p>\n\n\n\n<p>Tekst aktu chrztu:<\/p>\n\n\n\n<p><em>Wi\u0105cze\u0144 G\u00f3rny. Dzia\u0142o si\u0119 to w Mileszkach dnia dziewi\u0119tnastego czerwca tysi\u0105c o\u015bm set czterdziestego czwartego roku o godzinie pierwszej po po\u0142udniu. Stawi\u0142 si\u0119 Marcin Burchard<\/em>&nbsp;[w tym momencie Martin Burkhart sta\u0142 si\u0119 Marcinem Burchard \u2013 przypis m\u00f3j, M.D.] <em>Stolarz Wi\u0105czeniu zamieszka\u0142y lat dwadzie\u015bcia sze\u015b\u0107 maj\u0105cy wobecno\u015bci Wac\u0142awa Szmich Gospodarza lat trzydzie\u015bci sze\u015b\u0107 i Franciszka Plac (Pla\u0107?) Kumornika lat trzydzie\u015bci cztery sobie licz\u0105cych obydw\u00f3ch Wi\u0105czeniu zamieszka\u0142ych&nbsp;i okaza\u0142 nam dzieci\u0119 p\u0142ci M\u0119zkiej Wi\u0105czyniu urodzone dnia siedemnastego bie\u017c\u0105cego miesi\u0105ca o godzinie drugiej rano z jego Ma\u0142\u017conki Chrystyny z Mori\u00f3w lat dwadzie\u015bcia cztery maj\u0105cej. Dzieci\u0119ciu temu na chrzcie \u015bwi\u0119tym w dniu dzisiejszym odbytym nadane zosta\u0142o imi\u0119 Antoni a Rodzicami jego Chrzestnymi byli Antoni Kuse (?) i Anna Maryanna ? <\/em>[nazwisko nieczytelne].<em> Akt ten Stawaj\u0105cym i \u015awiadkom przeczytany podpisany zosta\u0142. Stawaj\u0105cy i \u015awiadkowie pisa\u0107 nie umiej\u0105<\/em> [po czym nast\u0119puje podpis mojego prapradziadka!].<\/p>\n\n\n\n<figure class=\"wp-block-image size-full\"><img loading=\"lazy\" decoding=\"async\" width=\"709\" height=\"124\" src=\"https:\/\/www.burchard.net.pl\/wp-content\/uploads\/2023\/05\/image-57.png\" alt=\"\" class=\"wp-image-174\" srcset=\"https:\/\/www.burchard.net.pl\/wp-content\/uploads\/2023\/05\/image-57.png 709w, https:\/\/www.burchard.net.pl\/wp-content\/uploads\/2023\/05\/image-57-300x52.png 300w\" sizes=\"auto, (max-width: 709px) 100vw, 709px\" \/><\/figure>\n\n\n\n<p><strong>3. 12 listopada 1844 r.<\/strong> \u2013 akt \u015blubu Balcera\/Balthasara (zapisanego jako Burkhart), zawartego w Mileszkach. Balcer, najm\u0142odszy syn Balthasara (1780<strong>&#8211;<\/strong>1835) mieszka\u0142 z matk\u0105 w Antoniewie.<\/p>\n\n\n\n<p class=\"has-medium-font-size\"><em>Akt \u015blubu Balcera<\/em><\/p>\n\n\n\n<figure class=\"wp-block-image size-full\"><img loading=\"lazy\" decoding=\"async\" width=\"933\" height=\"516\" src=\"https:\/\/www.burchard.net.pl\/wp-content\/uploads\/2023\/05\/image-58.png\" alt=\"\" class=\"wp-image-175\" srcset=\"https:\/\/www.burchard.net.pl\/wp-content\/uploads\/2023\/05\/image-58.png 933w, https:\/\/www.burchard.net.pl\/wp-content\/uploads\/2023\/05\/image-58-300x166.png 300w, https:\/\/www.burchard.net.pl\/wp-content\/uploads\/2023\/05\/image-58-768x425.png 768w\" sizes=\"auto, (max-width: 933px) 100vw, 933px\" \/><\/figure>\n\n\n\n<p style=\"font-size:10px\"><em>\u0179r\u00f3d\u0142o:<\/em><\/p>\n\n\n\n<p style=\"font-size:10px\"><em>Wyniki wyszukiwania dla osoby Baltazar Burchard:<\/em> <a href=\"https:\/\/geneteka.genealodzy.pl\/index.php?op=gt&amp;lang=eng&amp;bdm=S&amp;w=05ld&amp;rid=S&amp;search_lastname=Burchard&amp;search_name=Baltazar&amp;search_lastname2=&amp;search_name2=&amp;from_date=&amp;to_date=\">https:\/\/geneteka.genealodzy.pl\/index.php?op=gt&amp;lang=eng&amp;bdm=S&amp;w=05ld&amp;rid=S&amp;search_lastname=Burchard&amp;search_name=Baltazar&amp;search_lastname2=&amp;search_name2=&amp;from_date=&amp;to_date=<\/a><\/p>\n\n\n\n<p style=\"font-size:10px\"><em>Skan:<\/em> <a href=\"https:\/\/metryki.genealodzy.pl\/index.php?op=pg&amp;ar=3&amp;zs=1589d&amp;se=&amp;sy=1844&amp;kt=2&amp;plik=22-27.jpg&amp;x=1842&amp;y=111&amp;zoom=1\"><em>https:\/\/metryki.genealodzy.pl\/index.php?op=pg&amp;ar=3&amp;zs=1589d&amp;se=&amp;sy=1844&amp;kt=2&amp;plik=22-27.jpg&amp;x=1842&amp;y=111&amp;zoom=1<\/em><\/a><em> (wpis nr 25, dost\u0119p 29.12.2022)<\/em><\/p>\n\n\n\n<p><\/p>\n\n\n\n<p>Pierwszy podpis z lewej: Balthasar Burkhart. Dopisek ksi\u0119dza: \u201estawaj\u0105ca tylko pisa\u0107 nie umie\u201d, dotyczy panny m\u0142odej.<\/p>\n\n\n\n<p>Tekst aktu \u015blubu:<\/p>\n\n\n\n<p><em>Antoniew. Dzia\u0142o si\u0119 to w Mileszkach dnia dwunastego listopada tysi\u0105c o\u015bmset czterdziestego czwartego roku o godzinie trzeciej popo\u0142udniu. Wiadomo czynimy, \u017ce w przytomno\u015bci \u015awiadk\u00f3w Sebastyana Schmelig Gospodarza z nowosolny lat trzydzie\u015bci dwa i J\u00f3zefa ?bich Gospodarza z Antoniewa lat dwadzie\u015bcia sze\u015b\u0107 sobie licz\u0105cych. Na dniu dzisiejszym zawarte zosta\u0142o Religijne ma\u0142\u017ce\u0144stwo mi\u0119dzy Balcerem Burkhart M\u0142odzie\u0144cem przy matce w Antoniewie zostaj\u0105cym urodzonym wsi Erfweiler w Kraju Bawarskim z Balcera i Magdaleny z Erhart\u00f3w Ma\u0142\u017conk\u00f3w Burkhard\u00f3w z kt\u00f3rych Ojciec nie \u017cyje Matka tylko na Gospodarstwie w Antoniewie zamieszkuje lat dwadzie\u015bcia cztery sko\u0144czone maj\u0105cym a Maryanna J\u00f3zef\u0105 Schmelig Pann\u0105 C\u00f3rk\u0105 Jana i Anny Maryanny Szmeling\u00f3w na Gospodarswie w Antoniewie zamieszka\u0142ych lat dwadzie\u015bcia sko\u0144czone licz\u0105 wsi T\u00fcrdenheym (Tr\u00fcdenheym?) w Xi\u0119stwie Bade\u0144skim zrodzon\u0105 przy Rodzicach zostaj\u0105c\u0105. Ma\u0142\u017ce\u0144stwo to poprzedzi\u0142y trzy zapowiedzi w dniach dwudziestym, dwudziestym si\u00f3dmym pa\u017adziernika, trzecim listopada roku bie\u017c\u0105cego w parafii Mileszki. Jako tez zezwolenie ustne obecnych Aktowi Ma\u0142\u017ce\u0144stwa Rodzic\u00f3w z strony Nowoza\u015blubionej i Matki z strony Nowoza\u015blubionego. Tamowanie ma\u0142\u017ce\u0144stwa nie zasz\u0142o. Ma\u0142\u017conkowie o\u015bwiadczaj\u0105 i\u017c nie zawarli umowy przed\u015blubnej. Akt ten stawiaj\u0105cym i \u015bwiadkom przeczytany podpisany zosta\u0142. Stawaj\u0105ca tylko pisa\u0107 nie umie.<\/em><\/p>\n\n\n\n<p><strong>4.<\/strong> <strong>10 lutego 1845 r. \u2013 <\/strong>\u015bwiadectwo chrztu Anny Marianny, c\u00f3rki Adolpha Matthiasa, urodzonej w Antoniewie.<\/p>\n\n\n\n<p><strong>5.<\/strong> <strong>17 sierpnia 1845<\/strong> <strong>r.<\/strong> <strong>\u2013<\/strong> \u015bwiadectwo chrztu Maryanny J\u00f3zefy, c\u00f3rki Georga (nazywanego w Polsce Wojciechem), urodzonej w Nowosolnej.<\/p>\n\n\n\n<p><strong>6. 26 wrze\u015bnia 1845<\/strong> <strong>r.<\/strong> \u2013 \u015bwiadectwo chrztu Heleny, c\u00f3rki Valentina, urodzonej w Budach Stokowskich.<\/p>\n\n\n\n<p><strong>Rok 1843 jako rok przybycia braci do Polski potwierdza, moim zdaniem, pierwszy dokument&nbsp;z Mileszek <\/strong>\u2013 <strong>\u015bwiadectwo chrztu Sybilli z grudnia 1843 r. &#8211; kt\u00f3ry, jak mi si\u0119 wydaje, dotyczy Adolpha Mathiasa.<\/strong><\/p>\n\n\n\n<p><strong>Om\u00f3wienie aktu chrztu Sybilli Burhard:<\/strong><\/p>\n\n\n\n<p>Dnia 6 grudnia 1843 r. w parafii Mileszki odby\u0142 si\u0119 chrzest Sybilli Burhard, kt\u00f3ra przysz\u0142a na \u015bwiat&nbsp;2 grudnia tego roku.<\/p>\n\n\n\n<p class=\"has-medium-font-size\"><em>\u015awiadectwo chrztu Sybilli<\/em><\/p>\n\n\n\n<figure class=\"wp-block-image size-full\"><img loading=\"lazy\" decoding=\"async\" width=\"933\" height=\"587\" src=\"https:\/\/www.burchard.net.pl\/wp-content\/uploads\/2023\/05\/image-59.png\" alt=\"\" class=\"wp-image-176\" srcset=\"https:\/\/www.burchard.net.pl\/wp-content\/uploads\/2023\/05\/image-59.png 933w, https:\/\/www.burchard.net.pl\/wp-content\/uploads\/2023\/05\/image-59-300x189.png 300w, https:\/\/www.burchard.net.pl\/wp-content\/uploads\/2023\/05\/image-59-768x483.png 768w\" sizes=\"auto, (max-width: 933px) 100vw, 933px\" \/><\/figure>\n\n\n\n<p style=\"font-size:10px\"><em>\u0179r\u00f3d\u0142o:<\/em><\/p>\n\n\n\n<p style=\"font-size:10px\"><em>Wyniki wyszukiwania dla osoby Sybilla Burchard:<\/em> <a href=\"https:\/\/geneteka.genealodzy.pl\/index.php?op=gt&amp;lang=eng&amp;bdm=B&amp;w=05ld&amp;rid=B&amp;search_lastname=Burchard&amp;search_name=Sybilla&amp;search_lastname2=&amp;search_name2=&amp;from_date=&amp;to_date=&amp;rpp1=&amp;ordertable=\">https:\/\/geneteka.genealodzy.pl\/index.php?op=gt&amp;lang=eng&amp;bdm=B&amp;w=05ld&amp;rid=B&amp;search_lastname=Burchard&amp;search_name=Sybilla&amp;search_lastname2=&amp;search_name2=&amp;from_date=&amp;to_date=&amp;rpp1=&amp;ordertable=<\/a><\/p>\n\n\n\n<p style=\"font-size:10px\"><em>Skan:<\/em> <a href=\"https:\/\/metryki.genealodzy.pl\/index.php?op=pg&amp;ar=3&amp;zs=1589d&amp;se=&amp;sy=1843&amp;kt=1&amp;plik=118-123.jpg&amp;x=221&amp;y=133&amp;zoom=1.25\"><em>https:\/\/metryki.genealodzy.pl\/index.php?op=pg&amp;ar=3&amp;zs=1589d&amp;se=&amp;sy=1843&amp;kt=1&amp;plik=118-123.jpg&amp;x=221&amp;y=133&amp;zoom=1.25<\/em><\/a><em> (wpis nr 117, dost\u0119p 29.12.2022)<\/em><\/p>\n\n\n\n<p><\/p>\n\n\n\n<p>Tekst:<\/p>\n\n\n\n<p><em>Antoniew do Stok. Dzia\u0142o si\u0119 w Mileszkach dnia sz\u00f3stego grudnia 1843 roku, o godzinie drugiej po po\u0142udniu. Stawi\u0142 si\u0119 Antoni Burhard krawiec w Antoniewie zamieszka\u0142y, lat trzydzie\u015bci pi\u0119\u0107 maj\u0105cy, w obecno\u015bci J\u00f3zefa Kayser lat dwadzie\u015bci pi\u0119\u0107 i Jedrzeja Deryny lat trzydzie\u015bci pi\u0119\u0107 (?) sobie licz\u0105cych, obydw\u00f3ch gospodarzy w Antoniewie zamieszka\u0142ych i okaza\u0142 (okazali?) nam dziecie p\u0142ci \u017ce\u0144skiej w Antoniewie urodzone dnia drugiego bie\u017c\u0105cego miesi\u0105ca o godzinie jedenastej w nocy z jego ma\u0142\u017conki Apoloni z Tauchauner lat trzydzie\u015bci cztery maj\u0105cej. Dzieci\u0119ciu temu na chrzcie \u015bwi\u0119tym w dniu dzisiejszym odbytym nadane zosta\u0142o imie Sybilla, a rodzicami chrzestnymi byli wy\u017cej wspomniany J\u00f3zef Kayser i Sybilla Burhard\u2026<\/em><\/p>\n\n\n\n<p>Miejsce urodzenia oznaczono jako Antoniew do Stok; wyja\u015bni\u0107 nale\u017cy, \u017ce gospodarstwa w parafii by\u0142y cz\u0119sto rozrzucone i trudno je by\u0142o przypasowa\u0107 do konkretnej miejscowo\u015bci, a zatem parafi\u0119 dzielono czasem na odcinki \u2013 w tym wypadku od miejscowo\u015bci Antoniew do miejscowo\u015bci Stoki. Urodziny zg\u0142osi\u0142 ojciec, \u201eAntoni Burhard, krawiec w Antoniewie zamieszka\u0142y, lat trzydzie\u015bci pi\u0119\u0107 maj\u0105cy\u201d. Matk\u0105 by\u0142a Apolonia z Tauchanner, lat trzydzie\u015bci cztery maj\u0105ca\u201d. <strong>Rzecz jednak w tym, \u017ce akt podpisany zosta\u0142, moim zdaniem, przez Mathiasa Burkhart (albo Burkhard), a nie Antona (tak brzmia\u0142oby niemieckie imi\u0119 Antoni), a zatem by\u0107 mo\u017ce chodzi w tym wypadku o syna Baltahasara Burkharta (1780-1935), w <em>The Birkenh\u00f6rdt Project <\/em>zapisanego jako Adolph Matthias Burkhart.<\/strong><\/p>\n\n\n\n<p><em>Podpis Mathiasa Burkhard pod \u015bwiadectwem chrztu Sybilli<\/em><\/p>\n\n\n\n<figure class=\"wp-block-image size-full\"><img loading=\"lazy\" decoding=\"async\" width=\"709\" height=\"152\" src=\"https:\/\/www.burchard.net.pl\/wp-content\/uploads\/2023\/05\/image-60.png\" alt=\"\" class=\"wp-image-177\" srcset=\"https:\/\/www.burchard.net.pl\/wp-content\/uploads\/2023\/05\/image-60.png 709w, https:\/\/www.burchard.net.pl\/wp-content\/uploads\/2023\/05\/image-60-300x64.png 300w\" sizes=\"auto, (max-width: 709px) 100vw, 709px\" \/><\/figure>\n\n\n\n<p><\/p>\n\n\n\n<p>Adolph Matthias urodzi\u0142 si\u0119 w roku 1808, a wi\u0119c w 1843 mia\u0142by lat 35, co zgadza\u0142oby si\u0119 z wiekiem zapisanego w metryce Sybilli Antoniego. \u017bon\u0105 Adolpha Matthiasa by\u0142a Apollonia Dauenhauer (w akcie zapisana jako Apolonia Tauchanner), urodzona w roku 1809, a wi\u0119c w roku 1843 mia\u0142aby rzeczywi\u015bcie trzydzie\u015bci cztery lata. Jest wielce mo\u017cliwe, \u017ce z Adolpha ksi\u0105dz zrobi\u0142 Antona (Antoniego) i jest mo\u017cliwe, \u017ce do Adolpha zwracano si\u0119 powszechnie tylko drugim imieniem Matthias, i tak te\u017c si\u0119 podpisa\u0142. <strong>Doda\u0107 trzeba, \u017ce w ksi\u0119gach z Mileszek Adolph Matthias zawsze wyst\u0119puje jako Mateusz, imienia Adolf si\u0119 nie wymienia.<\/strong><\/p>\n\n\n\n<p>Miejsce urodzenia Sybilli, Antoniew, zdaje si\u0119 potwierdza\u0107 moje przypuszczenie \u2013 Adolph Matthias Burkhart na pewno mieszka\u0142 w Antoniewie w roku 1845, \u015bwiadczy o tym \u015bwiadectwo chrztu jego c\u00f3rki Anny Marianny, urodzonej w\u0142a\u015bnie w tym roku, kt\u00f3ry to akt zostanie m\u00f3wiony przy innej okazji.<\/p>\n\n\n\n<p><strong>Drug\u0105 przes\u0142ank\u0105, \u015bwiadcz\u0105c\u0105, \u017ce w wypadku omawianego \u015bwiadectwa chrztu Sybilli chodzi&nbsp;o Adolpha Matthiasa i Apolloni\u0119 Dauenhauer jest fakt, i\u017c istnieje te\u017c \u015bwiadectwo chrztu z roku 1848, m\u00f3wi\u0105ce, i\u017c 4 marca urodzi\u0142a si\u0119 w Wi\u0105czyniu G\u00f3rnym Sybilla Burhard.<\/strong> Urodziny zg\u0142osi\u0142 Mateusz Burhard \u201eKomer\u0105 [oznacza to kogo\u015b nie maj\u0105cego w\u0142asnego domu, komornika] w Wi\u0105czeniu G\u00f3rnym zamieszka\u0142y lat czterdzie\u015bci maj\u0105cy\u201d. Matk\u0105 by\u0142a Apolonia z Darnhauner (Darnhauer),&nbsp;w indeksie <em>Geneteki<\/em> Dornham, lat trzydzie\u015bci dziewi\u0119\u0107, a chrzestnymi Matius (lub Mateusz) Dauszhauner lub Danszhauner (zapewne Dauenhauer, krewny Apollonii; w Mileszkach jest te\u017c akt jego \u015blubu z Maryann\u0105 Burhard, o czym ni\u017cej) i Sybilla Burhard. Tak\u017ce w tym wypadku wiek ojca nowonarodzonej, Mateusza \u2013 40 lat \u2013 i wiek matki, Apolonii \u2013 39 lat \u2013 zgadza si\u0119 z datami ich urodzin \u2013 1808 i 1809 \u2013 podanymi w <em>The Birkenh\u00f6rdt Project.<\/em>Wiek ma\u0142\u017conk\u00f3w zgadza si\u0119 r\u00f3wnie\u017c z wiekiem podanym na dokumencie z roku 1843. Zapewne Sybilla, urodzona w roku 1843, zmar\u0142a (aktu zgonu brak) i imi\u0119 jej nadano kolejnej c\u00f3rce, urodzonej w roku 1848.<\/p>\n\n\n\n<p><\/p>\n\n\n\n<h4 class=\"wp-block-heading has-medium-font-size\"><strong>Ad. 2. Przyjazd innych cz\u0142onk\u00f3w rodziny Burkhart oraz krewnych lub powinowatych<\/strong><\/h4>\n\n\n\n<p class=\"has-medium-font-size\">Przybycie do Kr\u00f3lestwa Polskiego innych Burkhart\u00f3w \u2013 poza sze\u015bcioma bra\u0107mi wymienionymi&nbsp;w punkcie 1 \u2013 a tak\u017ce ich krewnych\/powinowatych uda\u0142o si\u0119 ustali\u0107 dzi\u0119ki \u015bwiadectwu chrztu Sybilli z roku 1843. Pomocne sta\u0142y si\u0119 nazwiska rodzic\u00f3w chrzestnych Sybilli.<\/p>\n\n\n\n<p>Chrzestnymi Sybilli Burhard\u00f3wny byli:<\/p>\n\n\n\n<p><strong>A.<\/strong> <strong>J\u00f3zef Kayser<\/strong> (na podpisie jest i, a nie y, i w og\u00f3le wygl\u0105da jak Kraiser) i<\/p>\n\n\n\n<p><strong>B.<\/strong> <strong>Sybilla Burhard.<\/strong><\/p>\n\n\n\n<p><strong>Na podstawie dokument\u00f3w, dotycz\u0105cych braci Burkhart\u00f3w, ustali\u0142am, \u017ce owa matka chrzestna Sybilla Burhard nie by\u0142a \u017con\u0105, siostr\u0105 ani c\u00f3rk\u0105 \u017cadnego z braci Burkhart\u00f3w. <\/strong>Poniewa\u017c rodzicami chrzestnymi bywali zwykle krewni lub powinowaci, nale\u017ca\u0142o si\u0119 przyjrze\u0107 im bli\u017cej.<\/p>\n\n\n\n<p class=\"has-medium-font-size\"><strong>Ad. A. J\u00f3zef Kayser<\/strong><\/p>\n\n\n\n<p>W jaki spos\u00f3b by\u0142 spokrewniony czy spowinowacony ze swoj\u0105 c\u00f3rk\u0105 chrzestn\u0105 J\u00f3zef Kayser? Jak zwykle w wypadku genealogii sprawa jest skomplikowana i trzeba przewertowa\u0107 wiele dokument\u00f3w.<\/p>\n\n\n\n<p>W parafii Mileszki znajduje si\u0119 akt \u015blubu z roku 1845 Franciszka J\u00f3zefa (Franz Joseph) Kejser<a href=\"#_ftn1\" id=\"_ftnref1\">[76]<\/a><\/p>\n\n\n\n<p>z Janowa, lat 27 (a wi\u0119c urodzonego w roku 1818), urodzonego w <em>Erfwejler<\/em>, syna Wojciecha (a wi\u0119c Georga \u2013 tu trzeba wyja\u015bni\u0107, \u017ce z niewiadomych powod\u00f3w niemieckie imi\u0119 Georg t\u0142umaczone jest na polski jako Wojciech!) i Ma\u0142gorzaty (po niemiecku: Margaretha) Cwal.<\/p>\n\n\n\n<p><em>Akt \u015blubu Franciszka J\u00f3zefa Kajzer. Uwag\u0119 zwraca podpis panny m\u0142odej!<\/em><\/p>\n\n\n\n<figure class=\"wp-block-image size-full\"><img loading=\"lazy\" decoding=\"async\" width=\"933\" height=\"797\" src=\"https:\/\/www.burchard.net.pl\/wp-content\/uploads\/2023\/05\/image-61.png\" alt=\"\" class=\"wp-image-178\" srcset=\"https:\/\/www.burchard.net.pl\/wp-content\/uploads\/2023\/05\/image-61.png 933w, https:\/\/www.burchard.net.pl\/wp-content\/uploads\/2023\/05\/image-61-300x256.png 300w, https:\/\/www.burchard.net.pl\/wp-content\/uploads\/2023\/05\/image-61-768x656.png 768w\" sizes=\"auto, (max-width: 933px) 100vw, 933px\" \/><\/figure>\n\n\n\n<p style=\"font-size:10px\"><em>\u0179r\u00f3d\u0142o:<\/em><\/p>\n\n\n\n<p style=\"font-size:10px\"><em>Wyniki wyszukiwania dla osoby Franciszek Kejser:<\/em> <a href=\"https:\/\/geneteka.genealodzy.pl\/index.php?op=gt&amp;lang=eng&amp;bdm=S&amp;w=05ld&amp;rid=S&amp;search_lastname=Kejser&amp;search_name=Franciszek&amp;search_lastname2=&amp;search_name2=&amp;from_date=&amp;to_date=\">https:\/\/geneteka.genealodzy.pl\/index.php?op=gt&amp;lang=eng&amp;bdm=S&amp;w=05ld&amp;rid=S&amp;search_lastname=Kejser&amp;search_name=Franciszek&amp;search_lastname2=&amp;search_name2=&amp;from_date=&amp;to_date=<\/a><\/p>\n\n\n\n<p style=\"font-size:10px\"><em>Skan:<\/em> <a href=\"https:\/\/metryki.genealodzy.pl\/index.php?op=pg&amp;ar=3&amp;zs=1589d&amp;se=&amp;sy=1845&amp;kt=2&amp;plik=07-10.jpg&amp;x=77&amp;y=1468&amp;zoom=1.75\"><em>https:\/\/metryki.genealodzy.pl\/index.php?op=pg&amp;ar=3&amp;zs=1589d&amp;se=&amp;sy=1845&amp;kt=2&amp;plik=07-10.jpg&amp;x=77&amp;y=1468&amp;zoom=1.75<\/em><\/a><em> (wpis nr 8, dost\u0119p 29.12.2022)<\/em><\/p>\n\n\n\n<p><\/p>\n\n\n\n<p>W <em>The Birkenh\u00f6rdt Project<\/em> znajduj\u0105 si\u0119 zapisy dotycz\u0105ce cz\u0142onk\u00f3w rodzin Kaiser i Zwalle ( niemieckie Z czyta si\u0119 jak C, wi\u0119c po polsku zrobiono z tego Cwal), a tak\u017ce ich powi\u0105za\u0144 z rodzin\u0105 Burkhart.<\/p>\n\n\n\n<p>I tak, zgodnie z danymi z <em>The Birkenh\u00f6rdt Project<\/em> ma\u0142\u017conkowie <strong>Georg Kaiser <\/strong>(zmar\u0142y w Erfweiler&nbsp;w roku 1840)i<strong> Margaretha Zwalle <\/strong>(zmar\u0142a w Erfweiler w roku 1841) mieli dwoje dzieci \u2013 to znaczy o dwojgu wiadomo. Byli to<strong> Apollonia Kaiser, <\/strong>urodzona 1837, i<strong> Johannes Kaiser<\/strong>, kt\u00f3rego data urodzenia jest nieznana<strong>.<\/strong> Bior\u0105c pod uwag\u0119 omawiany akt \u015blubu z roku 1845, wydaje si\u0119 niemal pewne, \u017ce Ma\u0142gorzata Zwalle i Georg Kaiser mieli jeszcze jednego syna, w\u0142a\u015bnie <strong>Franza Josepha<\/strong>, kt\u00f3ry w roku 1845 by\u0142 w Mileszkach panem m\u0142odym. Powinowactwo tego ostatniego z urodzon\u0105 w roku 1843 Sybill\u0105, kt\u00f3rej ojcem chrzestnym zosta\u0142, \u0142atwo by\u0142o znale\u017a\u0107 w <em>The Birkenh\u00f6rdt Project <\/em>\u2013 Apollonia Kaiser, siostra Franza Josepha, po\u015blubi\u0142a <strong>Jakoba Burkhart. A zatem Franz Joseph <\/strong>(na akcie chrztu Sybilli wymieniony jako J\u00f3zef Kayser)<strong> by\u0142 przez siostr\u0119 powinowatym Burkhart\u00f3w.<\/strong><\/p>\n\n\n\n<p class=\"has-medium-font-size\"><em>Dane potwierdzaj\u0105ce \u015blub Apollonii Kaiser z Jakobem Burkhart<\/em><\/p>\n\n\n\n<figure class=\"wp-block-image size-full\"><img loading=\"lazy\" decoding=\"async\" width=\"933\" height=\"598\" src=\"https:\/\/www.burchard.net.pl\/wp-content\/uploads\/2023\/05\/image-62.png\" alt=\"\" class=\"wp-image-179\" srcset=\"https:\/\/www.burchard.net.pl\/wp-content\/uploads\/2023\/05\/image-62.png 933w, https:\/\/www.burchard.net.pl\/wp-content\/uploads\/2023\/05\/image-62-300x192.png 300w, https:\/\/www.burchard.net.pl\/wp-content\/uploads\/2023\/05\/image-62-768x492.png 768w\" sizes=\"auto, (max-width: 933px) 100vw, 933px\" \/><\/figure>\n\n\n\n<p style=\"font-size:10px\"><em>\u0179r\u00f3d\u0142o: <\/em><a href=\"https:\/\/www.birkenhoerdt.net\/getperson.php?personID=I136324&amp;tree=1\"><em>https:\/\/www.birkenhoerdt.net\/getperson.php?personID=I136324&amp;tree=1<\/em><\/a><em> (dost\u0119p 29.12.2022)<\/em><\/p>\n\n\n\n<p><\/p>\n\n\n\n<p><em>Dane Jakoba Burkhart znajduj\u0105 si\u0119 r\u00f3wnie\u017c w The Birkenh\u00f6rdt Project<\/em><\/p>\n\n\n\n<figure class=\"wp-block-image size-full\"><img loading=\"lazy\" decoding=\"async\" width=\"933\" height=\"691\" src=\"https:\/\/www.burchard.net.pl\/wp-content\/uploads\/2023\/05\/image-63.png\" alt=\"\" class=\"wp-image-180\" srcset=\"https:\/\/www.burchard.net.pl\/wp-content\/uploads\/2023\/05\/image-63.png 933w, https:\/\/www.burchard.net.pl\/wp-content\/uploads\/2023\/05\/image-63-300x222.png 300w, https:\/\/www.burchard.net.pl\/wp-content\/uploads\/2023\/05\/image-63-768x569.png 768w\" sizes=\"auto, (max-width: 933px) 100vw, 933px\" \/><\/figure>\n\n\n\n<p style=\"font-size:10px\"><em>\u0179r\u00f3d\u0142o: <\/em><a href=\"https:\/\/www.birkenhoerdt.net\/getperson.php?personID=I136325&amp;tree=1\"><em>https:\/\/www.birkenhoerdt.net\/getperson.php?personID=I136325&amp;tree=1<\/em><\/a><em> (dost\u0119p 29.12.2022)<\/em><\/p>\n\n\n\n<p><\/p>\n\n\n\n<p>Z danych tych wynika, \u017ce <strong>Jakob<\/strong> by\u0142 on synem <strong>Georga<\/strong> (1774 Erfweiler <strong>&#8211;<\/strong> 1845 Erfweiler), kt\u00f3rego rodzic\u00f3w nie uda\u0142o si\u0119 niestety ustali\u0107, i <strong>Marii Anny Bardon<\/strong>. Jakob urodzi\u0142 si\u0119 w roku 1807, daty \u015bmierci w <em>The Birkenh\u00f6rdt Project <\/em>nie ma, a zatem mo\u017cna domniemywa\u0107, \u017ce zmar\u0142 poza Palatynatem (w Polsce?).<\/p>\n\n\n\n<p>Zwa\u017cywszy, \u017ce do Polski przyby\u0142 wy\u017cej wspomniany brat Apollonii Kaiser, Franciszek J\u00f3zef (Franz Joseph) Kaiser, mo\u017cna by\u0142o z du\u017cym prawdopodobie\u0144stwem za\u0142o\u017cy\u0107, \u017ce tak\u017ce Apollonia i jej m\u0105\u017c Jakob Burkhart przybyli z nimi.<\/p>\n\n\n\n<p>W celu sprawdzenia tej hipotezy nale\u017ca\u0142o przejrze\u0107 dok\u0142adniej zas\u00f3b dokument\u00f3w, zgromadzonych w<em> Genetece, <\/em>o czym ni\u017cej.<\/p>\n\n\n\n<p><\/p>\n\n\n\n<p class=\"has-medium-font-size\"><strong>Ad. B. Sybilla Burhard<\/strong><\/p>\n\n\n\n<p>Kim by\u0142a Sybilla Burkard, matka chrzestna Sybilli Burhard, urodzonej w roku 1843?<\/p>\n\n\n\n<p>Wyja\u015bni\u0142o si\u0119 to po odnalezieniu jej aktu \u015blubu, zawartego w roku 1848 w Mileszkach z Robertem Frank.<\/p>\n\n\n\n<p><em>Akt \u015blubu Sybilli, tu zapisanej Burkchart. Warto zauwa\u017cy\u0107, \u017ce pod aktem \u015blubu widnieje te\u017c podpis Sybilli! A wi\u0119c panna umia\u0142a si\u0119 podpisa\u0107!<\/em><\/p>\n\n\n\n<figure class=\"wp-block-image size-full\"><img loading=\"lazy\" decoding=\"async\" width=\"821\" height=\"679\" src=\"https:\/\/www.burchard.net.pl\/wp-content\/uploads\/2023\/05\/image-64.png\" alt=\"\" class=\"wp-image-181\" srcset=\"https:\/\/www.burchard.net.pl\/wp-content\/uploads\/2023\/05\/image-64.png 821w, https:\/\/www.burchard.net.pl\/wp-content\/uploads\/2023\/05\/image-64-300x248.png 300w, https:\/\/www.burchard.net.pl\/wp-content\/uploads\/2023\/05\/image-64-768x635.png 768w\" sizes=\"auto, (max-width: 821px) 100vw, 821px\" \/><\/figure>\n\n\n\n<p style=\"font-size:10px\"><em>\u0179r\u00f3d\u0142o:<\/em><\/p>\n\n\n\n<p style=\"font-size:10px\"><em>Wyniki wyszukiwania dla osoby Sybilla Burkhard:<\/em> <a href=\"https:\/\/geneteka.genealodzy.pl\/index.php?op=gt&amp;lang=eng&amp;bdm=S&amp;w=05ld&amp;rid=S&amp;search_lastname=Burkhard&amp;search_name=Sybilla&amp;search_lastname2=&amp;search_name2=&amp;from_date=&amp;to_date=\">https:\/\/geneteka.genealodzy.pl\/index.php?op=gt&amp;lang=eng&amp;bdm=S&amp;w=05ld&amp;rid=S&amp;search_lastname=Burkhard&amp;search_name=Sybilla&amp;search_lastname2=&amp;search_name2=&amp;from_date=&amp;to_date=<\/a><\/p>\n\n\n\n<p style=\"font-size:10px\"><em>Skan:<\/em> <a href=\"https:\/\/metryki.genealodzy.pl\/index.php?op=pg&amp;ar=3&amp;zs=1589d&amp;se=&amp;sy=1848&amp;kt=2&amp;plik=15-18.jpg&amp;x=1106&amp;y=1540&amp;zoom=1.5\"><em>https:\/\/metryki.genealodzy.pl\/index.php?op=pg&amp;ar=3&amp;zs=1589d&amp;se=&amp;sy=1848&amp;kt=2&amp;plik=15-18.jpg&amp;x=1106&amp;y=1540&amp;zoom=1.5<\/em><\/a><em> (wpis nr 18, dost\u0119p 29.12.2022)<\/em><\/p>\n\n\n\n<p><\/p>\n\n\n\n<p>W akcie \u015blubu panna m\u0142oda opisana jest jako Sybilla Burkchart, lat 21 (a wi\u0119c urodzona w 1827 r.), przysz\u0142a na \u015bwiat w <strong>Erfweiler<\/strong>, by\u0142a c\u00f3rk\u0105 <strong>Wojciecha (Georga) Burkchart,<\/strong> gospodarza z Wi\u0105czynia G\u00f3rnego, i <strong>Katarzyny <\/strong>(bez podania nazwiska panie\u0144skiego).<\/p>\n\n\n\n<p>Pod dokumentem podpis\u2026 <strong>Jakoba Burkhart!<\/strong> <strong>Jest on wymieniony w\u015br\u00f3d \u015bwiadk\u00f3w jako stryj Sybilli, Jakob Burhard<\/strong>, lat 40, gospodarz z kolonii Nery.<\/p>\n\n\n\n<p>Jakob Burkhart, o kt\u00f3rym wspomniano wy\u017cej, m\u0105\u017c Apollonii Kaiser, urodzi\u0142 si\u0119 wed\u0142ug <em>The Birkenh\u00f6rdt Project<\/em> w roku 1807, a wi\u0119c wiek jego zgadza\u0142by si\u0119 z wiekiem Jakuba, stryja Sybilli.&nbsp;<strong>A zatem moje przypuszczenie, \u017ce Jakob Burhart przyby\u0142 do Polski, potwierdzi\u0142o si\u0119!<\/strong><\/p>\n\n\n\n<p>Zwa\u017cywszy, \u017ce z danych z <em>The Birkenh\u00f6rdt Project<\/em> wynika, \u017ce Jakob by\u0142<strong> synem Georga Burkhart (1774-1845) z Erfweiler i Marii Anny Bardon<\/strong>, nietrudno wnioskowa\u0107,<strong> \u017ce ojciec Sybilli Georg, brat Jakoba, \u017conaty z Katarzyn\u0105, by\u0142 tak\u017ce synem Georga Burkhart (1774-1845) z Erfweiler i Marii Anny Bardon.<\/strong><\/p>\n\n\n\n<p><strong>A zatem mieliby\u015bmy ju\u017c w Polsce w latach czterdziestych trzech Burkhart\u00f3w, nieb\u0119d\u0105cych bezpo\u015brednimi wst\u0119pnymi lub zst\u0119pnymi braci Burkhart\u00f3w: 1. Sybill\u0119, urodzon\u0105 w Erfweiler&nbsp;w roku 1827, 2. jej ojca Wojciecha (Georga), \u017conatego z bli\u017cej nieznan\u0105 Katarzyn\u0105, 3. brata Georga, Jakoba, urodzonego w roku 1807, \u017conatego od roku 1837 z Apolloni\u0105 Kaiser.<\/strong><\/p>\n\n\n\n<p>W <em>Genetece<\/em> znajduj\u0105 si\u0119 akty chrztu <strong>kolejnych Burkhart\u00f3w<\/strong>, <strong>dzieci Jakoba i Apolonii:<\/strong><\/p>\n\n\n\n<p><strong>1. Jan<\/strong> (1 IX 1845 Jan\u00f3w <strong>&#8211;<\/strong> ?). Ojciec okre\u015blony jako Burkard, gospodarz z Janowa. Chrzestny: Wal\u0119ty (sic!) Burkard.<\/p>\n\n\n\n<p><strong>2. Anna Maryanna <\/strong>(24 IX 1846 Jan\u00f3w <strong>&#8211;<\/strong> 1849 Wi\u0105czy\u0144 G\u00f3rny). Ojciec okre\u015blony jako okupnik (ch\u0142op op\u0142acaj\u0105cy okup, czyli czynsz, dzier\u017cawca). \u015awiadkiem by\u0142 Wojciech Burchard, lat 49, <em>kollonista<\/em>.<\/p>\n\n\n\n<p><em>Akt chrztu Anny Maryanny<\/em><\/p>\n\n\n\n<figure class=\"wp-block-image size-full\"><img loading=\"lazy\" decoding=\"async\" width=\"750\" height=\"401\" src=\"https:\/\/www.burchard.net.pl\/wp-content\/uploads\/2023\/05\/image-65.png\" alt=\"\" class=\"wp-image-182\" srcset=\"https:\/\/www.burchard.net.pl\/wp-content\/uploads\/2023\/05\/image-65.png 750w, https:\/\/www.burchard.net.pl\/wp-content\/uploads\/2023\/05\/image-65-300x160.png 300w\" sizes=\"auto, (max-width: 750px) 100vw, 750px\" \/><\/figure>\n\n\n\n<p style=\"font-size:10px\"><em>\u0179r\u00f3d\u0142o:<\/em><\/p>\n\n\n\n<p style=\"font-size:10px\"><em>Wyniki wyszukiwania dla osoby Anna Burkart:<\/em> <a href=\"https:\/\/geneteka.genealodzy.pl\/index.php?op=gt&amp;lang=eng&amp;bdm=B&amp;w=05ld&amp;rid=B&amp;search_lastname=Burkart&amp;search_name=Anna&amp;search_lastname2=&amp;search_name2=&amp;from_date=&amp;to_date=\">https:\/\/geneteka.genealodzy.pl\/index.php?op=gt&amp;lang=eng&amp;bdm=B&amp;w=05ld&amp;rid=B&amp;search_lastname=Burkart&amp;search_name=Anna&amp;search_lastname2=&amp;search_name2=&amp;from_date=&amp;to_date=<\/a><\/p>\n\n\n\n<p style=\"font-size:10px\"><em>Skan:<\/em> <a href=\"https:\/\/metryki.genealodzy.pl\/index.php?op=pg&amp;ar=3&amp;zs=1589d&amp;se=&amp;sy=1846&amp;kt=1&amp;plik=093-100.jpg&amp;x=53&amp;y=1788&amp;zoom=1.25\"><em>https:\/\/metryki.genealodzy.pl\/index.php?op=pg&amp;ar=3&amp;zs=1589d&amp;se=&amp;sy=1846&amp;kt=1&amp;plik=093-100.jpg&amp;x=53&amp;y=1788&amp;zoom=1.25<\/em><\/a><em> (wpis nr 96, dost\u0119p 29.12.2022)<\/em><\/p>\n\n\n\n<p><\/p>\n\n\n\n<p>Pod aktem podpis ojca Anny Marianny, Jakuba oraz \u015bwiadka Georga (spolszczonego na Wojciecha) Burkhart.<\/p>\n\n\n\n<p><strong>Apolonia Burkhart, z domu Kaiser,<\/strong> zmar\u0142a w Janowie 11 lutego 1847 r., maj\u0105c 38 lat, nieca\u0142e pi\u0119\u0107 miesi\u0119cy po narodzinach c\u00f3rki.<\/p>\n\n\n\n<p><em>Akt zgonu Apolonii Burkhart<\/em><\/p>\n\n\n\n<figure class=\"wp-block-image size-full\"><img loading=\"lazy\" decoding=\"async\" width=\"933\" height=\"278\" src=\"https:\/\/www.burchard.net.pl\/wp-content\/uploads\/2023\/05\/image-66.png\" alt=\"\" class=\"wp-image-183\" srcset=\"https:\/\/www.burchard.net.pl\/wp-content\/uploads\/2023\/05\/image-66.png 933w, https:\/\/www.burchard.net.pl\/wp-content\/uploads\/2023\/05\/image-66-300x89.png 300w, https:\/\/www.burchard.net.pl\/wp-content\/uploads\/2023\/05\/image-66-768x229.png 768w\" sizes=\"auto, (max-width: 933px) 100vw, 933px\" \/><\/figure>\n\n\n\n<p style=\"font-size:10px\"><em>\u0179r\u00f3d\u0142o:<\/em><\/p>\n\n\n\n<p style=\"font-size:10px\"><em>Wyniki wyszukiwania dla osoby Apolonia Burkard:<\/em> <a href=\"https:\/\/geneteka.genealodzy.pl\/index.php?op=gt&amp;lang=eng&amp;bdm=D&amp;w=05ld&amp;rid=D&amp;search_lastname=Burkard&amp;search_name=Apolonia&amp;search_lastname2=&amp;search_name2=&amp;from_date=&amp;to_date=\">https:\/\/geneteka.genealodzy.pl\/index.php?op=gt&amp;lang=eng&amp;bdm=D&amp;w=05ld&amp;rid=D&amp;search_lastname=Burkard&amp;search_name=Apolonia&amp;search_lastname2=&amp;search_name2=&amp;from_date=&amp;to_date=<\/a><\/p>\n\n\n\n<p style=\"font-size:10px\"><em>Skan:<\/em> <a href=\"https:\/\/metryki.genealodzy.pl\/index.php?op=pg&amp;ar=3&amp;zs=1589d&amp;se=&amp;sy=1847&amp;kt=3&amp;plik=06-15.jpg&amp;x=51&amp;y=1556&amp;zoom=1.25\"><em>https:\/\/metryki.genealodzy.pl\/index.php?op=pg&amp;ar=3&amp;zs=1589d&amp;se=&amp;sy=1847&amp;kt=3&amp;plik=06-15.jpg&amp;x=51&amp;y=1556&amp;zoom=1.25<\/em><\/a><em> (wpis nr 9, dost\u0119p 29.12.2022)<\/em><\/p>\n\n\n\n<p><\/p>\n\n\n\n<p><strong>Jakub Burhard, <\/strong>syn Wojciecha i Marjanny Anny z Burton\u00f3w (w\u0142a\u015bciwe imiona i nazwiska: Georg Burkhart i Maria Anna Bardon), zamieszka\u0142y na gospodarstwie w kolonii Nery, 7 wrze\u015bnia 1847 roku po\u015blubi\u0142<strong> Helen\u0119 Keller, <\/strong>lat 22 (a wi\u0119c urodzon\u0105 w roku 1825),c\u00f3rk\u0119 Kacpra i Chrystyny Burhary\/ Burbarys (w <em>Genetece<\/em> nazwisko odczytano jako Barbar), ale mo\u017ce chodzi o imi\u0119 Christina Barbara,&nbsp;a mo\u017ce o Chrystyn\u0119 Burkhart, urodzon\u0105 w Herrdhausen (chodzi o Harthausen, 55 km od Erfweiler)&nbsp;w Kraju Bawarskim, zamieszka\u0142\u0105 przy rodzicach w Wi\u0105czyniu G\u00f3rnym.<\/p>\n\n\n\n<p><em>Akt \u015blubu Jakuba i Heleny<\/em><\/p>\n\n\n\n<figure class=\"wp-block-image size-full\"><img loading=\"lazy\" decoding=\"async\" width=\"933\" height=\"831\" src=\"https:\/\/www.burchard.net.pl\/wp-content\/uploads\/2023\/05\/image-67.png\" alt=\"\" class=\"wp-image-184\" srcset=\"https:\/\/www.burchard.net.pl\/wp-content\/uploads\/2023\/05\/image-67.png 933w, https:\/\/www.burchard.net.pl\/wp-content\/uploads\/2023\/05\/image-67-300x267.png 300w, https:\/\/www.burchard.net.pl\/wp-content\/uploads\/2023\/05\/image-67-768x684.png 768w\" sizes=\"auto, (max-width: 933px) 100vw, 933px\" \/><\/figure>\n\n\n\n<p style=\"font-size:10px\"><em>\u0179r\u00f3d\u0142o:<\/em><\/p>\n\n\n\n<p style=\"font-size:10px\"><em>Wyniki wyszukiwania dla osoby Jakub Burkchard:<\/em> <a href=\"https:\/\/geneteka.genealodzy.pl\/index.php?op=gt&amp;lang=eng&amp;bdm=S&amp;w=05ld&amp;rid=S&amp;search_lastname=Burkchard&amp;search_name=Jakub&amp;search_lastname2=&amp;search_name2=&amp;from_date=&amp;to_date=\">https:\/\/geneteka.genealodzy.pl\/index.php?op=gt&amp;lang=eng&amp;bdm=S&amp;w=05ld&amp;rid=S&amp;search_lastname=Burkchard&amp;search_name=Jakub&amp;search_lastname2=&amp;search_name2=&amp;from_date=&amp;to_date=<\/a><\/p>\n\n\n\n<p style=\"font-size:10px\"><em>Skan:<\/em> <a href=\"https:\/\/metryki.genealodzy.pl\/index.php?op=pg&amp;ar=3&amp;zs=1589d&amp;se=&amp;sy=1847&amp;kt=2&amp;plik=11-14.jpg&amp;x=0&amp;y=0&amp;zoom=2\"><em>https:\/\/metryki.genealodzy.pl\/index.php?op=pg&amp;ar=3&amp;zs=1589d&amp;se=&amp;sy=1847&amp;kt=2&amp;plik=11-14.jpg&amp;x=0&amp;y=0&amp;zoom=2<\/em><\/a><em> (wpis nr 11, dost\u0119p 29.12.2022)<\/em><\/p>\n\n\n\n<p><\/p>\n\n\n\n<p><strong>Helena Burchard, z domu Keller<\/strong> zmar\u0142a w Wi\u0105czyniu jako wdowa, w roku 1909. Zapisano, \u017ce mia\u0142a 83 lata. Z aktu zgonu Heleny wynika, \u017ce Jakub zmar\u0142 przed rokiem 1909.<\/p>\n\n\n\n<p><strong>Ze zwi\u0105zku Jakuba (1807 &#8211; mi\u0119dzy 1847 a 1909) i Heleny znane s\u0105 dzieci:<\/strong><\/p>\n\n\n\n<p><strong>1. Frydrych <\/strong>(14&nbsp;III 1848 Wi\u0105czy\u0144 G\u00f3rny <strong>&#8211;<\/strong> 1849 Wi\u0105czy\u0144 G\u00f3rny)<\/p>\n\n\n\n<p><strong>2. Katarzyna zam\u0119\u017cna Fiks <\/strong>(11 V 1850 Wi\u0105czy\u0144 G\u00f3rny <strong>&#8211;<\/strong> 1873 Pabianice, parafia \u015bw. Mateusza). W roku 1870 po\u015blubi\u0142a <strong>Jakuba Fiks<\/strong>, syna Fryderyka i Konstancji Morawskiej.<\/p>\n\n\n\n<p><strong>3. Jakub<\/strong> (1852 <strong>&#8211;<\/strong> 1873 Wi\u0105czy\u0144 G\u00f3rny)<\/p>\n\n\n\n<p><strong>4. Chrystyna po m\u0119\u017cu \u0141uczy\u0144ska <\/strong>(28 IX 1855 Wi\u0105czy\u0144 G\u00f3rny <strong>&#8211;<\/strong> ?). W roku 1875 po\u015blubi\u0142a <strong>Micha\u0142a \u0141uczy\u0144skiego<\/strong>, syna Andrzeja i Anny Adamczewskiej.<\/p>\n\n\n\n<p>W parafii Mileszki znalaz\u0142am akt chrztu Mateusza Burkart, urodzonego 21 stycznia 1861 r. w Wi\u0105czyniu G\u00f3rnym. Rodzicami jego byli Jan Burkart, lat 22 (a wi\u0119c rocznik 1839), wyrobnik, i Barbara, kt\u00f3rej nazwisko w <em>Genetece<\/em> zapisane jest jako Derschl\u00f3wna, a akcie chrztu \u201ez Derschl\u00f3w? z Durszt\u00f3w? z Dorszt\u00f3w?\u201d, lat 22.<\/p>\n\n\n\n<p><em>Akt chrztu Mateusza Burkart<\/em><\/p>\n\n\n\n<figure class=\"wp-block-image size-full\"><img loading=\"lazy\" decoding=\"async\" width=\"933\" height=\"425\" src=\"https:\/\/www.burchard.net.pl\/wp-content\/uploads\/2023\/05\/image-68.png\" alt=\"\" class=\"wp-image-185\" srcset=\"https:\/\/www.burchard.net.pl\/wp-content\/uploads\/2023\/05\/image-68.png 933w, https:\/\/www.burchard.net.pl\/wp-content\/uploads\/2023\/05\/image-68-300x137.png 300w, https:\/\/www.burchard.net.pl\/wp-content\/uploads\/2023\/05\/image-68-768x350.png 768w\" sizes=\"auto, (max-width: 933px) 100vw, 933px\" \/><\/figure>\n\n\n\n<p style=\"font-size:10px\"><em>\u0179r\u00f3d\u0142o:<\/em><\/p>\n\n\n\n<p style=\"font-size:10px\"><em>Wyniki wyszukiwania dla osoby Mateusz Burkart:<\/em> <a href=\"https:\/\/geneteka.genealodzy.pl\/index.php?op=gt&amp;lang=eng&amp;bdm=B&amp;w=05ld&amp;rid=B&amp;search_lastname=Burkart&amp;search_name=Mateusz&amp;search_lastname2=&amp;search_name2=&amp;from_date=&amp;to_date=&amp;rpp1=&amp;ordertable=\">https:\/\/geneteka.genealodzy.pl\/index.php?op=gt&amp;lang=eng&amp;bdm=B&amp;w=05ld&amp;rid=B&amp;search_lastname=Burkart&amp;search_name=Mateusz&amp;search_lastname2=&amp;search_name2=&amp;from_date=&amp;to_date=&amp;rpp1=&amp;ordertable=<\/a><\/p>\n\n\n\n<p style=\"font-size:10px\"><em>Skan:<\/em> <a href=\"https:\/\/metryki.genealodzy.pl\/index.php?op=pg&amp;ar=3&amp;zs=1589d&amp;se=&amp;sy=1861&amp;kt=1&amp;plik=005-012.jpg&amp;x=23&amp;y=1690&amp;zoom=1.25\"><em>https:\/\/metryki.genealodzy.pl\/index.php?op=pg&amp;ar=3&amp;zs=1589d&amp;se=&amp;sy=1861&amp;kt=1&amp;plik=005-012.jpg&amp;x=23&amp;y=1690&amp;zoom=1.25<\/em><\/a><em> (wpis nr 8, dost\u0119p 29.12.2022)<\/em><\/p>\n\n\n\n<p><\/p>\n\n\n\n<p>Ta rodzina nie jest mi znana. Jan, sadz\u0105c z roku urodzenia, przyszed\u0142 na \u015bwiat jeszcze w Palatynacie. Pocz\u0105tkowo sadzi\u0142am, \u017ce chodzi o Johannesa, urodzonego w roku 1840, syna J\u00f3zefa i Barbary Flory. Ten Johannes o\u017ceni\u0142 si\u0119 w roku 1866 z Magdalen\u0105 Szmelich. Mo\u017cna jednak by\u0142o przyj\u0105\u0107, i\u017c to jego druga \u017cona, a pierwsz\u0105 by\u0142a Barbara Derschl\u00f3wna, i to ich synem jest wy\u017cej wymieniony Mateusz. Jednak\u017ce w <em>Genetece<\/em> znajduj\u0105 si\u0119 jeszcze dzieci Jana Burchard i Barbary Durszt, urodzone w Kr\u00f3lowej Woli, w parafii Innow\u0142\u00f3dz. I tak w roku 1869 urodzi\u0142 si\u0119 Jan (w 1898 r. w \u0141odzi, parafii \u015bw. Krzy\u017ca, po\u015blubi\u0142 Id\u0119 Gabler, c\u00f3rk\u0119 Juliusza i Pauliny Ritter), w roku 1871 Florian (w roku 1901 \u015blub w \u0141odzi, w parafii NMP, z Emili\u0105 Krischke, c\u00f3rk\u0105 Wilhelma i Heleny Libsch) i w roku 1873 El\u017cbieta (w roku 1903 po\u015blubi\u0142a w \u0141odzi, w parafii \u015bw. Krzy\u017ca, J\u00f3zefa Przybysz, syna Franciszka i Ewy W\u00f3jcik). Wnioskuj\u0119 z tego, \u017ce mog\u0142o to by\u0107 rodze\u0144stwo omawianego Mateusza. A zatem Mateusz nie m\u00f3g\u0142 by\u0107 wnukiem J\u00f3zefa i Barbary Flory. Zwa\u017cywszy, \u017ce Mateusz urodzi\u0142 si\u0119 w Wi\u0105czyniu G\u00f3rnym, mateczniku, rzec by mo\u017cna, Burkhart\u00f3w, na pewno by\u0142 z rodziny. Wskazuj\u0105 te\u017c na to osoby wymienione w akcie chrztu. I tak \u015bwiadkiem by\u0142 Marcin Burkhart, <em>kolonista z Wi\u0105czenia<\/em>, lat 40 \u2013 chodzi najprawdopodobniej o mojego prapradziadka, chocia\u017c ten urodzi\u0142 si\u0119 w roku 1818. Chrzestnymi byli Sybilla Frank (c\u00f3rka Georga\/Wojciecha Burkhart, 1794 <strong>&#8211;<\/strong> po 1858) i Mateusz Dauenhauer, szwagier Sybilli, m\u0105\u017c jej siostry Marii Anny (Marianny). St\u0105d przypuszczam, \u017ce ojciec omawianego Mateusza, Jan, m\u00f3g\u0142 by\u0107 nieznanym mi synem Georga\/Wojciecha Burkhart&nbsp;(1794 <strong>&#8211;<\/strong> po 1858) i Kathariny K\u00f6hler.<\/p>\n\n\n\n<p>Je\u015bli chodzi o Barbar\u0119 Durszt, nie ma \u017cadnych danych na jej temat. Natomiast w Kr\u00f3lowej Woli rodzi\u0142y si\u0119 te\u017c dzieci Marianny Durszt i Piotra Mincer, kt\u00f3rzy wzi\u0119li \u015blub w roku 1864. Marianna w akcie \u015blubu okre\u015blona jest jako c\u00f3rka Paw\u0142a i El\u017cbiety Anders. W <em>Genetece<\/em> jest jej akt chrztu z parafii Kurowice. Urodzi\u0142a si\u0119 w roku 1845 w Bukowcu, jako c\u00f3rka Paw\u0142a i El\u017cbiety Enders. Wszystkie wymienione w zwi\u0105zku z Mariann\u0105 miejscowo\u015bci oraz nazwisko rodowe jej matki pojawiaj\u0105 si\u0119 w historii Burkhart\u00f3w. St\u0105d wnioskuj\u0119, \u017ce Barbara, \u017cona Jana Burkhart, by\u0142a c\u00f3rk\u0105 Paw\u0142a Durszt i El\u017cbiety Anders\/Enders.<\/p>\n\n\n\n<p><strong>Wracaj\u0105c do Sybilli, urodzonej 1827:<\/strong><\/p>\n\n\n\n<p>Zwa\u017cywszy, \u017ce rodzice Sybilli \u2013 Georg\/Wojciech Burkchart i Katarzyna \u2013 wymienieni s\u0105 na jej akcie \u015blubu z roku 1848 jako gospodarze mieszkaj\u0105cy w <em>Wi\u0105czeniu<\/em>, nale\u017ca\u0142o si\u0119 nimi zaj\u0105\u0107 bli\u017cej. Pomocne&nbsp;w ustaleniu nazwiska rodowego matki Sybilli, Katarzyny, by\u0142o znalezienie w <em>Genetece<\/em> \u015bwiadectwa \u015blubu z roku 1852 <strong>Walentego Burkart<\/strong> z Wi\u0105czynia G\u00f3rnego, lat 23 (a wi\u0119c urodzonego w roku 1829), urodzonego <strong>w Erfweiler<\/strong>, syna <strong>Wojciecha (Georga) i Katarzyny (Kathariny) K\u00f6hler \u2013 <\/strong>wyj\u0105tkowo w tym wypadku ksi\u0105dz zapisa\u0142 nazwisko bezb\u0142\u0119dnie, brawo! Walenty po\u015blubi\u0142 <strong>Katarzyn\u0119 Dauenhauer, <\/strong>lat 24, urodzon\u0105 w Schindhard, c\u00f3rk\u0119 <strong>Balcera\/Balthasara Dauenhauer i Ma\u0142gorzaty\/Margarethy <\/strong>bez podania nazwiska panie\u0144skiego.<\/p>\n\n\n\n<p><strong>Walenty jest to ju\u017c czwarty Burkhart w Polsce, kt\u00f3ry by\u0142 mi nieznany, nie maj\u0105cy bezpo\u015bredniego powiazania z bra\u0107mi Burkhartami.<\/strong><strong><\/strong><\/p>\n\n\n\n<p><em>Akt \u015blubu Walentego Burkart<\/em><\/p>\n\n\n\n<figure class=\"wp-block-image size-full\"><img loading=\"lazy\" decoding=\"async\" width=\"909\" height=\"682\" src=\"https:\/\/www.burchard.net.pl\/wp-content\/uploads\/2023\/05\/image-69.png\" alt=\"\" class=\"wp-image-186\" srcset=\"https:\/\/www.burchard.net.pl\/wp-content\/uploads\/2023\/05\/image-69.png 909w, https:\/\/www.burchard.net.pl\/wp-content\/uploads\/2023\/05\/image-69-300x225.png 300w, https:\/\/www.burchard.net.pl\/wp-content\/uploads\/2023\/05\/image-69-768x576.png 768w\" sizes=\"auto, (max-width: 909px) 100vw, 909px\" \/><\/figure>\n\n\n\n<p style=\"font-size:10px\"><em>\u0179r\u00f3d\u0142o:<\/em><\/p>\n\n\n\n<p style=\"font-size:10px\"><em>Wyniki wyszukiwania dla osoby Walenty Burkart:<\/em> <a href=\"https:\/\/geneteka.genealodzy.pl\/index.php?op=gt&amp;lang=eng&amp;bdm=S&amp;w=05ld&amp;rid=S&amp;search_lastname=Burkart&amp;search_name=Walenty&amp;search_lastname2=&amp;search_name2=&amp;from_date=&amp;to_date=&amp;rpp1=&amp;ordertable=\">https:\/\/geneteka.genealodzy.pl\/index.php?op=gt&amp;lang=eng&amp;bdm=S&amp;w=05ld&amp;rid=S&amp;search_lastname=Burkart&amp;search_name=Walenty&amp;search_lastname2=&amp;search_name2=&amp;from_date=&amp;to_date=&amp;rpp1=&amp;ordertable=<\/a><\/p>\n\n\n\n<p style=\"font-size:10px\"><em>Skan:<\/em> <a href=\"https:\/\/metryki.genealodzy.pl\/index.php?op=pg&amp;ar=3&amp;zs=1589d&amp;se=&amp;sy=204&amp;kt=27&amp;plik=016-021.jpg&amp;x=1083&amp;y=1500&amp;zoom=1.5\"><em>https:\/\/metryki.genealodzy.pl\/index.php?op=pg&amp;ar=3&amp;zs=1589d&amp;se=&amp;sy=204&amp;kt=27&amp;plik=016-021.jpg&amp;x=1083&amp;y=1500&amp;zoom=1.5<\/em><\/a><em> (wpis nr 21, dost\u0119p 29.12.2022)<\/em><\/p>\n\n\n\n<p><\/p>\n\n\n\n<p>Na akcie dwa podpisy Valentin Burkhart \u2013 jeden (wy\u017cej) zapewne pana m\u0142odego, drugi brata mojego prapradziadka, Valentina Burkhart, \u201egospodarza z Nowosolny\u201d.<\/p>\n\n\n\n<p>Zwa\u017cywszy na rok urodzenia wspomnianego wy\u017cej Walentego \u2013 1829 \u2013 i na imiona rodzic\u00f3w: <strong>Georg i Katarzyna K\u00f6hler<\/strong>, uzna\u0107 nale\u017cy, \u017ce Walenty by\u0142 bratem Sybilli, urodzonej w roku 1827.<\/p>\n\n\n\n<p>W <em>The Birkenh\u00f6rdt Project<\/em> znajdujemy dane <strong>Katarzyny (Kathariny) K\u00f6hler, zam\u0119\u017cnej za Georgiem Burkhart.<\/strong><\/p>\n\n\n\n<p><em>Dane genealogiczne Kathariny K\u00f6hler<\/em><\/p>\n\n\n\n<figure class=\"wp-block-image size-full\"><img loading=\"lazy\" decoding=\"async\" width=\"933\" height=\"570\" src=\"https:\/\/www.burchard.net.pl\/wp-content\/uploads\/2023\/05\/image-71.png\" alt=\"\" class=\"wp-image-188\" srcset=\"https:\/\/www.burchard.net.pl\/wp-content\/uploads\/2023\/05\/image-71.png 933w, https:\/\/www.burchard.net.pl\/wp-content\/uploads\/2023\/05\/image-71-300x183.png 300w, https:\/\/www.burchard.net.pl\/wp-content\/uploads\/2023\/05\/image-71-768x469.png 768w\" sizes=\"auto, (max-width: 933px) 100vw, 933px\" \/><\/figure>\n\n\n\n<p style=\"font-size:10px\"><em>\u0179r\u00f3d\u0142o: <\/em><a href=\"https:\/\/www.birkenhoerdt.net\/getperson.php?personID=I93264&amp;tree=1\"><em>https:\/\/www.birkenhoerdt.net\/getperson.php?personID=I93264&amp;tree=1<\/em><\/a><em> (dost\u0119p 29.12.2022)<\/em><\/p>\n\n\n\n<p><\/p>\n\n\n\n<p>Z danych tych wynika, \u017ce m\u0105\u017c Katheriny, Georg Burkhart, urodzi\u0142 si\u0119 w Erfweiler w roku 1794. Zaznaczy\u0107 trzeba, \u017ce, nie zmar\u0142 on w Erfweiler, jak to zapisano, ale w Polsce \u2013 Georg zawar\u0142 tu drugi zwi\u0105zek ma\u0142\u017ce\u0144ski w roku 1858, a wi\u0119c zmar\u0142 po tej dacie.<\/p>\n\n\n\n<p>W tym momencie warto zwr\u00f3ci\u0107 uwag\u0119, \u017ce Katharina K\u00f6hler po\u015blubi\u0142a krewniaka, bo matk\u0105 jej by\u0142a <strong>Katharina Burkhart<\/strong>.<\/p>\n\n\n\n<p><strong>Katharina Burkhart<\/strong> (1773<strong>&#8211;<\/strong>1817), matka Kathariny K\u00f6hler, urodzonej w 1892 roku, zgodnie z <em>The Birkenh\u00f6rdt Project <\/em>by\u0142a c\u00f3rk\u0105 Johannesa Georga Burkharta (1743 <strong>&#8211;<\/strong> ?). Ten z kolei by\u0142 synem Valentina, a wnukiem Bartholom\u00e4usa, potomk\u00f3w Johannesa Sebastiana (1590<strong>&#8211;<\/strong>1654). Matk\u0105 <strong>Kathariny Burkhart<\/strong> by\u0142a Apollonia Schehl (1753<strong>&#8211;<\/strong>1817), po kt\u00f3rej zapewne imi\u0119 sz\u0142o z pokolenia na pokolenie.<\/p>\n\n\n\n<p>Johannes Georg Burkhart i Apollonia Schehl byli tak\u017ce moimi bezpo\u015brednimi przodkami jako rodzice Balthasara (1780-1835); Katharina Burkhart (1773<strong>&#8211;<\/strong>1817) by\u0142a siostr\u0105 Balthasara, a ciotk\u0105 mojego prapradziadka Martina.<\/p>\n\n\n\n<p><em>Dane genealogiczne Kathariny Burkhart, matki Kathariny K\u00f6hler<\/em><\/p>\n\n\n\n<figure class=\"wp-block-image size-full\"><img loading=\"lazy\" decoding=\"async\" width=\"933\" height=\"697\" src=\"https:\/\/www.burchard.net.pl\/wp-content\/uploads\/2023\/05\/image-72.png\" alt=\"\" class=\"wp-image-189\" srcset=\"https:\/\/www.burchard.net.pl\/wp-content\/uploads\/2023\/05\/image-72.png 933w, https:\/\/www.burchard.net.pl\/wp-content\/uploads\/2023\/05\/image-72-300x224.png 300w, https:\/\/www.burchard.net.pl\/wp-content\/uploads\/2023\/05\/image-72-768x574.png 768w\" sizes=\"auto, (max-width: 933px) 100vw, 933px\" \/><\/figure>\n\n\n\n<p style=\"font-size:10px\"><em>\u0179r\u00f3d\u0142o: <\/em><a href=\"https:\/\/www.birkenhoerdt.net\/getperson.php?personID=I76898&amp;tree=1\"><em>https:\/\/www.birkenhoerdt.net\/getperson.php?personID=I76898&amp;tree=1<\/em><\/a><em> (dost\u0119p 29.12.2022)<\/em><\/p>\n\n\n\n<p><\/p>\n\n\n\n<p><strong>Katharina z K\u00f6hler\u00f3w Burkhart<\/strong> zmar\u0142a w maju roku 1852 \u2013 tak zapisano w akcie drugiego \u015blubu jej m\u0119\u017ca Georga, o czym ni\u017cej \u2013 a wi\u0119c \u017cy\u0142a lat 60.<\/p>\n\n\n\n<p>Jak wida\u0107 z powy\u017cszych danych, siostra Kathariny K\u00f6hler, Barbara, wyemigrowa\u0142a do USA! \u017by\u0142a lat 88.<\/p>\n\n\n\n<p><strong>Niestety, po zestawieniu kilku wiadomo\u015bci z dokument\u00f3w z zasob\u00f3w <em>Geneteki<\/em>, dotycz\u0105cych omawianej ga\u0142\u0119zi rodziny Burkhart\u00f3w, sprawa zaczyna si\u0119 komplikowa\u0107.<\/strong><\/p>\n\n\n\n<p><strong>I tak:<\/strong><\/p>\n\n\n\n<p>1. Z aktu \u015blubu Sybilli Burkchart z roku 1848 wynika, \u017ce <strong>Jakob i Georg<\/strong> byli bra\u0107mi.<\/p>\n\n\n\n<p>2. Zgodnie z <em>The Birkenh\u00f6rdt Project<\/em> ustalono, \u017ce<strong> Jakob<\/strong> Burkhart, urodzony w roku 1907 w Erfweiler, by\u0142 synem <strong>Georga<\/strong> <strong>Burkhart <\/strong>(1774 Erfweiler <strong>&#8211;<\/strong> 1845 Erfweiler) i <strong>Marii Anny Bardon <\/strong>(? <strong>&#8211;<\/strong> 1825). Te same dane o rodzicach Jakob poda\u0142 zawieraj\u0105c w Mileszkach w roku 1847 drugi zwi\u0105zek ma\u0142\u017ce\u0144ski z Helen\u0105 Keller.<\/p>\n\n\n\n<p>3. Zgodnie z <em>The Birkenh\u00f6rdt Project<\/em> ustalono, \u017ce<strong> Georg<\/strong> Burkhart, m\u0105\u017c Kathariny K\u00f6hler, urodzi\u0142 si\u0119 w roku <strong>1794<\/strong> w Erfweiler.<\/p>\n\n\n\n<p>4. Z danych genealogicznych, zawartych w <em>The Birkenh\u00f6rdt Project<\/em>, a dotycz\u0105cych<strong> Georga<\/strong>, urodzonego w roku <strong>1794<\/strong>, wynika, \u017ce by\u0142 on synem <strong>Georga Johanna Burkhart<\/strong> (1770 <strong>&#8211;<\/strong> ?) i Sybilli Ehrhard (1762<strong>&#8211;<\/strong>1805). Te same dane o rodzicach Georg poda\u0142 zawieraj\u0105c drugi zwi\u0105zek ma\u0142\u017ce\u0144ski w Mileszkach w roku 1858 z Mariann\u0105 wdow\u0105 Hauk (akt \u015blubu ni\u017cej).<\/p>\n\n\n\n<p>Z kolei ojciec Georga, <strong>Georg Johann Burkhart <\/strong>(1770 <strong>&#8211;<\/strong> ?), by\u0142 synem <strong>Johannesa Jakoba Burkhart<\/strong> (1734<strong>&#8211;<\/strong>1808) i Magdaleny J\u00e4ger (1750<strong>&#8211;<\/strong>1776).<\/p>\n\n\n\n<p><em>Dane z The Birkenh\u00f6rdt Project, dotycz\u0105ce Georga Johanna Burkhart i jego rodzic\u00f3w<\/em><\/p>\n\n\n\n<figure class=\"wp-block-image size-full\"><img loading=\"lazy\" decoding=\"async\" width=\"933\" height=\"751\" src=\"https:\/\/www.burchard.net.pl\/wp-content\/uploads\/2023\/05\/image-73.png\" alt=\"\" class=\"wp-image-190\" srcset=\"https:\/\/www.burchard.net.pl\/wp-content\/uploads\/2023\/05\/image-73.png 933w, https:\/\/www.burchard.net.pl\/wp-content\/uploads\/2023\/05\/image-73-300x241.png 300w, https:\/\/www.burchard.net.pl\/wp-content\/uploads\/2023\/05\/image-73-768x618.png 768w\" sizes=\"auto, (max-width: 933px) 100vw, 933px\" \/><\/figure>\n\n\n\n<p style=\"font-size:10px\"><em>\u0179r\u00f3d\u0142o: <\/em><a href=\"https:\/\/www.birkenhoerdt.net\/getperson.php?personID=I59927&amp;tree=1\"><em>https:\/\/www.birkenhoerdt.net\/getperson.php?personID=I59927&amp;tree=1<\/em><\/a><em> (dost\u0119p 29.12.2022)<\/em><\/p>\n\n\n\n<p><\/p>\n\n\n\n<p><strong>Z punkt\u00f3w 2, 3 i 4 wynika, \u017ce Jakob (1807 &#8211; mi\u0119dzy 1847 a 1909) nie m\u00f3g\u0142 by\u0107 bratem Georga (1794 &#8211; po 1858), poniewa\u017c mieli innych rodzic\u00f3w! <\/strong>To, \u017ce nie byli bra\u0107mi, potwierdza tak\u017ce fakt, \u017ce w\u015br\u00f3d rodze\u0144stwa Georga (1794 <strong>&#8211;<\/strong> po 1858) <em>The Birkenh\u00f6rdt Project<\/em> nie wymienia Jakoba, a jedynie Johannesa, Katharin\u0119 i Martina.<\/p>\n\n\n\n<p><strong>Mo\u017cna zatem przypuszcza\u0107, \u017ce wiadomo\u015b\u0107 podana ksi\u0119dzu przy okazji \u015blubu Sybilli w roku 1848, \u017ce Jakob jest jej stryjem, by\u0142a b\u0142\u0119dna, mo\u017ce by\u0142 po prostu krewniakiem, bo wiemy, \u017ce wszyscy Burkharci byli spokrewnieni.<\/strong><\/p>\n\n\n\n<p>Inna mo\u017cliwo\u015b\u0107 jest taka, \u017ce by\u0142 Jakob bratem Georga, ale chodzi o innego Jakoba, nie m\u0119\u017ca Apollonii Kaiser.<\/p>\n\n\n\n<p>Przodk\u00f3w Jakoba \u2013 pr\u00f3cz rodzic\u00f3w \u2013 nie da\u0142o si\u0119 ustali\u0107. Jego dane genealogiczne wygl\u0105daj\u0105 jak nast\u0119puje:<\/p>\n\n\n\n<p><strong>Georg Burkhart<\/strong> (1774 Erfweiler <strong>&#8211;<\/strong> 1845 Erfweiler) \u015blub 1806 z Mari\u0105 Ann\u0105 Bardon (? Busenberg <strong>&#8211;<\/strong> 1825 Erfweiler)<\/p>\n\n\n\n<p><strong>Jakob<\/strong> <strong>Burkhart<\/strong> (1807 Erfweiler <strong>&#8211;<\/strong> mi\u0119dzy 1847 a 1909 Polska). 1. \u015blub w 1837 r. z Apolloni\u0105 Kaiser (? <strong>&#8211; <\/strong>11 II 1847 Jan\u00f3w), 2. \u015blub w 1847 r. z Helen\u0105 Keller (1825 Harthausen <strong>&#8211;<\/strong> 1909 Wi\u0105czy\u0144 G\u00f3rny).<\/p>\n\n\n\n<p><strong>Dzi\u0119ki aktom z<em> Geneteki<\/em> i zapisom w <em>The Birkenh\u00f6rdt Project<\/em> uda\u0142o si\u0119 natomiast ustali\u0107 drzewo genealogiczne innej linii Burkhart\u00f3w, przyby\u0142ych do Polski wraz z moim prapradziadkiem Martinem i jego bra\u0107mi, oraz pokrewie\u0144stwo ich wszystkich. Wszyscy byli potomkami Bartholom\u00e4usa Burkhart (1665-1724), mojego bezpo\u015bredniego przodka. Zamieszkali w Wi\u0105czyniu G\u00f3rnym.<\/strong><\/p>\n\n\n\n<p class=\"has-medium-font-size\">Drzewo nieznanych mi Burkhart\u00f3w, moich dalszych krewniak\u00f3w, przyby\u0142ych do Polski:<\/p>\n\n\n\n<p>Wynikaj\u0105ce z poni\u017cszego drzewa pokrewie\u0144stwa rodzin Burkhart, Schehl, Ehrhard i K\u00f6hler s\u0105 bardzo bliskie!<\/p>\n\n\n\n<p>Nic dziwnego, \u017ce trzymali si\u0119 razem!<\/p>\n\n\n\n<p><\/p>\n\n\n\n<figure class=\"wp-block-image size-full\"><img loading=\"lazy\" decoding=\"async\" width=\"611\" height=\"617\" src=\"https:\/\/www.burchard.net.pl\/wp-content\/uploads\/2023\/05\/image-74.png\" alt=\"\" class=\"wp-image-191\" srcset=\"https:\/\/www.burchard.net.pl\/wp-content\/uploads\/2023\/05\/image-74.png 611w, https:\/\/www.burchard.net.pl\/wp-content\/uploads\/2023\/05\/image-74-297x300.png 297w, https:\/\/www.burchard.net.pl\/wp-content\/uploads\/2023\/05\/image-74-150x150.png 150w\" sizes=\"auto, (max-width: 611px) 100vw, 611px\" \/><\/figure>\n\n\n\n<p><strong>Dzieci tych\u017ce (wnuki Georga): patrz ni\u017cej<\/strong><\/p>\n\n\n\n<p>Z powy\u017cszego drzewa wida\u0107 wyra\u017anie, \u017ce Georg (ur. 1794) dosta\u0142 imi\u0119 po ojcu a Sybilla (ur. 1827) \u2013 po babci. Katharina K\u00f6hler (ur. 1792) po babci. Walenty (ur. 1829) by\u0107 mo\u017ce po krewniaku Valentinie, starszym bracie mojego prapradziadka Martina. Imi\u0119 dziadka Georga, Johannesa Jakoba, wydaje si\u0119 wskazywa\u0107, \u017ce Jakob (1807<strong> &#8211;<\/strong> mi\u0119dzy 1847 a 1909) m\u00f3g\u0142 by\u0107 jego potomkiem, np. wnukiem.<\/p>\n\n\n\n<p>Je\u015bli chodzi o dwie \u017cony Burkhart\u00f3w nazwiskiem Ehrhard, nie uda\u0142o si\u0119 mi\u0119dzy nimi ustali\u0107 pokrewie\u0144stwa, poniewa\u017c rodzice Magdaleny Ehrhard nie s\u0105 znani. Przodkowie Sybilli od XVII wieku mieszkali w Erfweiler, ale pierwszy znany jej przodek, Sebastian, urodzony w 1558 roku, pochodzi\u0142&nbsp;z Rumbach w Palatynacie. Jedn\u0105 z przodki\u0144 Sybilli by\u0142a Agnes Dauenhauer. Podobnie nie uda\u0142o si\u0119 ustali\u0107 pokrewie\u0144stwa mi\u0119dzy Mari\u0105 Katharin\u0105 Schehl a Apolloni\u0105 Schehl. Przodkowie Apollonii byli z Erfweiler, wcze\u015bniej z Fischbach, przodkowie Anny Katheriny z Schindhard i Sch\u00f6nau.<\/p>\n\n\n\n<p><strong>Dzieci<\/strong> <strong>Georga i Kathariny K\u00f6hler, wymienione w parafii Mileszki<\/strong>:<\/p>\n\n\n\n<p><strong>1. Sybilla<\/strong> (1827 Erfweiler <strong>&#8211; <\/strong>1910). W roku 1848 po\u015blubi\u0142a w Mileszkach <strong>Roberta Frank<\/strong>.<\/p>\n\n\n\n<p><strong>2. Walenty <\/strong>(1829 Erfweiler <strong>&#8211;<\/strong> ?).<strong> <\/strong>W roku 1852 po\u015blubi\u0142 w Mileszkach<strong> Katarzyn\u0119 Dauenhauer<\/strong>.<\/p>\n\n\n\n<p><strong>3. Anna Maryanna <\/strong>(1832 Erfweiler <strong>&#8211;<\/strong> ?). W\u0142a\u015bciwe imi\u0119: <strong>Anna Maria<\/strong>. W dniu 30 I 1855 po\u015blubi\u0142a ona w Mileszkach <strong>Teodora Kuhman <\/strong>(w skorowidzu <em>Geneteki<\/em> zapisany Kuchmann), czeladnika tkackiego, syna Wojciecha J\u00f3zefa i Ma\u0142gorzaty Barbary z Majerkofer\u00f3w. Z dokument\u00f3w w <em>Genetece<\/em> wynika, \u017ce mieli dzieci: <strong>Mariann\u0119<\/strong> zapisan\u0105 jako Koma (27 XII 1856 Wi\u0105czy\u0144 G\u00f3rny <strong>&#8211;<\/strong> przed 1872), <strong>Katarzyn\u0119<\/strong> (1864 Por\u0119by, parafia \u0141\u00f3d\u017a <strong>&#8211;<\/strong> ?), kt\u00f3ra w roku 1887 po\u015blubi\u0142a w Mileszkach Ksawerego Grochowskiego, syna J\u00f3zefa i Magdaleny Berner, <strong>Emili\u0119<\/strong> Kuman (1866 Kr\u00f3lowa Wola, parafia Inow\u0142\u00f3dz <strong>&#8211;<\/strong> ?), kt\u00f3ra w roku 1896 po\u015blubi\u0142a Stanis\u0142awa Hildt, syna Samuela i Marianny Kami\u0144skiej, <strong>Teodora <\/strong>(1870 Kr\u00f3lowa Wola, p. Inow\u0142\u00f3dz <strong>&#8211;<\/strong> ?), kt\u00f3ry w roku 1894 po\u015blubi\u0142 Bert\u0119 Kajser, c\u00f3rk\u0119 Bernarda i Ma\u0142gorzaty Burchard,<strong> Mariann\u0119<\/strong> (1872 Kr\u00f3lowa Wola <strong>&#8211;<\/strong> ?) kt\u00f3ra w roku 1903 po\u015blubi\u0142a w \u0141odzi, w parafii \u015bw. Krzy\u017ca, Franciszka Rygiel, syna Teodora i Berty Kajser.<\/p>\n\n\n\n<p><strong>4. Maryanna<\/strong> (1833 Erfweiler <strong>&#8211;<\/strong> 1893 Popielarnia). W\u0142a\u015bciwe imi\u0119: <strong>Maria Anna.<\/strong> W roku 1856 po\u015blubi\u0142a <strong>Mateusza Dauenhauer.<\/strong><\/p>\n\n\n\n<p><strong>5. Apolonia<\/strong> (1842 Erfweiler <strong>&#8211;<\/strong> ?). W roku 1861 po\u015blubi\u0142a 3 wrze\u015bnia w Mileszkach <strong>Wawrzy\u0144ca Keller<\/strong> z Popielarni, syna Kacpra i Anny Maryanny Lederl lub Lederle. \u015awiadkami byli Walenty Burkart (brat), lat 32, tkacz, i Mateusz Dauenhauer (szwagier), lat 31, stolarz. C\u00f3rki Apolonii i Wawrzy\u0144ca, Apolonia po matce (zapisana jako Keler, urodzona w roku 1866 w Wi\u0105czyniu G\u00f3rnym) i Krystyna, po\u015blubi\u0142y braci Burchart\u00f3w: Apolonia w roku 1888 Jana Burchart, a Krystyna w roku 1898 Antoniego, syn\u00f3w Walentego, syna J\u00f3zefa\/Josepha, brata mojego prapradziadka Martina.<\/p>\n\n\n\n<p><em>Akt \u015blubu Apolonii i Wawrzy\u0144ca Keller z roku 1861<\/em><\/p>\n\n\n\n<figure class=\"wp-block-image size-full\"><img loading=\"lazy\" decoding=\"async\" width=\"827\" height=\"861\" src=\"https:\/\/www.burchard.net.pl\/wp-content\/uploads\/2023\/05\/image-75.png\" alt=\"\" class=\"wp-image-192\" srcset=\"https:\/\/www.burchard.net.pl\/wp-content\/uploads\/2023\/05\/image-75.png 827w, https:\/\/www.burchard.net.pl\/wp-content\/uploads\/2023\/05\/image-75-288x300.png 288w, https:\/\/www.burchard.net.pl\/wp-content\/uploads\/2023\/05\/image-75-768x800.png 768w\" sizes=\"auto, (max-width: 827px) 100vw, 827px\" \/><\/figure>\n\n\n\n<figure class=\"wp-block-image size-full\"><img loading=\"lazy\" decoding=\"async\" width=\"827\" height=\"416\" src=\"https:\/\/www.burchard.net.pl\/wp-content\/uploads\/2023\/05\/image-76.png\" alt=\"\" class=\"wp-image-193\" srcset=\"https:\/\/www.burchard.net.pl\/wp-content\/uploads\/2023\/05\/image-76.png 827w, https:\/\/www.burchard.net.pl\/wp-content\/uploads\/2023\/05\/image-76-300x151.png 300w, https:\/\/www.burchard.net.pl\/wp-content\/uploads\/2023\/05\/image-76-768x386.png 768w\" sizes=\"auto, (max-width: 827px) 100vw, 827px\" \/><\/figure>\n\n\n\n<p style=\"font-size:10px\"><em>\u0179r\u00f3d\u0142o:<\/em><\/p>\n\n\n\n<p style=\"font-size:10px\"><em>Wyniki wyszukiwania dla osoby Apolonia Burkard:<\/em> <a href=\"https:\/\/geneteka.genealodzy.pl\/index.php?op=gt&amp;lang=eng&amp;bdm=S&amp;w=05ld&amp;rid=S&amp;search_lastname=Burkard&amp;search_name=Apolonia&amp;search_lastname2=&amp;search_name2=&amp;from_date=&amp;to_date=\">https:\/\/geneteka.genealodzy.pl\/index.php?op=gt&amp;lang=eng&amp;bdm=S&amp;w=05ld&amp;rid=S&amp;search_lastname=Burkard&amp;search_name=Apolonia&amp;search_lastname2=&amp;search_name2=&amp;from_date=&amp;to_date=<\/a><\/p>\n\n\n\n<p style=\"font-size:10px\"><em>Skan:<\/em> <a href=\"https:\/\/metryki.genealodzy.pl\/index.php?op=pg&amp;ar=3&amp;zs=1589d&amp;se=&amp;sy=1861&amp;kt=2&amp;plik=18-19.jpg&amp;x=0&amp;y=920&amp;zoom=2.365812917594655\"><em>https:\/\/metryki.genealodzy.pl\/index.php?op=pg&amp;ar=3&amp;zs=1589d&amp;se=&amp;sy=1861&amp;kt=2&amp;plik=18-19.jpg&amp;x=0&amp;y=920&amp;zoom=2.365812917594655<\/em><\/a><em> (wpis nr 18, dost\u0119p 29.12.2022)<\/em><\/p>\n\n\n\n<p><\/p>\n\n\n\n<p>Pod aktem kolejny zapis, \u017ce stawaj\u0105cy pisa\u0107 nie umiej\u0105, a podpisy wskazuj\u0105, \u017ce jednak umiej\u0105! Wyra\u017anie wida\u0107: Georg Burkhart (ojciec panny m\u0142odej), Valentin Burkhart (\u015bwiadek, brat panny m\u0142odej) i Mathias Dauenhauer (\u015bwiadek).<\/p>\n\n\n\n<p><strong>Wracaj\u0105c do Sybilli, urodzonej 1827, i jej ojca Georga (1794 &#8211; po 1858)<\/strong><\/p>\n\n\n\n<p>Sybilla (imi\u0119 po babci po mieczu), zam\u0119\u017cna \u2013 jako Burkhard \u2013 od 9 maja 1848 r. za <strong>Robertem<\/strong> <strong>Frank<\/strong>&nbsp;(w niekt\u00f3rych dokumentach <strong>Franke<\/strong>) mia\u0142a spor\u0105 gromadk\u0119 dzieci, jednak podw\u00f3jne imiona niekt\u00f3rych z nich utrudniaj\u0105 poszukiwania: Sybilla i Robert mieli dw\u00f3ch syn\u00f3w, kt\u00f3rych pierwsze imi\u0119 brzmia\u0142o Jan.<\/p>\n\n\n\n<p><strong>1. Ewa Katarzyna Franke po m\u0119\u017cu Keller<\/strong> (30 V 1850 August\u00f3w, parafia NMP <strong>&#8211;<\/strong> 1895 Mileszki). Matka w akcie chrztu Burkhart. W roku 1867, maj\u0105c lat 17 po\u015blubi\u0142a jako Katarzyna Frank w parafii NMP w \u0141odzi <strong>Bernarda Keller<\/strong>, syna Kacpra i Marianny. W akcie zgonu jako Katarzyna Keler. Mia\u0142a siedmioro dzieci, z czego troje urodzi\u0142o si\u0119 nie\u017cywe.<\/p>\n\n\n\n<p><strong>2. Ewa Teresa<\/strong> <strong>Franke po m\u0119\u017cu Minzer<\/strong> (1851 August\u00f3w <strong>&#8211;<\/strong> 25 XII&nbsp;1875 Kr\u00f3lowa Wola, parafia Inow\u0142\u00f3dz). W akcie chrztu matka Burkart. W listopadzie roku 1874 po\u015blubi\u0142a w \u0141odzi, w parafii NMP, <strong>Wawrzy\u0144ca Mincer\/Minzer<\/strong> z Kr\u00f3lowej Woli, urodzonego w Harthausen, syna Piotra i Reginy Kolman. W akcie \u015blubu matka Eibilia Burkart. Zwa\u017cywszy na dat\u0119 zgonu, rok po \u015blubie, prawdopodobnie zmar\u0142a w po\u0142ogu. Wdowiec najprawdopodobniej po\u015blubi\u0142 p\u00f3\u017aniej Mariann\u0119 Frydrych, gdy\u017c s\u0105 dzieci tej pary, mi\u0119dzy innymi Antoni Minzer, urodzony w roku 1878 w Kr\u00f3lowej Woli.<\/p>\n\n\n\n<p><strong>3. Jan (Wojciech?) Franke <\/strong>(12 VIII 1852 Kolonia August\u00f3w <strong>&#8211;<\/strong> ?). W akcie chrztu imi\u0119 <strong>Jan<\/strong>. Matka&nbsp;w akcie chrztu Burkhart. <strong>Jan<\/strong> w roku 1884 w \u0141odzi, w parafii NMP, maj\u0105c 35 lub 36 lat, ale raczej to drugie (nie mog\u0119 odczyta\u0107), jako <strong>Jan Wojciech<\/strong> Franke po\u015blubi\u0142 <strong>J\u00f3zef\u0119 Bileck\u0105<\/strong>, c\u00f3rk\u0119 Stanis\u0142awa&nbsp;i Julianny Go\u0142\u0119biowskiej. Podany wiek wskazywa\u0142by na rok urodzenia 1848! Matka Jana Wojciecha&nbsp;w akcie \u015blubu: Burchardt. W akcie zgonu zn\u00f3w tylko imi\u0119 Jan, nazwisko Frank, lat 48 \u2013 wiek zgadza si\u0119 z aktem chrztu. W akcie zgonu podano te\u017c, \u017ce urodzi\u0142 si\u0119 w Augustowie i pozostawi\u0142 wdow\u0119 J\u00f3zef\u0119 Bilickuju (po rosyjsku), z Bilewskich (po polsku, przynajmniej tak odczyta\u0142am). Znalaz\u0142am troje dzieci tej pary.<\/p>\n\n\n\n<p><strong>4. Jan<\/strong> <strong>Frank<\/strong> (1854 August\u00f3w <strong>&#8211;<\/strong> po 1917). Kolejny tajemniczy Jan. Aktu chrztu brak, rok urodzenia wynika z aktu \u015blubu. <strong>Jan<\/strong> Frank w roku 1910 po\u015blubi\u0142 maj\u0105c lat 56 swoj\u0105 kuzynk\u0119 <strong>Ma\u0142gorzat\u0119 Burchardt<\/strong>, r\u00f3wnie\u017c lat 56 (a wi\u0119c rocznik 1854), najstarsz\u0105 c\u00f3rk\u0119 brata Sybilli, Walentego, i Katarzyny Dauenhauer (o Walentym i Katarzynie ni\u017cej). W akcie \u015blubu Jan ma drugie imi\u0119, kt\u00f3re jednak budzi w\u0105tpliwo\u015bci, wygl\u0105da to na <strong>Jan-Jorich<\/strong>. By\u0107 mo\u017ce jest to zniekszta\u0142cenie niemieckiego J\u00f6rg. Jednak\u017ce w akcie zgonu Ma\u0142gorzaty Franke z roku 1917 \u2013 zmar\u0142a maj\u0105c lat 65, a wi\u0119c rok urodzenia wypada\u0142by na 1853, co si\u0119 zgadza, bo istnieje jej akt chrztu \u2013 podano, \u017ce zostawi\u0142a wdowca <strong>Jana Wojciecha<\/strong>!<\/p>\n\n\n\n<p><strong>5. Krystyna Franke <\/strong>(27 XI 1855 August\u00f3w <strong>&#8211;<\/strong> ?). Bli\u017aniaczka Marianny. Matka Burghard. Aktu \u015blubu i zgonu brak.<\/p>\n\n\n\n<p><strong>6. Marianna Franke po m\u0119\u017cu Henisz<\/strong> (27 XI 1855 August\u00f3w <strong>&#8211;<\/strong> 1943 \u0141\u00f3d\u017a). W akcie chrztu matka Sybilla Burghard. Z roku 1881 pochodzi jej akt \u015blubu \u2013&nbsp;jako <strong>Heleny Marianny<\/strong> Franke \u2013 z <strong>Albertem Henisz<\/strong>, synem J\u00f3zefa i Teresy Szanke. Matka w akcie \u015blubu Burkort. Znalaz\u0142am sze\u015bcioro dzieci tej pary.<\/p>\n\n\n\n<p><strong>7. Emilia Frank po m\u0119\u017cu Jerzy\u0144ska<\/strong> (1869 <strong>&#8211;<\/strong> 1902 \u0141\u00f3d\u017a, parafia \u015bw. Krzy\u017ca). W akcie chrztu matka jako Zybilla Borkardt. W roku 1891 jako <strong>Emilia<\/strong> Frank po\u015blubi\u0142a w \u0141odzi, w parafii \u015bw. Krzy\u017ca, <strong>J\u00f3zefa Jerzy\u0144skiego<\/strong>, syna Marcina i Barbary Wiatr. W akcie \u015blubu jest b\u0142\u0105d; ojciec zapisany jest jako J\u00f3zef, prawdopodobnie ksi\u0105dz zasugerowa\u0142 si\u0119 imieniem pana m\u0142odego. Wiadomo mi o siedmiorgu dzieciach Emilii i J\u00f3zefa.<\/p>\n\n\n\n<p>Ojciec<strong> Sybilli, Georg Burkhart<\/strong>, o\u017ceni\u0142 si\u0119 po raz drugi w Polsce w roku 1858, maj\u0105c lat 64 (na akcie \u015blubu 60!) z wdow\u0105 Ann\u0105 Mariann\u0105 z Sajtr\u00f3w Hauk, urodzon\u0105 w Hauenstein.<\/p>\n\n\n\n<p><em>Akt \u015blubu Georga z Maryann\u0105 z jego wyra\u017anym podpisem<\/em><\/p>\n\n\n\n<figure class=\"wp-block-image size-full\"><img loading=\"lazy\" decoding=\"async\" width=\"933\" height=\"631\" src=\"https:\/\/www.burchard.net.pl\/wp-content\/uploads\/2023\/05\/image-77.png\" alt=\"\" class=\"wp-image-194\" srcset=\"https:\/\/www.burchard.net.pl\/wp-content\/uploads\/2023\/05\/image-77.png 933w, https:\/\/www.burchard.net.pl\/wp-content\/uploads\/2023\/05\/image-77-300x203.png 300w, https:\/\/www.burchard.net.pl\/wp-content\/uploads\/2023\/05\/image-77-768x519.png 768w\" sizes=\"auto, (max-width: 933px) 100vw, 933px\" \/><\/figure>\n\n\n\n<p style=\"font-size:10px\"><em>\u0179r\u00f3d\u0142o:<\/em><\/p>\n\n\n\n<p style=\"font-size:10px\"><em>Wyniki wyszukiwania dla osoby Wojciech Burkard:<\/em> <a href=\"https:\/\/geneteka.genealodzy.pl\/index.php?op=gt&amp;lang=eng&amp;bdm=S&amp;w=05ld&amp;rid=S&amp;search_lastname=Burkard&amp;search_name=Wojciech&amp;search_lastname2=&amp;search_name2=&amp;from_date=&amp;to_date=\">https:\/\/geneteka.genealodzy.pl\/index.php?op=gt&amp;lang=eng&amp;bdm=S&amp;w=05ld&amp;rid=S&amp;search_lastname=Burkard&amp;search_name=Wojciech&amp;search_lastname2=&amp;search_name2=&amp;from_date=&amp;to_date=<\/a><\/p>\n\n\n\n<p style=\"font-size:10px\"><em>Skan:<\/em> <a href=\"https:\/\/metryki.genealodzy.pl\/index.php?op=pg&amp;ar=3&amp;zs=1589d&amp;se=&amp;sy=1858&amp;kt=2&amp;plik=23-27.jpg&amp;x=0&amp;y=1625&amp;zoom=1.5\"><em>https:\/\/metryki.genealodzy.pl\/index.php?op=pg&amp;ar=3&amp;zs=1589d&amp;se=&amp;sy=1858&amp;kt=2&amp;plik=23-27.jpg&amp;x=0&amp;y=1625&amp;zoom=1.5<\/em><\/a><em> (wpis nr 24, dost\u0119p 29.12.2022)<\/em><\/p>\n\n\n\n<p><\/p>\n\n\n\n<p><em>The Birkenh\u00f6rdt Project<\/em> podaje dane owej \u201eMarianny\u201d, czyli Anny Marii Franciszki Seither zam\u0119\u017cnej Hauck i jej rodzic\u00f3w.<\/p>\n\n\n\n<p><em>Dane genealogiczne Anny Marii Franciszki Seither, \u017cony Wojciecha\/Georga<\/em><\/p>\n\n\n\n<figure class=\"wp-block-image size-full\"><img loading=\"lazy\" decoding=\"async\" width=\"933\" height=\"835\" src=\"https:\/\/www.burchard.net.pl\/wp-content\/uploads\/2023\/05\/image-78.png\" alt=\"\" class=\"wp-image-195\" srcset=\"https:\/\/www.burchard.net.pl\/wp-content\/uploads\/2023\/05\/image-78.png 933w, https:\/\/www.burchard.net.pl\/wp-content\/uploads\/2023\/05\/image-78-300x268.png 300w, https:\/\/www.burchard.net.pl\/wp-content\/uploads\/2023\/05\/image-78-768x687.png 768w\" sizes=\"auto, (max-width: 933px) 100vw, 933px\" \/><\/figure>\n\n\n\n<p style=\"font-size:10px\"><em>\u0179r\u00f3d\u0142o: <\/em><a href=\"https:\/\/www.birkenhoerdt.net\/getperson.php?personID=I148514&amp;tree=1\"><em>https:\/\/www.birkenhoerdt.net\/getperson.php?personID=I148514&amp;tree=1<\/em><\/a><em> (dost\u0119p 29.12.2022)<\/em><\/p>\n\n\n\n<p><\/p>\n\n\n\n<p>Z danych w <em>The Birkenh\u00f6rdt Project <\/em>wynika, \u017ce Anna Maria Franciszka Seither urodzi\u0142a si\u0119 20 sierpnia 1845 roku w Hauenstein i by\u0142a c\u00f3rk\u0105 Michaela Seither (1783 <strong>&#8211;<\/strong> 1845 Hauenstein) oraz Marii Anny Seibel (1775 Hauenstein <strong>&#8211;<\/strong> 1808 Hauenstein. W roku 1827 po\u015blubi\u0142a Franza Ignatiusa Hauck (1805 Hauenstein <strong>&#8211;<\/strong> 1856 Warszawa).<\/p>\n\n\n\n<p>Rodzina Hauck\u00f3w z Hauenstein (oko\u0142o 7 km od Erfweiler) wraz z pi\u0119ciorgiem dzieci przyby\u0142a do Polski. Najm\u0142odsza c\u00f3rka Wilhelmina zmar\u0142a w Kraszewie, kt\u00f3ra to wie\u015b wi\u0105\u017ce si\u0119 z histori\u0105 mojego pradziadka Johannesa Burkhart. Anna Maria Franciszka mieszka\u0142a jako wdowa w Wi\u0105czyniu G\u00f3rnym, a wi\u0119c tam prawdopodobnie osiad\u0142a rodzina Hauck\u00f3w. Ciekawe jest, \u017ce drugi m\u0105\u017c Anny Marii Franciszki wpisany jest w <em>The Birkenh\u00f6rdt Project<\/em> jako Wojciech Burkard, a zatem nikt nie doszed\u0142, \u017ce chodzi o Georga Burkharta (1794 <strong>&#8211;<\/strong> po 1858).<\/p>\n\n\n\n<p>Zgodnie z <em>Genetek\u0105<\/em> Anna Maria Franziska zmar\u0142a w Wi\u0105czyniu G\u00f3rnym w roku 1868.<\/p>\n\n\n\n<p><em>Akt zgonu Anny Marii Sajter<\/em><\/p>\n\n\n\n<figure class=\"wp-block-image size-full\"><img loading=\"lazy\" decoding=\"async\" width=\"933\" height=\"428\" src=\"https:\/\/www.burchard.net.pl\/wp-content\/uploads\/2023\/05\/image-79.png\" alt=\"\" class=\"wp-image-196\" srcset=\"https:\/\/www.burchard.net.pl\/wp-content\/uploads\/2023\/05\/image-79.png 933w, https:\/\/www.burchard.net.pl\/wp-content\/uploads\/2023\/05\/image-79-300x138.png 300w, https:\/\/www.burchard.net.pl\/wp-content\/uploads\/2023\/05\/image-79-768x352.png 768w\" sizes=\"auto, (max-width: 933px) 100vw, 933px\" \/><\/figure>\n\n\n\n<p style=\"font-size:10px\"><em>\u0179r\u00f3d\u0142o:<\/em><\/p>\n\n\n\n<p style=\"font-size:10px\"><em>Wyniki wyszukiwania dla osoby Anna Sajter:<\/em> <a href=\"https:\/\/geneteka.genealodzy.pl\/index.php?op=gt&amp;lang=eng&amp;bdm=D&amp;w=05ld&amp;rid=D&amp;search_lastname=Sajter&amp;search_name=Anna&amp;search_lastname2=&amp;search_name2=&amp;from_date=&amp;to_date=\">https:\/\/geneteka.genealodzy.pl\/index.php?op=gt&amp;lang=eng&amp;bdm=D&amp;w=05ld&amp;rid=D&amp;search_lastname=Sajter&amp;search_name=Anna&amp;search_lastname2=&amp;search_name2=&amp;from_date=&amp;to_date=<\/a><\/p>\n\n\n\n<p style=\"font-size:10px\"><em>Skan:<\/em> <a href=\"https:\/\/metryki.genealodzy.pl\/index.php?op=pg&amp;ar=3&amp;zs=1589d&amp;se=&amp;sy=1868&amp;kt=3&amp;plik=29-36.jpg&amp;x=1193&amp;y=262&amp;zoom=1.5\"><em>https:\/\/metryki.genealodzy.pl\/index.php?op=pg&amp;ar=3&amp;zs=1589d&amp;se=&amp;sy=1868&amp;kt=3&amp;plik=29-36.jpg&amp;x=1193&amp;y=262&amp;zoom=1.5<\/em><\/a><em> (wpis nr 33, dost\u0119p 29.12.2022)<\/em><\/p>\n\n\n\n<p><\/p>\n\n\n\n<p><strong>Inne rodziny krewnych\/powinowatych Burkhart\u00f3w<\/strong><\/p>\n\n\n\n<p><strong>Rodzina Keller<\/strong><\/p>\n\n\n\n<p>Wyst\u0119puj\u0105cy wy\u017cej dwukrotnie cz\u0142onkowie rodziny <strong>Keller, <\/strong>z kt\u00f3rymi wi\u0105zali si\u0119 Burkharci, a to wy\u017cej wspomniana <strong>Helena Keller<\/strong> (1825 Harthausen <strong>&#8211;<\/strong> 1909 Wi\u0105czy\u0144), c\u00f3rka Kacpra i Chrystyny Barbary (lub Chrystyny Burkhart), kt\u00f3ra po\u015blubi\u0142a w roku 1847 <strong>Jakoba Burkhart<\/strong> (1807 Erfweiler <strong>&#8211;<\/strong> mi\u0119dzy 1847 a 1909 Polska) oraz <strong>Wawrzyniec (Lorenz) Keller<\/strong> (1830 Harthausen <strong>&#8211;<\/strong> ? Polska), syn Kacpra (imi\u0119 Kacper\/Kasper wskazuje, \u017ce Helena i Wawrzyniec mogli by\u0107 przyrodnim rodze\u0144stwem) i Anny Marianny Lederle, kt\u00f3ry po\u015blubi\u0142 <strong>Apolloni\u0119 Burkhart<\/strong>, urodzona w roku 1842 w Erfweiler, c\u00f3rk\u0119 Georga i Kathariny K\u00f6hler, zwr\u00f3ci\u0142a moj\u0105 uwag\u0119 na rodzin\u0119 <strong>Keller<\/strong>. Pocz\u0105tkowo my\u015bla\u0142am, \u017ce Keller&nbsp;i K\u00f6hler to to samo nazwisko, \u017ale zapisane przez ksi\u0119dza, tak jednak nie jest.<\/p>\n\n\n\n<p><strong>Dzi\u0119ki nazwisku Keller mo\u017cna by\u0142o znale\u017a\u0107 kolejnego Burkharta, J\u00f3zefa Burkard, nieb\u0119d\u0105cego potomkiem braci Burkhart\u00f3w. \u00d3w J\u00f3zef by\u0142 synem Keller\u00f3wny.<\/strong><\/p>\n\n\n\n<p>J\u00f3zef \u017ceni\u0142 si\u0119 trzy razy.<\/p>\n\n\n\n<p>W parafii Mileszki znajduje si\u0119 akt \u015blubu z roku 1852, <strong>J\u00f3zefa Burkhard<\/strong>, lat 22 (rocznik 1830), urodzonym w Kr\u00f3lestwie Francuskim we wsi Najpachu (sic!), zamieszka\u0142ym w kolonii Bukowiec, synem <em>nigdy\u015b<\/em> (czyli nie\u017cyj\u0105cego) <strong>Adama i Ma\u0142gorzaty Burkhard\u00f3w<\/strong>, z Maryann\u0105 Sarr, lat 16, c\u00f3rk\u0105 Miko\u0142aja i Marianny.<\/p>\n\n\n\n<p><em>Akt \u015blubu J\u00f3zefa i Marianny Sarr<\/em><\/p>\n\n\n\n<figure class=\"wp-block-image size-full\"><img loading=\"lazy\" decoding=\"async\" width=\"933\" height=\"732\" src=\"https:\/\/www.burchard.net.pl\/wp-content\/uploads\/2023\/05\/image-80.png\" alt=\"\" class=\"wp-image-197\" srcset=\"https:\/\/www.burchard.net.pl\/wp-content\/uploads\/2023\/05\/image-80.png 933w, https:\/\/www.burchard.net.pl\/wp-content\/uploads\/2023\/05\/image-80-300x235.png 300w, https:\/\/www.burchard.net.pl\/wp-content\/uploads\/2023\/05\/image-80-768x603.png 768w\" sizes=\"auto, (max-width: 933px) 100vw, 933px\" \/><\/figure>\n\n\n\n<p style=\"font-size:10px\"><em>\u0179r\u00f3d\u0142o:<\/em><\/p>\n\n\n\n<p style=\"font-size:10px\"><em>Wyniki wyszukiwania dla osoby Marianna Sarr:<\/em> <a href=\"https:\/\/geneteka.genealodzy.pl\/index.php?op=gt&amp;lang=eng&amp;bdm=S&amp;w=05ld&amp;rid=S&amp;search_lastname=Sarr&amp;search_name=Marianna&amp;search_lastname2=&amp;search_name2=&amp;from_date=&amp;to_date=\">https:\/\/geneteka.genealodzy.pl\/index.php?op=gt&amp;lang=eng&amp;bdm=S&amp;w=05ld&amp;rid=S&amp;search_lastname=Sarr&amp;search_name=Marianna&amp;search_lastname2=&amp;search_name2=&amp;from_date=&amp;to_date=<\/a><\/p>\n\n\n\n<p style=\"font-size:10px\"><em>Skan:<\/em> <a href=\"https:\/\/metryki.genealodzy.pl\/index.php?op=pg&amp;ar=3&amp;zs=1535d&amp;se=&amp;sy=1852&amp;kt=2&amp;plik=19-22.jpg&amp;x=1104&amp;y=1403&amp;zoom=1.5\"><em>https:\/\/metryki.genealodzy.pl\/index.php?op=pg&amp;ar=3&amp;zs=1535d&amp;se=&amp;sy=1852&amp;kt=2&amp;plik=19-22.jpg&amp;x=1104&amp;y=1403&amp;zoom=1.5<\/em><\/a><em> (wpis nr 22, dost\u0119p 29.12.2022)<\/em><\/p>\n\n\n\n<p><\/p>\n\n\n\n<p>Nie potrafi\u0119 wyja\u015bni\u0107 nazwy Najpach, zapisanej jako miejsce urodzenia J\u00f3zefa. Kr\u00f3lestwo Francuskie zgadza si\u0119, bo wiadomo, \u017ce jaki\u015b czas Palatynat nale\u017ca\u0142 do Francji. W drugim akcie \u015blubu J\u00f3zefa zapisane jest wyra\u017anie Erfayl, czyli Erfweiler i to miejsce urodzenia jest w\u0142a\u015bciwe \u2013 oboje rodzice, zgodnie z<em> The Birkenh\u00f6rdt Project<\/em>, urodzili si\u0119 r\u00f3wnie\u017c w Erfweiler. W drugim akcie \u015blubu J\u00f3zefa zaznaczono, \u017ce Erfayl le\u017cy w Kraju Bawarskim. W trzecim akcie \u015blubu wpisano tylko \u201ew Kraju Bawarskim\u201d. Wiadomo mi, \u017ce Erfweiler sk\u0142ada\u0142 si\u0119 pocz\u0105tkowo z dw\u00f3ch osiedli \u2013 Ober-Erfweiler i Unter-Erfweiler, czyli g\u00f3rnego i dolnego. Z niemieckich stron internetowych, dotycz\u0105cych historii Erfweiler wynika, \u017ce np. w roku 1828 nale\u017ca\u0142 do wsi jeszcze jeden przycz\u00f3\u0142ek Nieder-Erfweiler. Czy zatem ksi\u0105dz zapisa\u0142 Nieder jako Najpach? Za czas\u00f3w francuskich Erfweiler nale\u017ca\u0142 do kantonu Dahn, ale Dahn te\u017c trudno podci\u0105gn\u0105\u0107 pod Najpach.<\/p>\n\n\n\n<p>Tak\u017ce w parafii Mileszki znajduje si\u0119 te\u017c kolejny akt \u015blubu z roku 1856: <strong>J\u00f3zef Burkard<\/strong>, lat 28, a wi\u0119c rocznik 1828, urodzony w Erfayl w Kraju Bawarskim, syn <strong>Adama i Ma\u0142gorzaty z Kr\u00f6l\u00f3w (K\u00f6l\u00f3w),<\/strong> kumor\u0105 zamieszka\u0142y we wsi Bukowiec, wdowiec po Mariannie z Sar\u00f3w, zmar\u0142ej we wrze\u015bniu tego\u017c roku, po\u015blubi\u0142 <strong>Klar\u0119 z<\/strong> <strong>Wil\u00f3w<\/strong>, wdow\u0119 po J\u00f3zefie Haaf, lat 40, na gospodarstwie w Wi\u0105czyniu zostaj\u0105c\u0105.<\/p>\n\n\n\n<p><em>Akt \u015blubu J\u00f3zefa i Klary<\/em><\/p>\n\n\n\n<figure class=\"wp-block-image size-full\"><img loading=\"lazy\" decoding=\"async\" width=\"933\" height=\"504\" src=\"https:\/\/www.burchard.net.pl\/wp-content\/uploads\/2023\/05\/image-81.png\" alt=\"\" class=\"wp-image-198\" srcset=\"https:\/\/www.burchard.net.pl\/wp-content\/uploads\/2023\/05\/image-81.png 933w, https:\/\/www.burchard.net.pl\/wp-content\/uploads\/2023\/05\/image-81-300x162.png 300w, https:\/\/www.burchard.net.pl\/wp-content\/uploads\/2023\/05\/image-81-768x415.png 768w\" sizes=\"auto, (max-width: 933px) 100vw, 933px\" \/><\/figure>\n\n\n\n<p style=\"font-size:10px\"><em>\u0179r\u00f3d\u0142o:<\/em><\/p>\n\n\n\n<p style=\"font-size:10px\"><em>Wyniki wyszukiwania dla osoby J\u00f3zef Burkard:<\/em> <a href=\"https:\/\/geneteka.genealodzy.pl\/index.php?op=gt&amp;lang=eng&amp;bdm=S&amp;w=05ld&amp;rid=S&amp;search_lastname=Burkard&amp;search_name=J%C3%B3zef&amp;search_lastname2=&amp;search_name2=&amp;from_date=&amp;to_date=\">https:\/\/geneteka.genealodzy.pl\/index.php?op=gt&amp;lang=eng&amp;bdm=S&amp;w=05ld&amp;rid=S&amp;search_lastname=Burkard&amp;search_name=J%C3%B3zef&amp;search_lastname2=&amp;search_name2=&amp;from_date=&amp;to_date=<\/a><\/p>\n\n\n\n<p style=\"font-size:10px\"><em>Skan:<\/em> <a href=\"https:\/\/metryki.genealodzy.pl\/index.php?op=pg&amp;ar=3&amp;zs=1589d&amp;se=&amp;sy=1856&amp;kt=2&amp;plik=27-29.jpg&amp;x=52&amp;y=1519&amp;zoom=1.5\"><em>https:\/\/metryki.genealodzy.pl\/index.php?op=pg&amp;ar=3&amp;zs=1589d&amp;se=&amp;sy=1856&amp;kt=2&amp;plik=27-29.jpg&amp;x=52&amp;y=1519&amp;zoom=1.5<\/em><\/a><em> (wpis nr 29, dost\u0119p 29.12.2022)<\/em><\/p>\n\n\n\n<p><\/p>\n\n\n\n<p>Odno\u015bnie do nazwiska panie\u0144skiego matki J\u00f3zefa, wyja\u015bni\u0107 trzeba, \u017ce na kolejnym akcie \u015blubu J\u00f3zefa (Klara zmar\u0142a w styczniu roku 1865) z wrze\u015bnia roku 1866 (akt zgonu w parafii Mileszki) z Mariann\u0105 z Kowalskich Berg z Ustronia, nazwisko matki J\u00f3zefa, Ma\u0142gorzaty, zapisane jest wyra\u017anie jako<strong> Keller<\/strong>. J\u00f3zef opisany jest jako zamieszka\u0142y w Wi\u0105czyniu, lat 37 (a wi\u0119c rocznik 1829). Tu ju\u017c jako miejsce urodzenia J\u00f3zefa podane jest Erfayl w Kraju Bawarskim.<\/p>\n\n\n\n<p><em>Akt \u015blubu J\u00f3zefa i Maryanny Berg<\/em><\/p>\n\n\n\n<figure class=\"wp-block-image size-full\"><img loading=\"lazy\" decoding=\"async\" width=\"933\" height=\"856\" src=\"https:\/\/www.burchard.net.pl\/wp-content\/uploads\/2023\/05\/image-82.png\" alt=\"\" class=\"wp-image-199\" srcset=\"https:\/\/www.burchard.net.pl\/wp-content\/uploads\/2023\/05\/image-82.png 933w, https:\/\/www.burchard.net.pl\/wp-content\/uploads\/2023\/05\/image-82-300x275.png 300w, https:\/\/www.burchard.net.pl\/wp-content\/uploads\/2023\/05\/image-82-768x705.png 768w\" sizes=\"auto, (max-width: 933px) 100vw, 933px\" \/><\/figure>\n\n\n\n<p style=\"font-size:10px\"><em>\u0179r\u00f3d\u0142o:<\/em><\/p>\n\n\n\n<p style=\"font-size:10px\"><em>Wyniki wyszukiwania dla osoby J\u00f3zef Burchard:<\/em> <a href=\"https:\/\/geneteka.genealodzy.pl\/index.php?op=gt&amp;lang=eng&amp;bdm=S&amp;w=05ld&amp;rid=S&amp;search_lastname=Burchard&amp;search_name=J%C3%B3zef&amp;search_lastname2=&amp;search_name2=&amp;from_date=&amp;to_date=\">https:\/\/geneteka.genealodzy.pl\/index.php?op=gt&amp;lang=eng&amp;bdm=S&amp;w=05ld&amp;rid=S&amp;search_lastname=Burchard&amp;search_name=J%C3%B3zef&amp;search_lastname2=&amp;search_name2=&amp;from_date=&amp;to_date=<\/a><\/p>\n\n\n\n<p style=\"font-size:10px\"><em>Skan:<\/em> <a href=\"https:\/\/metryki.genealodzy.pl\/index.php?op=pg&amp;ar=3&amp;zs=1589d&amp;se=&amp;sy=1866&amp;kt=2&amp;plik=15-18.jpg&amp;x=657&amp;y=1417&amp;zoom=1.75\"><em>https:\/\/metryki.genealodzy.pl\/index.php?op=pg&amp;ar=3&amp;zs=1589d&amp;se=&amp;sy=1866&amp;kt=2&amp;plik=15-18.jpg&amp;x=657&amp;y=1417&amp;zoom=1.75<\/em><\/a><em> (wpis nr 18, dost\u0119p 29.12.2022)<\/em><\/p>\n\n\n\n<p><\/p>\n\n\n\n<p><em>W The Birkenh\u00f6rdt Project znajduj\u0105 si\u0119 dane Margarethy Keller<\/em><\/p>\n\n\n\n<figure class=\"wp-block-image size-full\"><img loading=\"lazy\" decoding=\"async\" width=\"933\" height=\"770\" src=\"https:\/\/www.burchard.net.pl\/wp-content\/uploads\/2023\/05\/image-83.png\" alt=\"\" class=\"wp-image-200\" srcset=\"https:\/\/www.burchard.net.pl\/wp-content\/uploads\/2023\/05\/image-83.png 933w, https:\/\/www.burchard.net.pl\/wp-content\/uploads\/2023\/05\/image-83-300x248.png 300w, https:\/\/www.burchard.net.pl\/wp-content\/uploads\/2023\/05\/image-83-768x634.png 768w\" sizes=\"auto, (max-width: 933px) 100vw, 933px\" \/><\/figure>\n\n\n\n<p style=\"font-size:10px\"><em>\u0179r\u00f3d\u0142o: <\/em><a href=\"https:\/\/www.birkenhoerdt.net\/getperson.php?personID=I90727&amp;tree=1\"><em>https:\/\/www.birkenhoerdt.net\/getperson.php?personID=I90727&amp;tree=1<\/em><\/a><em> (dost\u0119p 29.12.2022)<\/em><\/p>\n\n\n\n<p><\/p>\n\n\n\n<p>Z danych tych wynika, \u017ce Margaretha Keller (1794 Erfweiler <strong>&#8211;<\/strong> ?), c\u00f3rka Stephana i Marii Gertrudy Hentzel, w roku 1822 po\u015blubi\u0142a <strong>Adama Johannesa<\/strong> <strong>Burkhart<\/strong>, urodzonego w roku 1792 w Erfweiler. W roku 1852, na akcie \u015blubu syna J\u00f3zefa, okre\u015blona jest jako \u017cyj\u0105ca. Adam Johannes by\u0142, zgodnie z <em>The Birkenh\u00f6rdt Project,<\/em> synem Markusa Burkhard i Marii Evy Schilling i pochodzi\u0142 w prostej linii jak moi przodkowie, od Johannesa Sebastiana (1620\/1628<strong>&#8211;<\/strong>1672\/85), konkretnie od Wendelina (1662<strong>&#8211;<\/strong>1749), brata mojego przodka w linii prostej, Bartholom\u00e4usa (1665<strong>&#8211;<\/strong>1724). Wendelin i jego \u017cona Anna Maria Riesbeck byli tak\u017ce moimi przodkami jako pradziadkowie Apollonii Schehl, \u017cony mojego przodka w linii prostej Johannesa Georga (1743<strong>&#8211;<\/strong>1786).<\/p>\n\n\n\n<p>W parafii Kurowice znajduje si\u0119 akt zgonu z roku 1851 dotycz\u0105cy kolonisty <strong>Adama Burchart<\/strong> (w<em> Genetece<\/em> zapisano Burchert), zamieszka\u0142ego w Bukowcu, lat 59 (a wi\u0119c rocznik 1792), kt\u00f3ry pozostawi\u0142 \u017con\u0119 Ma\u0142gorzat\u0119 z Kuler\u00f3w\/Keler\u00f3w. Nie ma w\u0105tpliwo\u015bci, \u017ce chodzi o Adama Johannesa. Z tego aktu zgonu wynika, \u017ce Adam i Ma\u0142gorzata mieszkali w Bujowcu, gdzie mieszka\u0142 te\u017c ich syn J\u00f3zef w roku 1825.<\/p>\n\n\n\n<p>Najdziwniejsze jest w tym akcie zgonu miejsce urodzenia zmar\u0142ego \u2013 Inefelde (Irefelde?) w Kr\u00f3lestwie Najbajer (czy Najbajer to Neu Bayern?). Mo\u017ce si\u0119 to kiedy\u015b wyja\u015bni. Czy wymieniony w poprzednio Najpach to te\u017c Najbajer (Neu Bayern?)?<\/p>\n\n\n\n<p><em>Akt zgonu z roku Adama Burchart<\/em><\/p>\n\n\n\n<figure class=\"wp-block-image size-full\"><img loading=\"lazy\" decoding=\"async\" width=\"933\" height=\"406\" src=\"https:\/\/www.burchard.net.pl\/wp-content\/uploads\/2023\/05\/image-84.png\" alt=\"\" class=\"wp-image-201\" srcset=\"https:\/\/www.burchard.net.pl\/wp-content\/uploads\/2023\/05\/image-84.png 933w, https:\/\/www.burchard.net.pl\/wp-content\/uploads\/2023\/05\/image-84-300x131.png 300w, https:\/\/www.burchard.net.pl\/wp-content\/uploads\/2023\/05\/image-84-768x334.png 768w\" sizes=\"auto, (max-width: 933px) 100vw, 933px\" \/><\/figure>\n\n\n\n<p style=\"font-size:10px\"><em>\u0179r\u00f3d\u0142o:<\/em><\/p>\n\n\n\n<p style=\"font-size:10px\"><em>Wyniki wyszukiwania dla osoby Adam Burchart:<\/em> <a href=\"https:\/\/geneteka.genealodzy.pl\/index.php?op=gt&amp;lang=eng&amp;bdm=D&amp;w=05ld&amp;rid=D&amp;search_lastname=Burchart&amp;search_name=Adam&amp;search_lastname2=&amp;search_name2=&amp;from_date=&amp;to_date=&amp;rpp1=&amp;ordertable=\">https:\/\/geneteka.genealodzy.pl\/index.php?op=gt&amp;lang=eng&amp;bdm=D&amp;w=05ld&amp;rid=D&amp;search_lastname=Burchart&amp;search_name=Adam&amp;search_lastname2=&amp;search_name2=&amp;from_date=&amp;to_date=&amp;rpp1=&amp;ordertable=<\/a><\/p>\n\n\n\n<p style=\"font-size:10px\"><em>Skan:<\/em> <a href=\"https:\/\/metryki.genealodzy.pl\/index.php?op=pg&amp;ar=3&amp;zs=1535d&amp;se=&amp;sy=1851&amp;kt=3&amp;plik=13-20.jpg&amp;x=195&amp;y=481&amp;zoom=1.25\"><em>https:\/\/metryki.genealodzy.pl\/index.php?op=pg&amp;ar=3&amp;zs=1535d&amp;se=&amp;sy=1851&amp;kt=3&amp;plik=13-20.jpg&amp;x=195&amp;y=481&amp;zoom=1.25<\/em><\/a><em> (wpis nr 14, dost\u0119p 29.12.2022)<\/em><\/p>\n\n\n\n<p><\/p>\n\n\n\n<p>Tak wi\u0119c <strong>J\u00f3zef Burkhart<\/strong>, syn Adama i Ma\u0142gorzaty Keller by\u0142 kolejnym krewnym braci Burkhart\u00f3w, kt\u00f3ry przyby\u0142 do Kr\u00f3lestwa Polskiego. Przyjecha\u0142 z rodzicami. Ojciec zmar\u0142 w Bukowcu w roku 1861. Matka jego \u017cy\u0142a w czasie pierwszego \u015blubu J\u00f3zefa w roku 1852, a wi\u0119c te\u017c zmar\u0142a w Polsce.<\/p>\n\n\n\n<p>J\u00f3zef zmar\u0142 19 I 1869 w Wi\u0105czyniu.<\/p>\n\n\n\n<p><strong>Dzieci J\u00f3zefa:<\/strong><\/p>\n\n\n\n<p><strong>1. Jakub<\/strong> (20 VII 1857 Wi\u0105czy\u0144 Dolny <strong>\u2013<\/strong> 29 IX 1857 Wi\u0105czy\u0144 G\u00f3rny). W akcie chrztu ojciec \u2013 kolonista z Wi\u0105czynia. Matka Klara z Will\u00f3w.<\/p>\n\n\n\n<p><strong>2. Agnieszka<\/strong> (8 IV 1867 Ustronie <strong>&#8211;<\/strong> 1870 Ustronie). Ojciec opisany jako komornik z Ustronia. Matka Agnieszka z Kowalskich.<\/p>\n\n\n\n<p><strong>Pokrewie\u0144stwo J\u00f3zefa z moimi przodkami \u2013 (wszyscy urodzeni w Erfweiler):<\/strong><\/p>\n\n\n\n<p><\/p>\n\n\n\n<figure class=\"wp-block-image size-full\"><img loading=\"lazy\" decoding=\"async\" width=\"517\" height=\"537\" src=\"https:\/\/www.burchard.net.pl\/wp-content\/uploads\/2023\/05\/image-85.png\" alt=\"\" class=\"wp-image-202\" srcset=\"https:\/\/www.burchard.net.pl\/wp-content\/uploads\/2023\/05\/image-85.png 517w, https:\/\/www.burchard.net.pl\/wp-content\/uploads\/2023\/05\/image-85-289x300.png 289w\" sizes=\"auto, (max-width: 517px) 100vw, 517px\" \/><\/figure>\n\n\n\n<p>Z poprzednio omawian\u0105 rodzin\u0105 Burkhart\u00f3w, z kt\u00f3rej do Polski przyby\u0142 Georg (1794 <strong>&#8211;<\/strong> po 1858) wraz&nbsp;z \u017con\u0105 Katharin\u0105 K\u00f6hler, oraz z lini\u0105 moich przodk\u00f3w Adam Johannes spokrewniony by\u0142 w ten spos\u00f3b, \u017ce wszyscy byli zst\u0119pnymi Johannesa Sebastiana Burkharta (1620<strong>&#8211;<\/strong>1685).<\/p>\n\n\n\n<p>Pr\u00f3cz J\u00f3zefa i jego matki do Polski przyby\u0142y inne <strong>dzieci Johannesa Adama i Margarethy Keller, o czym wiadomo z dotycz\u0105cych ich akt\u00f3w:<\/strong><\/p>\n\n\n\n<p><strong>1. Marek<\/strong> (1823<strong>&#8211;<\/strong>1855 Bukowiec, parafia Kurowice). W akcie zgonu wiek 32 lata. Zostawi\u0142 \u017con\u0119 Ann\u0119 Mari\u0119 z Niewiadomych (to znaczy nie by\u0142o znane jej nazwisko panie\u0144skie). Mieszka\u0142 jak ojciec w Bukowcu.<\/p>\n\n\n\n<p><strong>2. Katarzyna <\/strong>(1825 <strong>&#8211; <\/strong>?).<strong> <\/strong>W akcie \u015blubu wiek 26 lat. Urodzona w Najpachu (Najpuchu?) w Kr\u00f3lestwie Francuskim. Zn\u00f3w ten Najpach \u2013 czy to jaka\u015b francuska nazwa parafii Erfweiler?! Najprawdopodobniej jak jej brat J\u00f3zef, Katarzyna urodzi\u0142a si\u0119 w Erfweiler! Mieszka\u0142a w Bukowcu. Po\u015blubi\u0142a w parafii Kurowice w roku 1851 Augustyna <strong>Adama Sznell<\/strong>, syna Walentego i Filipiny Rumik. Czy \u00f3w Sznell to mo\u017ce Schehl?<\/p>\n\n\n\n<p><em>Akt \u015blubu Katarzyny<\/em><\/p>\n\n\n\n<figure class=\"wp-block-image size-full\"><img loading=\"lazy\" decoding=\"async\" width=\"933\" height=\"749\" src=\"https:\/\/www.burchard.net.pl\/wp-content\/uploads\/2023\/05\/image-86.png\" alt=\"\" class=\"wp-image-203\" srcset=\"https:\/\/www.burchard.net.pl\/wp-content\/uploads\/2023\/05\/image-86.png 933w, https:\/\/www.burchard.net.pl\/wp-content\/uploads\/2023\/05\/image-86-300x241.png 300w, https:\/\/www.burchard.net.pl\/wp-content\/uploads\/2023\/05\/image-86-768x617.png 768w\" sizes=\"auto, (max-width: 933px) 100vw, 933px\" \/><\/figure>\n\n\n\n<p style=\"font-size:10px\"><em>\u0179r\u00f3d\u0142o:<\/em><\/p>\n\n\n\n<p style=\"font-size:10px\"><em>Wyniki wyszukiwania dla osoby Katarzyna Burchart:<\/em> <a href=\"https:\/\/geneteka.genealodzy.pl\/index.php?op=gt&amp;lang=eng&amp;bdm=S&amp;w=05ld&amp;rid=S&amp;search_lastname=Burchart&amp;search_name=Katarzyna&amp;search_lastname2=&amp;search_name2=&amp;from_date=&amp;to_date=\">https:\/\/geneteka.genealodzy.pl\/index.php?op=gt&amp;lang=eng&amp;bdm=S&amp;w=05ld&amp;rid=S&amp;search_lastname=Burchart&amp;search_name=Katarzyna&amp;search_lastname2=&amp;search_name2=&amp;from_date=&amp;to_date=<\/a><\/p>\n\n\n\n<p style=\"font-size:10px\"><em>Skan:<\/em> <a href=\"https:\/\/metryki.genealodzy.pl\/index.php?op=pg&amp;ar=3&amp;zs=1535d&amp;se=&amp;sy=1851&amp;kt=2&amp;plik=23-26.jpg&amp;x=1106&amp;y=1399&amp;zoom=1.5\"><em>https:\/\/metryki.genealodzy.pl\/index.php?op=pg&amp;ar=3&amp;zs=1535d&amp;se=&amp;sy=1851&amp;kt=2&amp;plik=23-26.jpg&amp;x=1106&amp;y=1399&amp;zoom=1.5<\/em><\/a><em> (wpis nr 26, dost\u0119p 29.12.2022)<\/em><\/p>\n\n\n\n<p><\/p>\n\n\n\n<p>Akt tego \u015blubu jest niezwykle ciekawy, gdy\u017c jest kolejnym potwierdzeniem, i\u017c rodzina Burkhart\u00f3w by\u0142a w bliskim zwi\u0105zku z rodzin\u0105 Smorawskich, z kt\u00f3rej pochodzi\u0142a moja prababcia Ma\u0142gorzata Honorata, \u017cona Johannesa\/Jana Burchard. Z aktu \u015blubu wynika, \u017ce m\u0105\u017c Katarzyny Burchart, Augustyn Adam Sznell, urodzony w Nowosolnej, syn Walentego i Filipiny z Rumil\u00f3w (w <em>Genetece<\/em> jako Rumik) zamieszka\u0142y we wsi Wola Rakowa (oko\u0142o 6 km od Kraszewa) by\u0142 wdowcem po El\u017cbiecie Smorawskiej, zmar\u0142ej w tym samym roku 1851. Troch\u0119 dziwny jest dopisek ksi\u0119dza z boku w odno\u015bniku, \u017ce \u201eKlara umar\u0142a\u2026\u201d. A wi\u0119c Klara czy El\u017cbieta? Chyba jednak El\u017cbieta, gdy\u017c z roku 1870 z parafii Mileszki pochodzi akt \u015blubu El\u017cbiety Sznel, c\u00f3rki Adama (Augustyna) i El\u017cbiety Smorawskiej, lat 20 (a wi\u0119c rocznik 1850), kt\u00f3ra po\u015blubi\u0142a Walentego Ciupi\u0144skiego z S\u0105sieczna, syna Kacpra i Zofii Bromi\u0144skiej. S\u0105sieczno jako samodzielna miejscowo\u015b\u0107 od roku 1867 nale\u017ca\u0142o do gminy Nowosolna. Od 1988 w\u0142\u0105czone do \u0141odzi.<\/p>\n\n\n\n<p>\u00d3w August Adam Sznel, urodzi\u0142 si\u0119, zgodnie z aktem urodzenia z <em>Geneteki<\/em>, w roku 1830 i by\u0142 synem Wendelina i Filipiny Sumilin.<\/p>\n\n\n\n<p>Miejscowo\u015b\u0107 Wola Rakowa, blisko Kraszewa, wskazywa\u0142a, \u017ce prawie na pewno chodzi o t\u0119 sam\u0105 rodzin\u0119 Smorawskich, z kt\u00f3rej pochodzi\u0142a moja przodkini. I rzeczywi\u015bcie w parafii Kurowice znajduje si\u0119 akt \u015blubu z roku 1849 El\u017cbiety Smorawskiej, c\u00f3rki Wojciecha i Ma\u0142gorzaty Majzel (w\u0142a\u015bciwe nazwisko Mayzer) i Augustyna Adama Sznel, syna Kacpra i Filipiny Lumil<strong>. A zatem El\u017cbieta to siostra mojej prababci, urodzona w roku 1833 (w parafii Kurowice jest akt urodzenia).<\/strong><\/p>\n\n\n\n<p>A jakie w\u0142a\u015bciwie nazwisko nosi\u0142a matka Augusta Adama, Filipina Sumilin, Rumik, Rumil czy Lumil, czort wie!<\/p>\n\n\n\n<p><strong>3. Wojciech<\/strong> (1827<strong>&#8211;<\/strong>1867 Wi\u0105czy\u0144 G\u00f3rny). W akcie zgonu zaznaczono, \u017ce to syn Adama i Ma\u0142gorzaty z Keller\u00f3w, wiek 40 lat (a wi\u0119c rocznik 1827). Zostawi\u0142 \u017con\u0119 <strong>Magdalen\u0119 z Fajt\u00f3w <\/strong>(Feit?). Odno\u015bnie do ma\u0142\u017conk\u00f3w Wojciecha i Magdaleny istnieje kilka dokument\u00f3w w<em> Genetece<\/em>. Problemem jest jedynie nazwisko panie\u0144skie \u017cony. Na pewno Wojciecha dotyczy akt zgonu dziecka z roku 1858, z parafii Kurowice, m\u00f3wi\u0105cy, \u017ce zmar\u0142 w Bukowcu <strong>Wojciech<\/strong>, lat 8 (rocznik 1850), syn <strong>Wojciecha i Magdaleny<\/strong> bez podania nazwiska panie\u0144skiego. Zgadza si\u0119 miejsce zamieszkania.<\/p>\n\n\n\n<p>W roku 1859 urodzi\u0142 si\u0119 w Bukowcu <strong>Jakub<\/strong>, syn kolonisty <strong>Wojciecha,<\/strong> lat 23 (a wi\u0119c rocznik 1836), i <strong>Magdaleny z Majer\u00f3w.<\/strong> Chrzestnym by\u0142 Jakub Burchard z Bukowca. Tu nie zgadza si\u0119 wiek Wojciecha, ale zgadza si\u0119 miejscowo\u015b\u0107 i imi\u0119 \u017cony. W roku 1861 urodzi\u0142 si\u0119 w Wi\u0105czyniu G\u00f3rnym Grzegorz, syn stelmacha <strong>Grzegorza, <\/strong>lat 34 (rocznik 1827),i <strong>Magdaleny z Majer\u00f3w. <\/strong>Tym razem ksi\u0105dz z Georga zrobi\u0142 Grzegorza. Poprawi\u0142 si\u0119 w roku 1865, gdy w Wi\u0105czyniu G\u00f3rnym dziecko zmar\u0142o jako Wojciech, lat 4, syn Wojciecha i Magdaleny. W roku 1866, 24 listopada, urodzi\u0142 si\u0119 w Wi\u0105czyniu G\u00f3rnym <strong>Andrzej, <\/strong>syn karczmarza<strong> Wojciecha, <\/strong>lat 39 (rocznik 1827)i<strong> Magdaleny z Majer\u00f3w.<\/strong><\/p>\n\n\n\n<p>Wydaje mi si\u0119, \u017ce wszystkie wymienione dokumenty dotycz\u0105 Wojciecha, syna Adama i Ma\u0142gorzaty Keller, urodzonego zapewne w Erfweiler w roku 1827, \u017conatego z Magdalen\u0105 Majer (Meier?, Maier?, Mayer?). Mo\u017cliwe, \u017ce Magdalena Fajt by\u0142a jego drug\u0105 \u017con\u0105 lub ksi\u0105dz si\u0119 pomyli\u0142. Z dokument\u00f3w wynika\u0142oby, \u017ce Wojciech mia\u0142 przynajmniej czterech syn\u00f3w: <strong>Wojciecha<\/strong> (1850 <strong>&#8211;<\/strong> 1858 Bukowiec), <strong>Jakuba<\/strong> (1859 Bukowiec <strong>&#8211;<\/strong> ?), <strong>Wojciecha<\/strong> (1861 Wi\u0105czy\u0144 G\u00f3rny <strong>&#8211;<\/strong> 1865 Wi\u0105czy\u0144 G\u00f3rny), i <strong>Andrzeja<\/strong> (1861 Wi\u0105czy\u0144 G\u00f3rny <strong>&#8211;<\/strong> ?). Omawiany Wojciech mieszka\u0142 w Bukowcu jeszcze w roku 1859, potem przeni\u00f3s\u0142 si\u0119 do Wi\u0105czynia G\u00f3rnego, gdzie zmar\u0142.<\/p>\n\n\n\n<p><strong>Rodzina Dauenhauer<\/strong><\/p>\n\n\n\n<p>Do Polski przyby\u0142a te\u017c rodzina krewnych\/powinowatych Burkhart\u00f3w nazwiskiem Dauenhauer. Od roku 1600 spotykamy Dauenhauer\u00f3w w Dahn, ale urodzony w roku 1705 Andreas przeni\u00f3s\u0142 si\u0119 do Erfweiler, tam rodzi\u0142y si\u0119 jego dzieci i tam zmar\u0142 w roku 1789. Tam te\u017c mieszkali jego zst\u0119pni.<\/p>\n\n\n\n<p><strong>Apollonia Dauenhauer<\/strong>, urodzona 9 I 1809 r. w Erfweiler, c\u00f3rka Matthiasa i Anny Marii M\u00f6rgen, po\u015blubi\u0142a w roku 1834 w Erfweiler Adolpha Matthiasa, brata mojego prapradziadka. Mieszkali po przybyciu do Polski w Antoniewie i Wi\u0105czyniu G\u00f3rnym.<\/p>\n\n\n\n<p>Niestety nie mo\u017cna dok\u0142adnie prze\u015bledzi\u0107 z jakiej linii Dauenhauer\u00f3w z Erfweiler pochodzi\u0142 Matthias, poniewa\u017c nieznani s\u0105 rodzice jego ojca Johannesa.<\/p>\n\n\n\n<p><em>Dane genealogiczne rodzic\u00f3w i rodze\u0144stwa Apollonii Dauenhauer, zam\u0119\u017cnej za Adolphem Matthiasem Burkhart<\/em><\/p>\n\n\n\n<figure class=\"wp-block-image size-full\"><img loading=\"lazy\" decoding=\"async\" width=\"933\" height=\"814\" src=\"https:\/\/www.burchard.net.pl\/wp-content\/uploads\/2023\/05\/image-87.png\" alt=\"\" class=\"wp-image-204\" srcset=\"https:\/\/www.burchard.net.pl\/wp-content\/uploads\/2023\/05\/image-87.png 933w, https:\/\/www.burchard.net.pl\/wp-content\/uploads\/2023\/05\/image-87-300x262.png 300w, https:\/\/www.burchard.net.pl\/wp-content\/uploads\/2023\/05\/image-87-768x670.png 768w\" sizes=\"auto, (max-width: 933px) 100vw, 933px\" \/><\/figure>\n\n\n\n<p style=\"font-size:10px\"><em>\u0179r\u00f3d\u0142o: <\/em><a href=\"https:\/\/www.birkenhoerdt.net\/getperson.php?personID=I94927&amp;tree=1\"><em>https:\/\/www.birkenhoerdt.net\/getperson.php?personID=I94927&amp;tree=1<\/em><\/a><em> (dost\u0119p 29.12.2022)<\/em><\/p>\n\n\n\n<p><\/p>\n\n\n\n<p>W parafii Mileszki jest akt zgonu z roku 1871 <strong>Katarzyny Szauer, z domu Tannenhauer<\/strong>,lat 57 (a wi\u0119c by\u0142aby urodzona w roku 1814), wdowy po Franzu\/Franciszku, urodzonej w Erfweiler, zmar\u0142ej w Nerach, c\u00f3rki Macieja (tak w akcie zgonu, ale bez w\u0105tpienia \u00f3w Maciej to niemiecki Matthias) i Anny Marii z domu Merklich. Z danych genealogicznych z <em>The Birkenh\u00f6rdt<\/em> <em>Project<\/em> wynika, \u017ce <strong>owa Katarzyna to Katharina, m\u0142odsza siostra Apollonii, bratowej mojego prapradziadka Martina.<\/strong> M\u0105\u017c jej, Franz Anton Schauer, urodzi\u0142 si\u0119 w Erfweiler w roku 1811. W Erfweiler we wrze\u015bniu roku 1842 urodzi\u0142 si\u0119 ich syn Andreas; data ta \u015bwiadczy, \u017ce jeszcze w tym czasie rodzina przebywa\u0142a&nbsp;w Erfweiler.<\/p>\n\n\n\n<p>Tu uwaga: Z nazwiska matki Kathariny M\u00f6rgen ksi\u0105dz zrobi\u0142 Merklich!<\/p>\n\n\n\n<p><em>Dane genealogiczne Katarzyny\/Katheriny Schauer, z domu Dauenhauer<\/em><\/p>\n\n\n\n<figure class=\"wp-block-image size-full\"><img loading=\"lazy\" decoding=\"async\" width=\"933\" height=\"598\" src=\"https:\/\/www.burchard.net.pl\/wp-content\/uploads\/2023\/05\/image-88.png\" alt=\"\" class=\"wp-image-205\" srcset=\"https:\/\/www.burchard.net.pl\/wp-content\/uploads\/2023\/05\/image-88.png 933w, https:\/\/www.burchard.net.pl\/wp-content\/uploads\/2023\/05\/image-88-300x192.png 300w, https:\/\/www.burchard.net.pl\/wp-content\/uploads\/2023\/05\/image-88-768x492.png 768w\" sizes=\"auto, (max-width: 933px) 100vw, 933px\" \/><\/figure>\n\n\n\n<p style=\"font-size:10px\"><em>\u0179r\u00f3d\u0142o: <\/em><a href=\"https:\/\/www.birkenhoerdt.net\/getperson.php?personID=I139605&amp;tree=1\"><em>https:\/\/www.birkenhoerdt.net\/getperson.php?personID=I139605&amp;tree=1<\/em><\/a><em> (dost\u0119p 29.12.2022)<\/em><\/p>\n\n\n\n<p><\/p>\n\n\n\n<p>Aktu \u015blubu <strong>Andreasa<\/strong>, syna Kathariny i Franza Antona w <em>Genetece<\/em> nie ma, ale z roku 1900 pochodzi akt zgonu z parafii Mileszki Andrzeja\/Andreasa Szauer z Andrzejewa, syna Franciszka i Katarzyny Dauenhauer. Wynika z niego, \u017ce by\u0142 \u017conaty, bo pozostawi\u0142 po sobie wdow\u0119 El\u017cbiet\u0119 Lebelt. W Mileszkach s\u0105 te\u017c dokumenty dotycz\u0105ce dzieci Andrzeja i El\u017cbiety: Katarzyny (1887 Andrzejew <strong>&#8211;<\/strong> 1883), Bernarda (1879 <strong>&#8211;<\/strong> ?), Walentego (1885 <strong>&#8211;<\/strong> ?), Matyldy, kt\u00f3ra w roku 1887 po\u015blubi\u0142a Karola Berger, Juliusza, kt\u00f3ry w roku 1887 po\u015blubi\u0142 Franciszk\u0119 Jerzy\u0144sk\u0105, Ann\u0119 \u2013 \u015blub 1889 z Walentym Biesiadzkim oraz Bernarda \u2013 w roku 1906 o\u017ceni\u0142 si\u0119 z Ann\u0105 Micha\u0142owicz. Na koniec pere\u0142ka: z roku 1900 pochodzi akt chrztu Anny, c\u00f3rki Andrzeja i El\u017cbiety Lebelt, kt\u00f3ra urodzi\u0142a si\u0119, gdy matka mia\u0142a 57 lat, a ojciec 58! Wynika te\u017c z tego, \u017ce Anna, kt\u00f3ra wysz\u0142a za Biesiadzkiego, zmar\u0142a przed t\u0105 dat\u0105.<\/p>\n\n\n\n<p><strong>Franciszek\/Franz Szauer\/Schauer i Katarzyna\/Katharina Dauenhauer<\/strong> na pewno mieli jeszcze c\u00f3rk\u0119 <strong>Ann\u0119 Mariann\u0119 (zapewne Ann\u0119 Mari\u0119)<\/strong>, kt\u00f3ra w roku 1873, w wieku 26 lat, po\u015blubi\u0142a w parafii Mileszki J\u00f3zefa Ciupi\u0144skiego, syna Marianny (ojca brak). W akcie \u015blubu matka Taunhauer. Marianna&nbsp;i J\u00f3zef mieli c\u00f3rk\u0119 Bert\u0119, kt\u00f3ra po\u015blubi\u0142a J\u00f3zefa Frauenfelder. Z roku 1915 pochodzi akt zgonu zmar\u0142ej w Nerach Anny Mariii Ciupi\u0144skiej, lat 68 z domu Szauer, c\u00f3rki Franciszka i Katarzyny Dauenhauer, urodzonej w Janowie. Z dat podanych na akcie \u015blubu i zgonu wynika, \u017ce Anna Marianna urodzi\u0142a si\u0119 w roku 1847, a zatem rodzina Schauer\/Szauer przed ta dat\u0105 przyby\u0142a do Polski.<\/p>\n\n\n\n<p>Inne dzieci Franciszka i Katarzyny to: <strong>J\u00f3zef<\/strong>, urodzony w Nerach w roku 1852. Matka Daunchauer, Chrzestni: Walenty Burkard i Anna Maryanna Dauenhauer, oraz <strong>Margarita<\/strong> (tak w akcie chrztu), urodzona w Nerach w roku 1861. Matka: Tanenhancer. Chrzestni: Marcin Burkard i Anna Maryanna Kajzer.<\/p>\n\n\n\n<p>W parafii Mileszki znajduje si\u0119 te\u017c akt \u015blubu kolejnej panny Dauenhauer, <strong>Anny Marii, siostry wy\u017cej wymienionych Apollonii, zam\u0119\u017cnej Burkhart i Katarzyny\/Kathariny zam\u0119\u017cnej Szauer\/Schauer. <\/strong>W akcie \u015blubu wymieniona jest jako<strong> Anna Maryanna Daunchaun. <\/strong>\u015alub odby\u0142 si\u0119 w styczniu roku 1853. Zgodnie z zapisem Anna Maryanna, lat 35 (a wi\u0119c rocznik 1818; w <em>The Birkenh\u00f6rdt Project<\/em> jest data 1817), zamieszka\u0142a w <em>Wi\u0105czeniu G\u00f3rnym<\/em>, urodzi\u0142a si\u0119 w Erfweiler, a rodzicami jej byli Mateusz i Anna Maryanna. Panem m\u0142odym by\u0142 Ferdynand Derm, lat 28 (sporo m\u0142odszy!), czeladnik szewski, zamieszka\u0142y w <em>Wi\u0105czeniu G\u00f3rnym<\/em>, urodzony w Ksi\u0119stwie Pozna\u0144skim w mie\u015bcie Forsztygal, syn Jana Gotliba, szewca ze Zgierza i Joanny Chrystyny z Meisner\u00f3w. \u015awiadkiem by\u0142 Mateusz Burkart, lat 44, krawiec (brat mojego prapradziadka).<\/p>\n\n\n\n<p><em>Akt \u015blubu Anny Maryanny Dauenhauer i Ferdynanda Derm<\/em><\/p>\n\n\n\n<figure class=\"wp-block-image size-full\"><img loading=\"lazy\" decoding=\"async\" width=\"933\" height=\"762\" src=\"https:\/\/www.burchard.net.pl\/wp-content\/uploads\/2023\/05\/image-89.png\" alt=\"\" class=\"wp-image-206\" srcset=\"https:\/\/www.burchard.net.pl\/wp-content\/uploads\/2023\/05\/image-89.png 933w, https:\/\/www.burchard.net.pl\/wp-content\/uploads\/2023\/05\/image-89-300x245.png 300w, https:\/\/www.burchard.net.pl\/wp-content\/uploads\/2023\/05\/image-89-768x627.png 768w\" sizes=\"auto, (max-width: 933px) 100vw, 933px\" \/><\/figure>\n\n\n\n<p style=\"font-size:10px\"><em>\u0179r\u00f3d\u0142o:<\/em><\/p>\n\n\n\n<p style=\"font-size:10px\"><em>Wyniki wyszukiwania dla osoby Marianna Dauchaun:<\/em> <a href=\"https:\/\/geneteka.genealodzy.pl\/index.php?op=gt&amp;lang=eng&amp;bdm=S&amp;w=05ld&amp;rid=S&amp;search_lastname=Dauchaun&amp;search_name=Marianna&amp;search_lastname2=&amp;search_name2=&amp;from_date=&amp;to_date=\">https:\/\/geneteka.genealodzy.pl\/index.php?op=gt&amp;lang=eng&amp;bdm=S&amp;w=05ld&amp;rid=S&amp;search_lastname=Dauchaun&amp;search_name=Marianna&amp;search_lastname2=&amp;search_name2=&amp;from_date=&amp;to_date=<\/a><\/p>\n\n\n\n<p style=\"font-size:10px\"><em>Skan:<\/em> <a href=\"https:\/\/metryki.genealodzy.pl\/index.php?op=pg&amp;ar=3&amp;zs=1589d&amp;se=&amp;sy=1853&amp;kt=2&amp;plik=07-10.jpg&amp;x=1096&amp;y=156&amp;zoom=1.75\"><em>https:\/\/metryki.genealodzy.pl\/index.php?op=pg&amp;ar=3&amp;zs=1589d&amp;se=&amp;sy=1853&amp;kt=2&amp;plik=07-10.jpg&amp;x=1096&amp;y=156&amp;zoom=1.75<\/em><\/a><em> (wpis nr 9, dost\u0119p 29.12.2022)<\/em><\/p>\n\n\n\n<p><\/p>\n\n\n\n<p>W parafii Mileszki jest te\u017c akt zgonu z pa\u017adziernika roku 1855 Anny Maryanny Derm, zmar\u0142ej&nbsp;w <em>Wi\u0105czeniu<\/em>, lat 38, kt\u00f3ra pozostawi\u0142a wdowca Ferdynanda.<\/p>\n\n\n\n<p>Ferdynand Derm oraz Katarzyna Burkard (Burhard) pojawiaj\u0105 si\u0119 jako chrzestni urodzonej w roku 1854 w Nerach Katarzyny, c\u00f3rki Franciszka Szauer, lat 42 (a wi\u0119c rocznik 1812) i Katarzyny z Mirch\u00f3w, lat 31 (rocznik 1823). \u015awiadkami byli Mateusz Burkard, lat 52, i Walenty Burkard, lat 40, obaj gospodarze w Wi\u0105czyniu. Wiek obu Burkkard\u00f3w (Burhard\u00f3w) nie zgadza si\u0119 z datami urodzenia znanych mi cz\u0142onk\u00f3w rodziny o tych imionach \u2013 Adolph Matthias urodzi\u0142 si\u0119 w roku 1808, jego brat Walenty \u2013&nbsp;w 1806 r. Inny Walenty \u2013 w 1829 r.<\/p>\n\n\n\n<p><em>Akt chrztu Katarzyny Szauer z podpisami Burkhart\u00f3w, o kt\u00f3rych ksi\u0119\u017ca uparcie twierdzili, \u017ce nie umiej\u0105 pisa\u0107. Erfweiler ju\u017c w roku 1792 mia\u0142o swojego nauczyciela, wi\u0119c umieli pisa\u0107!<\/em><\/p>\n\n\n\n<figure class=\"wp-block-image size-full\"><img loading=\"lazy\" decoding=\"async\" width=\"933\" height=\"376\" src=\"https:\/\/www.burchard.net.pl\/wp-content\/uploads\/2023\/05\/image-90.png\" alt=\"\" class=\"wp-image-207\" srcset=\"https:\/\/www.burchard.net.pl\/wp-content\/uploads\/2023\/05\/image-90.png 933w, https:\/\/www.burchard.net.pl\/wp-content\/uploads\/2023\/05\/image-90-300x121.png 300w, https:\/\/www.burchard.net.pl\/wp-content\/uploads\/2023\/05\/image-90-768x310.png 768w\" sizes=\"auto, (max-width: 933px) 100vw, 933px\" \/><\/figure>\n\n\n\n<p style=\"font-size:10px\"><em>\u0179r\u00f3d\u0142o:<\/em><\/p>\n\n\n\n<p style=\"font-size:10px\"><em>Wyniki wyszukiwania dla osoby Katarzyna Szauer:<\/em> <a href=\"https:\/\/geneteka.genealodzy.pl\/index.php?op=gt&amp;lang=eng&amp;bdm=B&amp;w=05ld&amp;rid=B&amp;search_lastname=Szauer&amp;search_name=Katarzyna&amp;search_lastname2=&amp;search_name2=&amp;from_date=&amp;to_date=&amp;rpp1=&amp;ordertable=\">https:\/\/geneteka.genealodzy.pl\/index.php?op=gt&amp;lang=eng&amp;bdm=B&amp;w=05ld&amp;rid=B&amp;search_lastname=Szauer&amp;search_name=Katarzyna&amp;search_lastname2=&amp;search_name2=&amp;from_date=&amp;to_date=&amp;rpp1=&amp;ordertable=<\/a><\/p>\n\n\n\n<p style=\"font-size:10px\"><em>Skan:<\/em> <a href=\"https:\/\/metryki.genealodzy.pl\/index.php?op=pg&amp;ar=3&amp;zs=1589d&amp;se=&amp;sy=1854&amp;kt=1&amp;plik=100-107.jpg&amp;x=89&amp;y=1249&amp;zoom=1\"><em>https:\/\/metryki.genealodzy.pl\/index.php?op=pg&amp;ar=3&amp;zs=1589d&amp;se=&amp;sy=1854&amp;kt=1&amp;plik=100-107.jpg&amp;x=89&amp;y=1249&amp;zoom=1<\/em><\/a><em> (wpis nr 102, dost\u0119p 29.12.2022)<\/em><\/p>\n\n\n\n<p><\/p>\n\n\n\n<p>Katarzyna Szauer, c\u00f3rka Franciszka i Katarzyny Mirch po\u015blubi\u0142a w roku 1884 J\u00f3zefa Fidler. Zmar\u0142a w roku 1910. A akcie zgonu matka jako Mirch.<\/p>\n\n\n\n<p>W roku 1858 urodzi\u0142a si\u0119 w Nerach kolejna c\u00f3rka Franciszka Szauer, lat 45 (a wi\u0119c rok urodzenia 1813) i Katarzyny z Merch\u00f3w, Magdalena. Chrzestnymi byli Adam Burkard i Katarzyna Bernhard, a \u015bwiadkiem by\u0142 J\u00f3zef Burhard, lat 42, gospodarz z Ner\u00f3w. Ten ostatni z to zapewne brat mojego prapradziadka.<\/p>\n\n\n\n<p>W roku 1874 \u015blub bra\u0142 Walenty, syn Franciszka Szauer i Katarzyny Mierchyn.<\/p>\n\n\n\n<p>Z akt\u00f3w tych wynika, \u017ce pr\u00f3cz Franza Antona Schauer i jego rodziny do Polski przyby\u0142 te\u017c inny Franz\/Franciszek Szauer\/Schauer, urodzony 1812\/1813, \u017conaty z Katarzyn\u0105, kt\u00f3rej nazwisko przeros\u0142o ksi\u0119dza \u2013 Mirh, Mirch, Merch, Mierchyn. Tej pary nie potrafi\u0119 zweryfikowa\u0107. Z powy\u017cszych dokument\u00f3w wynika jednak, \u017ce bliskie wi\u0119zi \u0142\u0105czy\u0142y ich z Burkhartami, a zatem byli to zapewne kolejni powinowaci.<\/p>\n\n\n\n<p>Inni cz\u0142onkowie rodziny <strong>Dauenhauer<\/strong> w Polsce to potomkowie <strong>Balcera\/Balthasara i Ma\u0142gorzaty\/Margarethy Szrajner\/Schreiner.<\/strong><\/p>\n\n\n\n<p>Ta linia rodziny jest \u0142atwiejsza do zidentyfikowana, gdy\u017c wywodzi si\u0119 od Maternusa, urodzonego w roku 1600 w Dahn.<\/p>\n\n\n\n<p class=\"has-medium-font-size\"><em>The Birkenh\u00f6rdt Project podaje dane Balthasara Dauenhauer i Ma\u0142gorzaty Szrainer\/Schreiner, rodzic\u00f3w Mateusza\/Matthiasa i Katarzyny\/Kathariny Dauenhauer<\/em><\/p>\n\n\n\n<figure class=\"wp-block-image size-full\"><img loading=\"lazy\" decoding=\"async\" width=\"850\" height=\"701\" src=\"https:\/\/www.burchard.net.pl\/wp-content\/uploads\/2023\/05\/image-91.png\" alt=\"\" class=\"wp-image-208\" srcset=\"https:\/\/www.burchard.net.pl\/wp-content\/uploads\/2023\/05\/image-91.png 850w, https:\/\/www.burchard.net.pl\/wp-content\/uploads\/2023\/05\/image-91-300x247.png 300w, https:\/\/www.burchard.net.pl\/wp-content\/uploads\/2023\/05\/image-91-768x633.png 768w\" sizes=\"auto, (max-width: 850px) 100vw, 850px\" \/><\/figure>\n\n\n\n<p style=\"font-size:10px\"><em>\u0179r\u00f3d\u0142o: <\/em><a href=\"https:\/\/www.birkenhoerdt.net\/getperson.php?personID=I47425&amp;tree=1\"><em>https:\/\/www.birkenhoerdt.net\/getperson.php?personID=I47425&amp;tree=1<\/em><\/a><em> (dost\u0119p 29.12.2022)<\/em><\/p>\n\n\n\n<p><\/p>\n\n\n\n<p>Z trojga pozosta\u0142ych dzieci Balthasara dwoje zmar\u0142o w Erfweiler. Czy Anna Barbara przyjecha\u0142a do Polski, nie wiem<strong>.<\/strong><\/p>\n\n\n\n<p>Okazuje si\u0119 jednak, \u017ce Balthasar i Ma\u0142gorzata na pewno mieli jeszcze jednego syna, imieniem Heinrych (a wi\u0119c Heinrich), poniewa\u017c w parafii Mileszki znajduje si\u0119 jego akt zgonu.<\/p>\n\n\n\n<p><em>Akt zgonu Hainrycha Tanenhauer, syna Balcera i Ma\u0142gorzaty z roku 1858<\/em><\/p>\n\n\n\n<figure class=\"wp-block-image size-full\"><img loading=\"lazy\" decoding=\"async\" width=\"945\" height=\"266\" src=\"https:\/\/www.burchard.net.pl\/wp-content\/uploads\/2023\/05\/image-92.png\" alt=\"\" class=\"wp-image-209\" srcset=\"https:\/\/www.burchard.net.pl\/wp-content\/uploads\/2023\/05\/image-92.png 945w, https:\/\/www.burchard.net.pl\/wp-content\/uploads\/2023\/05\/image-92-300x84.png 300w, https:\/\/www.burchard.net.pl\/wp-content\/uploads\/2023\/05\/image-92-768x216.png 768w\" sizes=\"auto, (max-width: 945px) 100vw, 945px\" \/><\/figure>\n\n\n\n<p style=\"font-size:10px\"><em>\u0179r\u00f3d\u0142o:<\/em><\/p>\n\n\n\n<p style=\"font-size:10px\"><em>Wyniki wyszukiwania dla osoby Henryk Tanenhaner:<\/em> <a href=\"https:\/\/geneteka.genealodzy.pl\/index.php?op=gt&amp;lang=pol&amp;bdm=D&amp;w=05ld&amp;rid=2989&amp;search_lastname=Tanenhaner&amp;search_name=Henryk&amp;search_lastname2=&amp;search_name2=&amp;from_date=&amp;to_date=\">https:\/\/geneteka.genealodzy.pl\/index.php?op=gt&amp;lang=pol&amp;bdm=D&amp;w=05ld&amp;rid=2989&amp;search_lastname=Tanenhaner&amp;search_name=Henryk&amp;search_lastname2=&amp;search_name2=&amp;from_date=&amp;to_date=<\/a><\/p>\n\n\n\n<p style=\"font-size:10px\"><em>Skan:<\/em> <a href=\"https:\/\/metryki.genealodzy.pl\/index.php?op=pg&amp;ar=3&amp;zs=1589d&amp;sy=1858&amp;kt=3&amp;plik=33-43.jpg\"><em>https:\/\/metryki.genealodzy.pl\/index.php?op=pg&amp;ar=3&amp;zs=1589d&amp;sy=1858&amp;kt=3&amp;plik=33-43.jpg<\/em><\/a><em> (wpis nr 39, dost\u0119p 30.12.2022)<\/em><\/p>\n\n\n\n<p><\/p>\n\n\n\n<p>Z aktu zgonu wynika, \u017ce Heinrich by\u0142 wyrobnikiem w Wi\u0105czyniu G\u00f3rnym. Zmar\u0142 w roku 1858 maj\u0105c lat 20, a wi\u0119c urodzi\u0142 si\u0119 w roku 1838. Zgon zg\u0142osili Burhardzi: Walenty (Valentin), lat 29 i Wojciech (Georg), lat 60. W drugim przypadku chodzi zapewne o Georga Burkharta, urodzonego w roku 1794, syna Georga Johanna, urodzonego w 1770 r. W pierwszym przypadku chodzi o syna Wojciecha (Georga) \u2013 Walenty urodzi\u0142 si\u0119 w roku 1829.<\/p>\n\n\n\n<p><strong>Balthasar Dauenhauer<\/strong> zmar\u0142 w Wi\u0105czyniu G\u00f3rnym, w roku 1896. Zapisany jest jako Tannenhauer, syn Walentego (niemieckie imi\u0119 Johannes Valentin) i Barbary (niemieckie imi\u0119 Maria Barbara), co si\u0119 zgadza. Dwoje jego znanych nam dzieci, Katarzyn\/Katharina i Mateusz\/Matthias, zawar\u0142o zwi\u0105zki ma\u0142\u017ce\u0144skie z Burkhartami, krewnymi braci Burkhart\u00f3w.<\/p>\n\n\n\n<p>Wy\u017cej wspomniany <strong>Walenty Burkhart, <\/strong>urodzony w roku 1829, syn Wojciecha\/Georga i Katarzyny\/Kathariny K\u00f6hler<strong>,<\/strong> po\u015blubi\u0142 w Mileszkach w roku 1852 <strong>Katarzyn\u0119 Dauenhauer, <\/strong>urodzon\u0105 w Schindhard 15 VIII 1928 r. (akt \u015blubu patrz wy\u017cej), c\u00f3rk\u0119 <strong>Balcera\/Balthasara&nbsp;i Ma\u0142gorzaty\/Margaretha.<\/strong> Mieszkali oni w Wi\u0105czyniu G\u00f3rnym, gdzie mieszka\u0142 te\u017c Martin, m\u00f3j prapradziadek i \u2013 przej\u015bciowo \u2013 brat Martina Adolph Matthias; wida\u0107, \u017ce krewni starali si\u0119 trzyma\u0107 razem.<\/p>\n\n\n\n<h4 class=\"wp-block-heading has-medium-font-size\"><strong>Dzieci Walentego Burkhart i Katarzyny Dauenhauer:<\/strong><\/h4>\n\n\n\n<p><strong>1. Ma\u0142gorzata po m\u0119\u017cu Frank <\/strong>(1853 Wi\u0105czy\u0144 G\u00f3rny <strong>&#8211;<\/strong> 1917 Popielarnia). Imi\u0119 ewidentnie po babci macierzystej. Nazwisko na akcie chrztu Burhard. Z aktu \u015blubu Ma\u0142gorzaty, gdzie matka jej zapisana jest jako Danenchauer, zawartego w roku 1910 w \u0141odzi w parafii \u015bw. Krzy\u017ca wynika, \u017ce m\u0105\u017c nazywa\u0142 si\u0119 Jan Franke (w <em>Genetece<\/em> zapisano Frank) i by\u0142 synem Roberta Frank i Sybilli Burchardt. A wi\u0119c zn\u00f3w \u015blub w rodzinie! Ma\u0142gorzata i jej m\u0105\u017c byli kuzynami \u2013 ojciec jej Walenty by\u0142 bratem Sybilli, te\u015bciowej Ma\u0142gorzaty! W akcie zgonu Ma\u0142gorzaty zapisano, \u017ce nazywa\u0142a si\u0119 Franke, a wdowiec po niej to Jan Wojciech Franke, robotnik. Zapisano te\u017c, \u017ce Ma\u0142gorzata mia\u0142a 64 lata.<\/p>\n\n\n\n<p><strong>2. Katarzyna<\/strong> (1859 Wi\u0105czy\u0144 G\u00f3rny <strong>&#8211;<\/strong> ?)<\/p>\n\n\n\n<p><strong>3. Teodor <\/strong>(1862 Wi\u0105czy\u0144 G\u00f3rny <strong>&#8211;<\/strong> ?). W akcie chrztu jako Teodor Burkart. Pod nazwiskiem Burchat (matka: Tannhaur!) w roku 1895 po\u015blubi\u0142 w parafii Inow\u0142\u00f3dz (miejscowo\u015b\u0107 Kr\u00f3lowa Wola) Barbar\u0119 Mincer (zapewne M\u00fcnzer), c\u00f3rk\u0119 Piotra i Petroneli Durczt.<\/p>\n\n\n\n<p><strong>4. El\u017cbieta<\/strong> (30 VIII 1864 Wi\u0105czy\u0144 G\u00f3rny <strong>&#8211;<\/strong> ?) Ojciec zapisany jako komornik, matka Katarzyna Frauenhammer\/Frauenhauer.<\/p>\n\n\n\n<p><strong>5. Jan<\/strong> (1867 Kr\u00f3lowa Wola parafia Inow\u0142\u00f3dz <strong>&#8211; <\/strong>?). Matka zapisana jako Danenchauer.<\/p>\n\n\n\n<p>Brat Katarzyny Dauenhauer, <strong>Mateusz Dauenhauer <\/strong>(w roku 1861, w akcie \u015blubu Apolonii Burkart, siostry \u017cony, z Wawrzy\u0144cem Kelleur, Mateusz okre\u015blony jest jako stolarz), urodzony w Erfweiler 9&nbsp;VII&nbsp;1930, syn Balcera\/Balthasara (1800 Erfweiler <strong>&#8211;<\/strong> ? Polska, najprawdopodobniej Wi\u0105czy\u0144 G\u00f3rny)&nbsp;i Ma\u0142gorzaty Szrajner\/Schreiner (1806 Schindhard <strong>&#8211;<\/strong> ? Erfweiler), mieszka\u0142 przy ojcu w Wi\u0105czyniu (matka zmar\u0142a, zgodnie z <em>The Birkenh\u00f6rdt<\/em> <em>Project<\/em>, w Erfweiler) zmar\u0142 w Mileszkach w roku 1906. W roku 1856 po\u015blubi\u0142 maj\u0105c lat 23 w parafii Mileszki <strong>Maryann\u0119 Burkhart <\/strong>(w\u0142a\u015bciwe imi\u0119 Maria Anna).<\/p>\n\n\n\n<p>Z dokument\u00f3w wynika, \u017ce rodze\u0144stwo Walenty i Maria Anna Burkhart, dzieci Wojciecha\/Georga&nbsp;i Katarzyny\/Kathariny K\u00f6hler, po\u015blubili rodze\u0144stwo Katarzyn\u0119 i Mateusza Dauenhauer\u00f3w, dzieci Balcera\/Balthasara i Ma\u0142gorzaty\/Margarethy Szrajner\/Schreiner.<\/p>\n\n\n\n<p><em>Akt \u015blubu Mateusza Dauenhauer (zapisanego jako Danonchanor lub Danonchaner) i Marii Anny Burkhart<\/em><\/p>\n\n\n\n<figure class=\"wp-block-image size-full\"><img loading=\"lazy\" decoding=\"async\" width=\"945\" height=\"398\" src=\"https:\/\/www.burchard.net.pl\/wp-content\/uploads\/2023\/05\/image-93.png\" alt=\"\" class=\"wp-image-210\" srcset=\"https:\/\/www.burchard.net.pl\/wp-content\/uploads\/2023\/05\/image-93.png 945w, https:\/\/www.burchard.net.pl\/wp-content\/uploads\/2023\/05\/image-93-300x126.png 300w, https:\/\/www.burchard.net.pl\/wp-content\/uploads\/2023\/05\/image-93-768x323.png 768w\" sizes=\"auto, (max-width: 945px) 100vw, 945px\" \/><\/figure>\n\n\n\n<p style=\"font-size:10px\"><em>\u0179r\u00f3d\u0142o:<\/em><\/p>\n\n\n\n<p style=\"font-size:10px\"><em>Wyniki wyszukiwania dla osoby Mateusz Danenhaner:<\/em> <a href=\"https:\/\/geneteka.genealodzy.pl\/index.php?op=gt&amp;lang=pol&amp;bdm=S&amp;w=05ld&amp;rid=1320&amp;search_lastname=Danenhaner&amp;search_name=Mateusz&amp;search_lastname2=&amp;search_name2=&amp;from_date=&amp;to_date=\">https:\/\/geneteka.genealodzy.pl\/index.php?op=gt&amp;lang=pol&amp;bdm=S&amp;w=05ld&amp;rid=1320&amp;search_lastname=Danenhaner&amp;search_name=Mateusz&amp;search_lastname2=&amp;search_name2=&amp;from_date=&amp;to_date=<\/a><\/p>\n\n\n\n<p style=\"font-size:10px\"><em>Skan:<\/em> <a href=\"https:\/\/metryki.genealodzy.pl\/index.php?op=pg&amp;ar=3&amp;zs=1589d&amp;se=&amp;sy=1856&amp;kt=2&amp;plik=10-15.jpg&amp;x=130&amp;y=46&amp;zoom=1\"><em>https:\/\/metryki.genealodzy.pl\/index.php?op=pg&amp;ar=3&amp;zs=1589d&amp;se=&amp;sy=1856&amp;kt=2&amp;plik=10-15.jpg&amp;x=130&amp;y=46&amp;zoom=1<\/em><\/a><em> (wpis nr 10, dost\u0119p 30.12.2022)<\/em><\/p>\n\n\n\n<p><\/p>\n\n\n\n<p>Pod aktem podpisa\u0142a si\u0119 panna m\u0142oda: Maria Anna Burkhard.<\/p>\n\n\n\n<p>Tu uwaga: w dokumentach z <em>The Birkenh\u00f6rdt Project<\/em> nie wyst\u0119puje imi\u0119 Marianna, a jedynie Maria Anna lub Anna Maria. Ksi\u0105dz w Polsce nie dopuszcza\u0142 jednak mo\u017cliwo\u015bci, by parafianka mia\u0142a na imi\u0119 Maria.<\/p>\n\n\n\n<p>Z podpisu panny m\u0142odej na akcie \u015blubu wyra\u017anie wynika, \u017ce nazywa\u0142a si\u0119 ona <strong>Maria Anna <\/strong>i by\u0142a c\u00f3rk\u0105 <strong>Wojciecha, czyli Georga (1794 Erfweiler &#8211; po 1858 najprawdopodobniej Wi\u0105czy\u0144 G\u00f3rny) i Katarzyny, czyli Kathariny, <\/strong>jak ustalono z domu K\u00f6hler (1792 Busenberg <strong>&#8211;<\/strong> 1852 Wi\u0105czy\u0144) <strong>Burhard\u00f3w<\/strong>. W chwili \u015blubu mia\u0142a lat 23 (a wi\u0119c rocznik 1833), urodzi\u0142a si\u0119 w <strong>Erweyler, <\/strong>mieszka\u0142a przy ojcu w Wi\u0105czyniu. By\u0142a siostr\u0105 Sybilli i Walentego. Zmar\u0142a w Popielarni w roku 1893 maj\u0105c lat 60. Zgon zg\u0142osi\u0142 Wawrzyniec Keler. Wiadomo mi tylko o o\u015bmiorgu dzieciach, kt\u00f3re mia\u0142a z Mateuszem Dauenhauer \u2013 co ciekawe, dwoje dzieci wesz\u0142o w zwi\u0105zki ma\u0142\u017ce\u0144skie z krewniakami \u2013 dalszymi \u2013 Burkhartami.<\/p>\n\n\n\n<p><strong>Dzieci Mateusza\/Matthiasa Dauenhauer i Marii Anny Burkhart:<\/strong><\/p>\n\n\n\n<p>(rok urodzenia dzieci obliczony z wieku podanego w akcie \u015blubu)<\/p>\n\n\n\n<p><strong>1. Ma\u0142gorzata<\/strong> <strong>po m\u0119\u017cu Szrajnert<\/strong> (1860 Wi\u0105czy\u0144 G\u00f3rny <strong>&#8211;<\/strong> 1895); imi\u0119 po babci. W roku 1883 jako Tauenhauer po\u015blubi\u0142a <strong>Piotra Szrajner<\/strong>, syna Jana i Rozalii Rozentret. P\u00f3\u017aniej Piotr wyst\u0119puje jako <strong>Szrajnert<\/strong>. W Mileszkach jest jej akt zgonu z roku 1895 w wieku 35 lat. Pozostawi\u0142a wdowca, rolnika <strong>Piotra Szrajnert<\/strong>. Mia\u0142a z nim dzieci: Rajnolda (1885 <strong>&#8211;<\/strong> ?, w akcie chrztu matka zapisana jako Dauenhart), Mariann\u0119, urodzon\u0105 w roku 1888, kt\u00f3ra w roku 1911 po\u015blubi\u0142a Aleksandra Kegler, syna Jana i Ewy Becht, oraz Emili\u0119 (1893 <strong>&#8211;<\/strong> ?).<\/p>\n\n\n\n<p><strong>2. Sybilla <\/strong>(1858 Wi\u0105czy\u0144 G\u00f3rny <strong>&#8211;<\/strong> ?). W akcie chrztu jako Sybilla Daunaur!<\/p>\n\n\n\n<p><em>Akt chrztu Sybilli<\/em><\/p>\n\n\n\n<figure class=\"wp-block-image size-full\"><img loading=\"lazy\" decoding=\"async\" width=\"933\" height=\"480\" src=\"https:\/\/www.burchard.net.pl\/wp-content\/uploads\/2023\/05\/image-94.png\" alt=\"\" class=\"wp-image-211\" srcset=\"https:\/\/www.burchard.net.pl\/wp-content\/uploads\/2023\/05\/image-94.png 933w, https:\/\/www.burchard.net.pl\/wp-content\/uploads\/2023\/05\/image-94-300x154.png 300w, https:\/\/www.burchard.net.pl\/wp-content\/uploads\/2023\/05\/image-94-768x395.png 768w\" sizes=\"auto, (max-width: 933px) 100vw, 933px\" \/><\/figure>\n\n\n\n<p style=\"font-size:10px\"><em>\u0179r\u00f3d\u0142o:<\/em><\/p>\n\n\n\n<p style=\"font-size:10px\"><em>Wyniki wyszukiwania dla osoby Sybilla Daunaur:<\/em> <a href=\"https:\/\/geneteka.genealodzy.pl\/index.php?op=gt&amp;lang=eng&amp;bdm=B&amp;w=05ld&amp;rid=B&amp;search_lastname=Daunaur&amp;search_name=Sybilla&amp;search_lastname2=&amp;search_name2=&amp;from_date=&amp;to_date=&amp;rpp1=&amp;ordertable=\">https:\/\/geneteka.genealodzy.pl\/index.php?op=gt&amp;lang=eng&amp;bdm=B&amp;w=05ld&amp;rid=B&amp;search_lastname=Daunaur&amp;search_name=Sybilla&amp;search_lastname2=&amp;search_name2=&amp;from_date=&amp;to_date=&amp;rpp1=&amp;ordertable=<\/a><\/p>\n\n\n\n<p style=\"font-size:10px\"><em>Skan:<\/em> <a href=\"https:\/\/metryki.genealodzy.pl\/index.php?op=pg&amp;ar=3&amp;zs=1589d&amp;se=&amp;sy=1858&amp;kt=1&amp;plik=125-132.jpg&amp;x=1477&amp;y=1752&amp;zoom=1.25\"><em>https:\/\/metryki.genealodzy.pl\/index.php?op=pg&amp;ar=3&amp;zs=1589d&amp;se=&amp;sy=1858&amp;kt=1&amp;plik=125-132.jpg&amp;x=1477&amp;y=1752&amp;zoom=1.25<\/em><\/a><em> (wpis nr 132, dost\u0119p 29.12.2022)<\/em><\/p>\n\n\n\n<p><\/p>\n\n\n\n<p>Chrzestni: Walenty Burkard, komornik, i Sybilla Burkard. \u015awiadkowie: Teodor Kuman, komornik, lat 29, i Robert Frank, gospodarz, lat 44.<\/p>\n\n\n\n<p><strong>3. Wawrzyniec <\/strong>(1863 <strong>&#8211;<\/strong> ?), zapewne niemieckie Lorenz, syn Mateusza i Marianny Burchart. Po\u015blubi\u0142 maj\u0105c lat 30 w roku 1893 Katarzyn\u0119 Cichelsk\u0105 bez podania imion rodzic\u00f3w. Mieli spor\u0105 gromadk\u0119 dzieci: Mariann\u0119 (1895 <strong>&#8211;<\/strong> ?), kt\u00f3ra po\u015blubi\u0142a w roku 1913 J\u00f3zefa Keller, syna Jakuba i Franciszki Frydrych, Emili\u0119 (1897<strong>&#8211;<\/strong>1805), Juliann\u0119 (1899 <strong>&#8211; <\/strong>?), Helen\u0119 (1900 <strong>&#8211;<\/strong> ?), Rozali\u0119 (? <strong>&#8211;<\/strong> 1902), Roberta (1903 <strong>&#8211;<\/strong> 1905), Walentego (1908 <strong>&#8211;<\/strong> ?) i Mart\u0119 (1910 <strong>&#8211;<\/strong> ?).<\/p>\n\n\n\n<p><strong>4. Katarzyna po m\u0119\u017cu Szrajnert <\/strong>(1866 <strong>&#8211;<\/strong> ?), okre\u015blona jako c\u00f3rka Mateusza i Anny Burchard. W wieku 30 lat po\u015blubi\u0142a w roku 1896 w parafii Mileszki <strong>Piotra Szrajnert<\/strong>, syna Jana i Rozalii Rosentret, wdowca po swojej siostrze Ma\u0142gorzacie. W roku 1897 urodzi\u0142a si\u0119 w Wi\u0105czyniu c\u00f3rka Rozalia. Piotr zmar\u0142&nbsp;w roku 1942.<\/p>\n\n\n\n<p><strong>5. Bernard <\/strong>(1868 <strong>&#8211;<\/strong> ?),syn Mateusza Dauenhauer i Marianny Burchart. Maj\u0105c lat 29 po\u015blubi\u0142 w roku 1897 <strong>Bert\u0119 Burchard<\/strong> (1878 <strong>&#8211;<\/strong> ?), c\u00f3rk\u0119 Jana i Magdaleny Sznel (nazywa\u0142a si\u0119 Szmelich). Jan by\u0142 synem Josepha (1815<strong>&#8211;<\/strong>1891), brata mojego prapradziadka Martina. Bernard Dauenhauer i Marianna Burchart mieli, o ile mi wiadomo, sze\u015bcioro dzieci: J\u00f3zefa (1898<strong>&#8211;<\/strong>1898), Mariann\u0119 (1899 <strong>&#8211;<\/strong> ?), Ann\u0119 (1903<strong>&#8211;<\/strong>1903), Adama (1905<strong>&#8211;<\/strong>1905), Ew\u0119 (1906 <strong>&#8211;<\/strong> ?), kt\u00f3ra w roku 1925 po\u015blubi\u0142a Adama Frauenfelder, i Emili\u0119 (1909<strong>&#8211;<\/strong>1909).<\/p>\n\n\n\n<p><strong>6. Maria (Marianna) po m\u0119\u017cu Burchard <\/strong>(1869 <strong>&#8211;<\/strong> ?), okre\u015blona w akcie \u015blubu jako c\u00f3rka Mateusza i Anny Marii Burchard. W aktach chrztu dzieci wyst\u0119puje jako Marianna. Maria w wieku 30 lat po\u015blubi\u0142a w roku 1899 <strong>Bernarda Burchard<\/strong> (1873 <strong>&#8211;<\/strong> ?), syna Bernarda i Rozalii Szrajnert, a wnuka Georga\/Wojciecha (1810<strong>&#8211;<\/strong>1874), brata mojego prapradziadka Martina. Marianna i Bernard mieli pi\u0119cioro dzieci, urodzonych w Budach-Stokach: Roberta (1900<strong>&#8211;<\/strong>1900), J\u00f3zefa (1901<strong>&#8211;<\/strong>1901), Emili\u0119 (1902 <strong>&#8211;<\/strong> ?), Mart\u0119 (1906 <strong>&#8211;<\/strong> ?) i Antoniego (1908 <strong>&#8211;<\/strong> ?).<\/p>\n\n\n\n<p><strong>7. Anna<\/strong> <strong>Marianna po m\u0119\u017cu Protz <\/strong>(1871 <strong>&#8211;<\/strong> ?),okre\u015blona jako c\u00f3rka Mateusza i Marianny Burchard. Po\u015blubi\u0142a w roku 1894, maj\u0105c 23 lata (a wi\u0119c rocznik 1871) <strong>Stanis\u0142awa Protz<\/strong>. Mieli c\u00f3rk\u0119 Ew\u0119, urodzon\u0105 w Budach Stokowskich.<\/p>\n\n\n\n<p><strong>8<\/strong>. <strong>Antoni <\/strong>(1874 <strong>&#8211;<\/strong> ?),okre\u015blony jako syn Mateusza i Anny Marianny Burchard. Po\u015blubi\u0142 on w roku 1902 <strong>Franciszk\u0119 Rajchert<\/strong>, c\u00f3rk\u0119 Marcina i Franciszki Frauenfelder. Mia\u0142 28 lat, a wi\u0119c urodzi\u0142 si\u0119 w roku 1874. Para mia\u0142a syna Mateusza, urodzonego w roku 1916.<\/p>\n\n\n\n<p><strong>Rodzina Ehrhard\/Erhard<\/strong><\/p>\n\n\n\n<p>Do Polski przybyli te\u017c spokrewnieni\/spowinowaceni z Burkhartami cz\u0142onkowie rodziny Ehrhard (tak\u017ce pisownia Erhard). <strong>Sybilla Erhard<\/strong> (1762 Erfweiler <strong>&#8211;<\/strong> 1805 Erfwiler) by\u0142a \u017con\u0105 Georga Johanna (1770 <strong>&#8211;<\/strong> ?) Burkhart \u2013 o tej rodzinie wy\u017cej. Ojcem tej\u017ce Sybilli by\u0142 Johannes pisany Ehrhard (1725 Erfweiler <strong>&#8211;<\/strong> 1781). <strong>Magdalena Ehrhard<\/strong> (1783 Erfweiler <strong>\u2013<\/strong> 17&nbsp;IX&nbsp;1849 Wi\u0105czy\u0144 G\u00f3rny) by\u0142a moj\u0105 bezpo\u015bredni\u0105 przodkini\u0105 jako \u017cona Balthasara Burkharta (1780<strong>&#8211;<\/strong>1835). Jej rodzice nie s\u0105 znani.<\/p>\n\n\n\n<p>W <em>Genetece<\/em> znajduj\u0105 si\u0119 dokumenty dotycz\u0105cy Ehrhard\u00f3w, zapisanych jako Erhard lub Erchard. I tak w 1849 roku zmar\u0142a w Budach Stokowskich <strong>Anna<\/strong> <strong>Erchard z domu Burkard<\/strong>, lat 50 (rocznik 1799), pozostawiaj\u0105c po sobie wdowca <strong>Dawida Erchard<\/strong>, gospodarza w Budach Stokowskich, licz\u0105cego lat 48.<\/p>\n\n\n\n<p><em>Akt zgonu Anny z Burkard\u00f3w Erchard z roku 1849<\/em><\/p>\n\n\n\n<figure class=\"wp-block-image size-full\"><img loading=\"lazy\" decoding=\"async\" width=\"933\" height=\"313\" src=\"https:\/\/www.burchard.net.pl\/wp-content\/uploads\/2023\/05\/image-95.png\" alt=\"\" class=\"wp-image-212\" srcset=\"https:\/\/www.burchard.net.pl\/wp-content\/uploads\/2023\/05\/image-95.png 933w, https:\/\/www.burchard.net.pl\/wp-content\/uploads\/2023\/05\/image-95-300x101.png 300w, https:\/\/www.burchard.net.pl\/wp-content\/uploads\/2023\/05\/image-95-768x258.png 768w\" sizes=\"auto, (max-width: 933px) 100vw, 933px\" \/><\/figure>\n\n\n\n<p style=\"font-size:10px\"><em>\u0179r\u00f3d\u0142o:<\/em><\/p>\n\n\n\n<p style=\"font-size:10px\"><em>Wyniki wyszukiwania dla osoby Anna Erchard:<\/em> <a href=\"https:\/\/geneteka.genealodzy.pl\/index.php?op=gt&amp;lang=eng&amp;bdm=D&amp;w=05ld&amp;rid=D&amp;search_lastname=Erchard&amp;search_name=Anna&amp;search_lastname2=&amp;search_name2=&amp;from_date=&amp;to_date=&amp;rpp1=&amp;ordertable=\">https:\/\/geneteka.genealodzy.pl\/index.php?op=gt&amp;lang=eng&amp;bdm=D&amp;w=05ld&amp;rid=D&amp;search_lastname=Erchard&amp;search_name=Anna&amp;search_lastname2=&amp;search_name2=&amp;from_date=&amp;to_date=&amp;rpp1=&amp;ordertable=<\/a><\/p>\n\n\n\n<p style=\"font-size:10px\">S<em>kan:<\/em> <a href=\"https:\/\/metryki.genealodzy.pl\/index.php?op=pg&amp;ar=3&amp;zs=1589d&amp;se=&amp;sy=1849&amp;kt=3&amp;plik=80-88.jpg&amp;x=0&amp;y=1450&amp;zoom=1.25\"><em>https:\/\/metryki.genealodzy.pl\/index.php?op=pg&amp;ar=3&amp;zs=1589d&amp;se=&amp;sy=1849&amp;kt=3&amp;plik=80-88.jpg&amp;x=0&amp;y=1450&amp;zoom=1.25<\/em><\/a><em> (wpis nr 84, dost\u0119p 29.12.2022)<\/em><\/p>\n\n\n\n<p><\/p>\n\n\n\n<p><em>The Birkenh\u00f6rdt Project<\/em> zna te par\u0119. <strong>Maria Anna Burkard\/Burhart<\/strong> urodzi\u0142a si\u0119 w Erfweiler w roku 1799, by\u0142a c\u00f3rk\u0105 Theobalda (1770 Erfweiler <strong>&#8211;<\/strong> ?), kt\u00f3rego rodzice nie s\u0105 znani, wi\u0119c nie mog\u0119 ustali\u0107, z kt\u00f3rej linii Burkhart\u00f3w pochodzi\u0142a. S\u0105dz\u0105c po imieniu Theobald m\u00f3g\u0142 by\u0107 synem Theobalda (1720 Erfweiler <strong>&#8211;<\/strong> 1804), syna Lorenza (1700<strong>&#8211;<\/strong>1773) i Marii Katheriny Schehl.<\/p>\n\n\n\n<p>M\u0105\u017c Marii Anny Burkhart, <strong>Dawid Erhard<\/strong>, kt\u00f3rego daty i miejsca urodzenia brak, ale kt\u00f3ry na pewno urodzi\u0142 si\u0119 w Erfweiler, gdy\u017c rodzice jego tam si\u0119 urodzili i mieszkali, tam te\u017c urodzi\u0142o si\u0119 jego rodze\u0144stwo, by\u0142 synem Jakoba Erhard (1765<strong>&#8211;<\/strong>1808), syna Johannesa Ehrhard (1725 Erfweiler <strong>&#8211;<\/strong> 1781). Wynika z tego, \u017ce Dawid\/David by\u0142 bratem wy\u017cej wymienionej <strong>Sybilli <\/strong>(1762<strong>&#8211;<\/strong>1805), \u017cony Georga Johanna Burkhart (1770 <strong>&#8211;<\/strong> ?). Matk\u0105 Dawida by\u0142a Maria Anna Dauenhauer (1769<strong>&#8211;<\/strong>1842), c\u00f3rka Johannesa (1739 Erfweiler <strong>&#8211; <\/strong>1798) i Rosiny Burkhart (1738 Erfweiler <strong>&#8211;<\/strong> 1813). Rosina Burkhart z kolei by\u0142a w dalszym stopniu spokrewniona z moim prapradziadkiem Martinem, gdy\u017c by\u0142a wnuczk\u0105 Bartholom\u00e4usa Burkhart (c\u00f3rk\u0105 jego syna Lorenza i Marii Kathariny Schehl), a Martin by\u0142 jego dalszym zst\u0119pnym.<\/p>\n\n\n\n<p><em>Dane Marii Anny Burkhart i Dawida Dauenhauer<\/em><\/p>\n\n\n\n<figure class=\"wp-block-image size-full\"><img loading=\"lazy\" decoding=\"async\" width=\"933\" height=\"555\" src=\"https:\/\/www.burchard.net.pl\/wp-content\/uploads\/2023\/05\/image-96.png\" alt=\"\" class=\"wp-image-213\" srcset=\"https:\/\/www.burchard.net.pl\/wp-content\/uploads\/2023\/05\/image-96.png 933w, https:\/\/www.burchard.net.pl\/wp-content\/uploads\/2023\/05\/image-96-300x178.png 300w, https:\/\/www.burchard.net.pl\/wp-content\/uploads\/2023\/05\/image-96-768x457.png 768w\" sizes=\"auto, (max-width: 933px) 100vw, 933px\" \/><\/figure>\n\n\n\n<p style=\"font-size:10px\"><em>\u0179r\u00f3d\u0142o: <\/em><a href=\"https:\/\/www.birkenhoerdt.net\/getperson.php?personID=I142908&amp;tree=1\"><em>https:\/\/www.birkenhoerdt.net\/getperson.php?personID=I142908&amp;tree=1<\/em><\/a><em> (dost\u0119p 29.12.2022)<\/em><\/p>\n\n\n\n<p><\/p>\n\n\n\n<p>Dawid Erhard by\u0142 przez matk\u0119 spokrewniony z cz\u0142onkami rodziny Dauenhauer, o kt\u00f3rych wspomniano wy\u017cej, dzie\u0107mi Balthasara Dauenhauer (1800 Erfweiler <strong>&#8211;<\/strong> 1896 Wi\u0105czy\u0144 G\u00f3rny) i Margarethy Schreiner. Dawid i Balthasar mieli wsp\u00f3lnego przodka, a to Andreasa Dauenhauer (1705 Erfweiler <strong>&#8211;<\/strong> 1789), \u017conatego z Katharin\u0105 Schehl. Dawid by\u0142 wnukiem syna Andreasa, Johannesa (1739 Erfweiler <strong>&#8211;<\/strong> 1798), a Balthasar wnukiem innego syna Andreasa, Johannesa Adama (1736 Erfweiler <strong>&#8211;<\/strong> 1808).<\/p>\n\n\n\n<p>W rodzinie Dauenhauer\u00f3w cz\u0119ste te\u017c by\u0142y zwi\u0105zki z rodzin\u0105 Schehl. Matk\u0105 Balthasara by\u0142a Maria Barbara Schehl. Jak ju\u017c wielokrotnie wspomina\u0142am, ca\u0142e Erfweiler by\u0142o ze sob\u0105 bli\u017cej i dalej spokrewnione!<\/p>\n\n\n\n<p>Dawid Erhard, wdowiec po Annie Marii Burkhart, gospodarz w Budach Stokowskich, w roku 1850, maj\u0105c nadal lat 48 (sic!) po\u015blubi\u0142 Dorot\u0119 Hilt, lat 28, urodzon\u0105 w Janowie, c\u00f3rk\u0119 J\u00f3zefa i El\u017cbiety. Dawid opisany jest jako urodzony we wsi Waller (tak ksi\u0105dz zrozumia\u0142 Erfweiler?), syn Jakuba i Maryanny (Marii Anny) z domu Dannkanner, a wi\u0119c bez w\u0105tpienia Dauenhauer. \u015awiadkami byli Wojciech (Georg) Burkard, lat 52, gospodarz w Wi\u0105czenia i J\u00f3zef Burkard, gospodarz z Bud Stokowskich, lat 35. Wojciech Burchard to by\u0107 mo\u017ce Georg, urodzony w 1794 r. J\u00f3zef, kt\u00f3rego rok urodzenia przypad\u0142by na rok 1815, to brat mojego prapradziadka Martina. <strong>Ten dokument jest niezwykle interesuj\u0105cy, gdy\u017c po raz kolejny ukazuje zwi\u0105zki rodzin Bukhart, Dauenhauer i Ehrhard.<\/strong><\/p>\n\n\n\n<p><em>Akt \u015blubu Dawida i Doroty z 1850 roku<\/em><\/p>\n\n\n\n<figure class=\"wp-block-image size-full\"><img loading=\"lazy\" decoding=\"async\" width=\"852\" height=\"576\" src=\"https:\/\/www.burchard.net.pl\/wp-content\/uploads\/2023\/05\/image-97.png\" alt=\"\" class=\"wp-image-214\" srcset=\"https:\/\/www.burchard.net.pl\/wp-content\/uploads\/2023\/05\/image-97.png 852w, https:\/\/www.burchard.net.pl\/wp-content\/uploads\/2023\/05\/image-97-300x203.png 300w, https:\/\/www.burchard.net.pl\/wp-content\/uploads\/2023\/05\/image-97-768x519.png 768w\" sizes=\"auto, (max-width: 852px) 100vw, 852px\" \/><\/figure>\n\n\n\n<p style=\"font-size:10px\"><em>\u0179r\u00f3d\u0142o: <\/em><\/p>\n\n\n\n<p style=\"font-size:10px\"><em>Wyniki wyszukiwania dla osoby Dawid Erhard:<\/em> <a href=\"https:\/\/geneteka.genealodzy.pl\/index.php?op=gt&amp;lang=eng&amp;bdm=S&amp;w=05ld&amp;rid=S&amp;search_lastname=Erhard&amp;search_name=Dawid&amp;search_lastname2=&amp;search_name2=&amp;from_date=&amp;to_date=&amp;rpp1=&amp;ordertable=\">https:\/\/geneteka.genealodzy.pl\/index.php?op=gt&amp;lang=eng&amp;bdm=S&amp;w=05ld&amp;rid=S&amp;search_lastname=Erhard&amp;search_name=Dawid&amp;search_lastname2=&amp;search_name2=&amp;from_date=&amp;to_date=&amp;rpp1=&amp;ordertable=<\/a><\/p>\n\n\n\n<p style=\"font-size:10px\"><em>Skan:<\/em> <a href=\"https:\/\/metryki.genealodzy.pl\/index.php?op=pg&amp;ar=3&amp;zs=1589d&amp;se=&amp;sy=1850&amp;kt=2&amp;plik=07-10.jpg&amp;x=0&amp;y=0&amp;zoom=1.75\"><em>https:\/\/metryki.genealodzy.pl\/index.php?op=pg&amp;ar=3&amp;zs=1589d&amp;se=&amp;sy=1850&amp;kt=2&amp;plik=07-10.jpg&amp;x=0&amp;y=0&amp;zoom=1.75<\/em><\/a><em> (wpis nr 7, dost\u0119p 29.12.2022)<\/em><\/p>\n\n\n\n<p><\/p>\n\n\n\n<p>Dawid i Dorota mieli kilkoro dzieci: Magdalen\u0119 (po\u015blubi\u0142a Aleksandra Krystyniak), Grzegorza (mo\u017ce tym razem to Georg zapisany nie jako Wojciech), Mariann\u0119, J\u00f3zefa i El\u017cbiet\u0119. Po \u015bmierci Dawida, w roku 1859, Dorota urodzi\u0142a syna, Jana, kt\u00f3ry oznaczony jest jako \u201ez nieprawego \u0142o\u017ca\u201d.<\/p>\n\n\n\n<p>Dawid zmar\u0142 w roku 1858 w Budach Sikawskich, maj\u0105c, zgodnie z aktem zgonu, lat 57.<\/p>\n\n\n\n<p><em>Akt zgonu Dawida<\/em><\/p>\n\n\n\n<figure class=\"wp-block-image size-full\"><img loading=\"lazy\" decoding=\"async\" width=\"933\" height=\"258\" src=\"https:\/\/www.burchard.net.pl\/wp-content\/uploads\/2023\/05\/image-98.png\" alt=\"\" class=\"wp-image-215\" srcset=\"https:\/\/www.burchard.net.pl\/wp-content\/uploads\/2023\/05\/image-98.png 933w, https:\/\/www.burchard.net.pl\/wp-content\/uploads\/2023\/05\/image-98-300x83.png 300w, https:\/\/www.burchard.net.pl\/wp-content\/uploads\/2023\/05\/image-98-768x212.png 768w\" sizes=\"auto, (max-width: 933px) 100vw, 933px\" \/><\/figure>\n\n\n\n<p style=\"font-size:10px\"><em>\u0179r\u00f3d\u0142o: <\/em><\/p>\n\n\n\n<p style=\"font-size:10px\"><em>Wyniki wyszukiwania dla osoby Dawid Erhard:<\/em> <a href=\"https:\/\/geneteka.genealodzy.pl\/index.php?op=gt&amp;lang=eng&amp;bdm=S&amp;w=05ld&amp;rid=S&amp;search_lastname=Erhard&amp;search_name=Dawid&amp;search_lastname2=&amp;search_name2=&amp;from_date=&amp;to_date=&amp;rpp1=&amp;ordertable=\">https:\/\/geneteka.genealodzy.pl\/index.php?op=gt&amp;lang=eng&amp;bdm=S&amp;w=05ld&amp;rid=S&amp;search_lastname=Erhard&amp;search_name=Dawid&amp;search_lastname2=&amp;search_name2=&amp;from_date=&amp;to_date=&amp;rpp1=&amp;ordertable=<\/a><\/p>\n\n\n\n<p style=\"font-size:10px\"><em>Skan:<\/em> <a href=\"https:\/\/metryki.genealodzy.pl\/index.php?op=pg&amp;ar=3&amp;zs=1589d&amp;se=&amp;sy=1858&amp;kt=3&amp;plik=33-43.jpg&amp;x=1955&amp;y=3&amp;zoom=1\"><em>https:\/\/metryki.genealodzy.pl\/index.php?op=pg&amp;ar=3&amp;zs=1589d&amp;se=&amp;sy=1858&amp;kt=3&amp;plik=33-43.jpg&amp;x=1955&amp;y=3&amp;zoom=1<\/em><\/a><em> (wpis nr 38, dost\u0119p 29.12.2022)<\/em><\/p>\n\n\n\n<p><\/p>\n\n\n\n<p>W roku 1861 zmar\u0142a w Popielarni wyrobnica Marianna Erhart, wdowa po Adamie Erhart, c\u00f3rka Jana Dauenhauer i Katarzyny Biszofen (zapewne Bischofen), lat 59 (a wi\u0119c rocznik 1802), urodzona w Kr\u00f3lestwie Bawarskim w mie\u015bcie Tan (a wi\u0119c Dahn). Zn\u00f3w mamy tu zwi\u0105zki rodzin Erhard\/Ehrhard i Dauenhauer.<\/p>\n\n\n\n<p><em>Akt zgonu Marianny<\/em><\/p>\n\n\n\n<figure class=\"wp-block-image size-full\"><img loading=\"lazy\" decoding=\"async\" width=\"933\" height=\"779\" src=\"https:\/\/www.burchard.net.pl\/wp-content\/uploads\/2023\/05\/image-99.png\" alt=\"\" class=\"wp-image-216\" srcset=\"https:\/\/www.burchard.net.pl\/wp-content\/uploads\/2023\/05\/image-99.png 933w, https:\/\/www.burchard.net.pl\/wp-content\/uploads\/2023\/05\/image-99-300x250.png 300w, https:\/\/www.burchard.net.pl\/wp-content\/uploads\/2023\/05\/image-99-768x641.png 768w\" sizes=\"auto, (max-width: 933px) 100vw, 933px\" \/><\/figure>\n\n\n\n<p style=\"font-size:10px\"><em>\u0179r\u00f3d\u0142o:<\/em><\/p>\n\n\n\n<p style=\"font-size:10px\"><em>Wyniki wyszukiwania dla osoby Marianna Erhart:<\/em> <a href=\"https:\/\/geneteka.genealodzy.pl\/index.php?op=gt&amp;lang=eng&amp;bdm=D&amp;w=05ld&amp;rid=D&amp;search_lastname=Erhart&amp;search_name=Marianna&amp;search_lastname2=&amp;search_name2=&amp;from_date=&amp;to_date=\">https:\/\/geneteka.genealodzy.pl\/index.php?op=gt&amp;lang=eng&amp;bdm=D&amp;w=05ld&amp;rid=D&amp;search_lastname=Erhart&amp;search_name=Marianna&amp;search_lastname2=&amp;search_name2=&amp;from_date=&amp;to_date=<\/a><\/p>\n\n\n\n<p style=\"font-size:10px\"><em>Skan:<\/em> <a href=\"https:\/\/metryki.genealodzy.pl\/index.php?op=pg&amp;ar=3&amp;zs=1589d&amp;se=&amp;sy=1861&amp;kt=3&amp;plik=55-58.jpg&amp;x=1106&amp;y=84&amp;zoom=1.75\"><em>https:\/\/metryki.genealodzy.pl\/index.php?op=pg&amp;ar=3&amp;zs=1589d&amp;se=&amp;sy=1861&amp;kt=3&amp;plik=55-58.jpg&amp;x=1106&amp;y=84&amp;zoom=1.75<\/em><\/a><em> (wpis nr 57, dost\u0119p 29.12.2022)<\/em><\/p>\n\n\n\n<p><\/p>\n\n\n\n<p><strong>Podsumowuj\u0105c ten rozdzia\u0142, stwierdzi\u0107 trzeba, \u017ce do Kr\u00f3lestwa Polskiego przyjechali po prostu wszyscy krewni i znajomi Kr\u00f3lika. A m\u00f3wi\u0105c powa\u017cnie, by\u0142o to co najmniej kilkadziesi\u0105t os\u00f3b! Na internetowych stronach niemieckich omawiaj\u0105cych histori\u0119 Erfweiler podaje si\u0119, \u017ce wie\u015b w roku 1828 liczy\u0142a 516 mieszka\u0144c\u00f3w, a w roku 1837 tylko 491, co potwierdza, \u017ce ludno\u015b\u0107 wyje\u017cd\u017ca\u0142a. Exodus Burkhart\u00f3w i ich krewnych\/powinowatych pozbawi\u0142 wie\u015b oko\u0142o jednej pi\u0105tej, a mo\u017ce i wi\u0119cej mieszka\u0144c\u00f3w! Ale te\u017c dzi\u0119ki temu reszcie \u017cy\u0142o si\u0119 lepiej.<\/strong><\/p>\n\n\n\n<p><\/p>\n\n\n\n<p><strong>II. Miejsca zamieszkania Burkhart\u00f3w przyby\u0142ych do Kr\u00f3lestwa Polskiego<\/strong><\/p>\n\n\n\n<p>Jak wspomniano, pierwszy dokument, dotycz\u0105cy prawie na pewno braci Burkhart\u00f3w \u2013 akt chrztu Sybilli, urodzonej 2 grudnia 1843 \u2013jako miejsce zamieszkania jej ojca, Antoniego (chodzi raczej o Adolpha Matthiasa, w Polsce wyst\u0119puj\u0105cego jako Mateusz) wymienia <strong>Antoniew<\/strong>. Dokument z roku 1844, m\u00f3wi\u0105cy o narodzinach Antoniego, syna Marcina (Martina), podaje jako miejsce zamieszkania tego ostatniego <strong>Wi\u0105czy\u0144 G\u00f3rny<\/strong>. Balcer (Balthasar), kt\u00f3ry bra\u0142 \u015blub w roku 1844, mieszka\u0142 w <strong>Antoniewie<\/strong>. Akt chrztu z roku 1845 Maryanny J\u00f3zefy, c\u00f3rki Wojciecha (Georga), wymienia jako jej miejsce urodzenia <strong>Nowosoln\u0105<\/strong>. Helena, c\u00f3rka Walentego (Valentina), urodzi\u0142a si\u0119 w <strong>Budach Stokowskich<\/strong>. Jakub, kt\u00f3ry pochodzi\u0142 z rodziny dalszych krewnych braci Burkhart\u00f3w, a kt\u00f3ry by\u0142 \u015bwiadkiem \u015blubu Sybilli w roku 1848, mieszka\u0142 w kolonii <strong>Nery<\/strong>. Sybilla mieszka\u0142a z rodzicami, Wojciechem (Georgiem) i Katarzyn\u0105 w <strong>Wi\u0105czyniu G\u00f3rnym<\/strong>.<\/p>\n\n\n\n<p>Valentin (Walenty), najstarszy z braci mojego prapradziadka Martina, przyby\u0142ych do Polski, mieszka\u0142 w roku 1845 w <strong>Budach Stokowskich<\/strong>, p\u00f3\u017aniej (1853) w <strong>Nowosolnej<\/strong>, zmar\u0142 w roku 1857 w <strong>Antoniewie<\/strong>. Dwoje dzieci jego syna Balthasara, urodzi\u0142o si\u0119 w latach 1872 i 1874 w<strong> Andrzejewie (Andrespolu<\/strong>).<\/p>\n\n\n\n<p>Adolph Matthias (Mateusz) w roku 1843 mieszka\u0142 w <strong>Antoniewie<\/strong>, w latach 1848<strong>&#8211;<\/strong>67 w <strong>Wi\u0105czyniu G\u00f3rnym<\/strong>, w roku 1874 w <strong>Janowie<\/strong>. Wnuki jego rodzi\u0142y si\u0119 w <strong>\u0141odzi<\/strong>.<\/p>\n\n\n\n<p>Georg (Wojciech) w latach 1845<strong>&#8211;<\/strong>1854 mieszka\u0142 w <strong>Nowosolnej,<\/strong> potem w <strong>Budach Stokowskich<\/strong>, gdzie w roku 1874 zmar\u0142. Wnuki jego rodzi\u0142y si\u0119 w <strong>Budach<\/strong> <strong>Stokowskich<\/strong>, <strong>Ustroniu<\/strong>, prawnuki w <strong>\u0141odzi<\/strong>, <strong>Popielarni<\/strong> i w <strong>Mileszkach<\/strong>.<\/p>\n\n\n\n<p>Joseph w roku 1846 mieszka\u0142 w <strong>Budach Stokowskich<\/strong> \u2013 tam urodzi\u0142 si\u0119 jego syn Wojciech. Od roku 1854 dzieci rodzi\u0142y si\u0119 w <strong>Nerach<\/strong>, c\u00f3rka El\u017cbieta urodzi\u0142a si\u0119 w roku 1863 w <strong>Janowie<\/strong>. Wnuki Josepha rodzi\u0142y si\u0119 w <strong>Janowie<\/strong>, <strong>Nerach<\/strong>, <strong>Olechowie<\/strong>, <strong>Ustroniu<\/strong>, <strong>Wi\u0105czyniu<\/strong>, <strong>\u0141odzi<\/strong>, <strong>Konstantynowie<\/strong>, <strong>Andrzejewie<\/strong>, <strong>Popielarni<\/strong>, <strong>Mileszkach<\/strong>.<\/p>\n\n\n\n<p>Balthasar (Balcer), najm\u0142odszy brat mojego prapradziadka, mieszka\u0142 w <strong>Nowosolnej <\/strong>i<strong> Budach Stokowskich<\/strong>. Wnuki w <strong>Budach<\/strong>, <strong>Nerach<\/strong>, <strong>Janowie<\/strong>, <strong>\u0141odzi<\/strong>, <strong>Pabianicach.<\/strong><\/p>\n\n\n\n<p>Martin ca\u0142e \u017cycie mieszka\u0142 w <strong>Wi\u0105czyniu G\u00f3rnym<\/strong>. Wnuki w <strong>Jeziorku<\/strong>, <strong>Pabianicach<\/strong>, <strong>Srebrnej<\/strong>, Ba\u0142utach, <strong>Janowie<\/strong>, <strong>Widzewie<\/strong>, <strong>Cz\u0119stochowie<\/strong>.<\/p>\n\n\n\n<p>Burkharci z innej linii mieszkali w<strong> Wi\u0105czyniu G\u00f3rnym <\/strong>(Georg i Katarzyna Kohler), dzieci ich zawiera\u0142y zwi\u0105zki ma\u0142\u017ce\u0144skie w <strong>Popielarni<\/strong>. Jakub Burhart mieszka\u0142 w <strong>Nerach<\/strong>,<strong> Janowie <\/strong>i <strong>Wi\u0105czyniu<\/strong>. Rodzina Johannesa Adama i Ma\u0142gorzaty Keller mieszka\u0142a w kolonii <strong>Bukowiec<\/strong>, w parafii Kurowice. Tu tak\u017ce mieszka\u0142 ich syn z rodzin\u0105.<\/p>\n\n\n\n<p>Cz\u0142onkowie rodziny Dauenhauer mieszkali w <strong>Wi\u0105czyniu<\/strong>, Szauerowie w <strong>Nerach i Andrzejewie<\/strong>. Rodzina Ehrhard w <strong>Budach Stokowskich.<\/strong><\/p>\n\n\n\n<p>Jak wida\u0107 z powy\u017cszego, bracia \u2013 i ich krewniacy i powinowaci \u2013 przyjechali razem, zamieszkali b\u0105d\u017a w tej samej kolonii, b\u0105d\u017a w pobli\u017cu, <strong>w parafii Mileszki, <\/strong>gdzie znajdowa\u0142 si\u0119 stary ko\u015bci\u00f3\u0142 \u015bw. Doroty z roku 1766. Do parafii tej nale\u017ca\u0142y mi\u0119dzy innymi Stoki (Budy Stokowskie) Wi\u0105czy\u0144 Dolny i G\u00f3rny, Nowosolna, Jan\u00f3w, Olech\u00f3w, Andrzej\u00f3w. Mileszki by\u0142y star\u0105 wsi\u0105, wspominana ju\u017c przez D\u0142ugosza. Od roku 1988 w obr\u0119bie \u0141odzi. Niewielu mieszka\u0142o w parafii Kurowice.<\/p>\n\n\n\n<p>Dzieci braci Burkhart\u00f3w, je\u015bli przenosi\u0142y si\u0119 do innych miejscowo\u015bci, to przede wszystkim do pobliskich, nadal w okolicach \u0141odzi. Tylko niekt\u00f3rzy synowie i wnuki najstarszego z braci, Valentina, przenie\u015bli si\u0119 w okolice Warszawy.<\/p>\n\n\n\n<p class=\"has-medium-font-size\"><em>Mapka miejscowo\u015bci, gdzie mieszkali bracia Burkhart. Dzi\u015b wi\u0119kszo\u015b\u0107 tych osad w\u0142\u0105czona jest do \u0141odzi<\/em><\/p>\n\n\n\n<figure class=\"wp-block-image size-full\"><img loading=\"lazy\" decoding=\"async\" width=\"933\" height=\"669\" src=\"https:\/\/www.burchard.net.pl\/wp-content\/uploads\/2023\/05\/image-100.png\" alt=\"\" class=\"wp-image-217\" srcset=\"https:\/\/www.burchard.net.pl\/wp-content\/uploads\/2023\/05\/image-100.png 933w, https:\/\/www.burchard.net.pl\/wp-content\/uploads\/2023\/05\/image-100-300x215.png 300w, https:\/\/www.burchard.net.pl\/wp-content\/uploads\/2023\/05\/image-100-768x551.png 768w\" sizes=\"auto, (max-width: 933px) 100vw, 933px\" \/><\/figure>\n\n\n\n<p style=\"font-size:10px\"><em>\u0179r\u00f3d\u0142o: Archiwum rodzinne<\/em><\/p>\n\n\n\n<p style=\"font-size:10px\"><em>Miejscowo\u015bci:<\/em><\/p>\n\n\n\n<figure style=\"font-size:10px\" class=\"wp-block-table\"><table><tbody><tr><td><em>1. Andrespol (Andrzej\u00f3w)<\/em><em><\/em><\/td><td><em>8.&nbsp;&nbsp;Budy Stokowskie<\/em><\/td><\/tr><tr><td><em>2. Wyskitno<\/em><em><\/em><\/td><td><em>9.&nbsp;&nbsp; Srebrna <\/em><em><\/em><\/td><\/tr><tr><td><em>3. Olech\u00f3w<\/em><em><\/em><\/td><td><em>10. Ustro\u0144<\/em><em><\/em><\/td><\/tr><tr><td><em>4. Nery<\/em><em><\/em><\/td><td><em>11. Antoniew<\/em><em><\/em><\/td><\/tr><tr><td><em>5. Wi\u0105czy\u0144 G\u00f3rny<\/em><em><\/em><\/td><td><em>12. Konstantyn\u00f3w<\/em><em><\/em><\/td><\/tr><tr><td><em>6. Mileszki<\/em><em><\/em><\/td><td><em>13. Pabianice <\/em><em><\/em><\/td><\/tr><tr><td><em>7. Nowosolna<\/em><em><\/em><\/td><td><em>&nbsp;<\/em><\/td><\/tr><\/tbody><\/table><\/figure>\n\n\n\n<p>Na powy\u017cszej mapce zauwa\u017cy\u0107 mo\u017cna, \u017ce miejscowo\u015bci le\u017ca\u0142y jedna obok drugiej, czasem w odleg\u0142o\u015bci pieszego spaceru. Nowosolna graniczy\u0142a w Wi\u0105czyniem i Stokami. Budy Stokowskie le\u017ca\u0142y nieco dalej na zach\u00f3d. Z Nowosolnej do Mileszek by\u0142o 9 km<strong>.<\/strong><\/p>\n\n\n\n<p><em>Mapa kolonii w okolicach \u0141odzi<\/em><\/p>\n\n\n\n<figure class=\"wp-block-image size-full\"><img loading=\"lazy\" decoding=\"async\" width=\"937\" height=\"594\" src=\"https:\/\/www.burchard.net.pl\/wp-content\/uploads\/2023\/05\/image-101.png\" alt=\"\" class=\"wp-image-218\" srcset=\"https:\/\/www.burchard.net.pl\/wp-content\/uploads\/2023\/05\/image-101.png 937w, https:\/\/www.burchard.net.pl\/wp-content\/uploads\/2023\/05\/image-101-300x190.png 300w, https:\/\/www.burchard.net.pl\/wp-content\/uploads\/2023\/05\/image-101-768x487.png 768w\" sizes=\"auto, (max-width: 937px) 100vw, 937px\" \/><\/figure>\n\n\n\n<p style=\"font-size:10px\"><em>\u0179r\u00f3d\u0142o: <\/em><a href=\"http:\/\/www.mapa.lodz.pl\/mapa\/atlas\/sup2\/P-61.pdf\"><em>LXI-Relikty osadnictwa PL druk.cdr (lodz.pl)<\/em><\/a><em> (dost\u0119p 29.12.2022)<\/em><\/p>\n\n\n\n<p><\/p>\n\n\n\n<p>Wi\u0119kszo\u015b\u0107 z wymienionych na mapie osad czy wiosek wesz\u0142a z czasem w obr\u0119b \u0141odzi.<\/p>\n\n\n\n<p>O historii powstawania osad dla kolonist\u00f3w (Holendr\u00f3w, Niemc\u00f3w, etc.) i podstaw prawnych dla ich osadnictwa patrz:<\/p>\n\n\n\n<p><a href=\"http:\/\/www.mapa.lodz.pl\/mapa\/atlas\/sup2\/P-61.pdf\"><em>LXI-Relikty osadnictwa PL druk.cdr (lodz.pl)<\/em><\/a><em>, dost\u0119p 29.12.2022<\/em><\/p>\n\n\n\n<p><a href=\"https:\/\/historia-nieznana.blogspot.com\/2021\/04\/otto-heike-wiaczyn-wiontschin-historia.html\"><em>Historia nieznana: Otto Heike &#8211; Wi\u0105czy\u0144 &#8211; Wiontschin &#8211; Nowosolna &#8211; Neu Sulzfeld &#8211; Historia powstania (historia-nieznana.blogspot.com)<\/em><\/a><em>, dost\u0119p 29.12.2022<\/em><\/p>\n\n\n\n<p><a href=\"https:\/\/historia-nieznana.blogspot.com\/search\/label\/Wi%C4%85czy%C5%84-Wiontschin\"><em>Historia nieznana: Wi\u0105czy\u0144-Wiontschin (historia-nieznana.blogspot.com)<\/em><\/a><em>, dost\u0119p 29.12.2022<\/em><\/p>\n\n\n\n<p><a href=\"https:\/\/mittelpolen.de\/images\/tabellen\/PDF_Dateien\/Hoefig\/1935\/03.03.1935_Antoniew-Stoki.pdf\"><em>03.03.1935_Antoniew-Stoki (mittelpolen.de)<\/em><\/a><em>, dost\u0119p 29.12.2022<\/em><\/p>\n\n\n\n<p><em>Krzysztof Pawe\u0142 Wo\u017aniak, Niemieckie osadnictwo wiejskie mi\u0119dzy Prosn\u0105 a Pilic\u0105 i Wis\u0142\u0105 od lat 70. XVIII wieku do 1866 roku. Proces i jego interpretacje, \u0141\u00f3d\u017a 2013, s. 347<\/em><\/p>\n\n\n\n<p><em>Piotr Szkutnik Sprowadzanie u\u017cytecznych cudzoziemc\u00f3w. Osadnicy w zachodniej cz\u0119\u015bci Kr\u00f3lestwa Polskiego w pierwszej po\u0142owie XIX w. na przyk\u0142adzie przodk\u00f3w autora. Kwartalnik Historii Kultury Materialnej, 2013, R. 61 Nr 3, s. 409-422<\/em><\/p>\n\n\n\n<p><\/p>\n\n\n\n<p>W okresie \u015bredniowiecza na obszarze dzisiejszej \u0141odzi znajdowa\u0142y si\u0119 33 wsie i jedno miasteczko. Mi\u0119dzy wsiami znajdowa\u0142y si\u0119 du\u017ce niezagospodarowane przestrzenie, g\u0142ownie lasy. Te tereny wykorzystano pod kolonizacj\u0119, gdy pod koniec XVIII wieku nast\u0105pi\u0142o o\u017cywienie gospodarcze.<\/p>\n\n\n\n<p>Na obszarze dzisiejszej \u0141odzi lub jej obrze\u017cach powsta\u0142y ju\u017c w XVIII wieku z inicjatywy w\u0142a\u015bcicieli ziemskich kolonie ol\u0119derskie. W dobrach choje\u0144skich, mileskich, radogoskich i ka\u0142owskich powsta\u0142y najstarsze. Pierwsz\u0105 z nich by\u0142a najprawdopodobniej D\u0105browa, zwana te\u017c Koloni\u0105 Choje\u0144sk\u0105 albo Holendrami Choje\u0144skimi, za\u0142o\u017cona w 1783 r. w dolinie D\u0105br\u00f3wki i s\u0105siaduj\u0105cych z ni\u0105 lasach. Pod koniec XVIII wieku powstawa\u0142y kolejno Holendry Mileskie <strong>(Jan\u00f3w<\/strong> i Henryk\u00f3w), Holendry Radogoskie (\u017babieniec), Holendry Ka\u0142owskie (Grabieniec), a nast\u0119pnie Holendry Stokowskie (<strong>Antoniew<\/strong>) i kilka innych, drobniejszych. Kolonie ol\u0119derskie mia\u0142y po cz\u0119\u015bci charakter osad przemys\u0142owych, gdy\u017c w kilku z nich znajdowa\u0142y si\u0119 huty szk\u0142a &#8211; Huta Radogoska, Huta Choje\u0144ska, Huta Soko\u0142owska i Huta Jagodnicka.<\/p>\n\n\n\n<p>Du\u017ca liczba las\u00f3w sprawi\u0142a, \u017ce rozpocz\u0119to ich eksploatacj\u0119, zak\u0142adaj\u0105c ca\u0142y szereg drobnych osad, okre\u015blonych mianem \u201ebudy\u201d. Ich nazwy: \u201ebudy smolarze\u201d, \u201edziegciarze\u201d, \u201ew\u0119glarze\u201d, \u201epopielarze\u201d, \u201eko\u0142odzieje\u201d itp. m\u00f3wi\u0105, co by\u0142o produktem ich wytw\u00f3rczo\u015bci. Po wyeksploatowaniu las\u00f3w wiele z tych osad przekszta\u0142ci\u0142o si\u0119 w osady rolne. Wielu Burkhart\u00f3w zamieszka\u0142o w <strong>Budach Stokowskich (inaczej: Budy Stoki) i Budach Sikawskich.<\/strong><\/p>\n\n\n\n<p>Po drugim, a zw\u0142aszcza po trzecim rozbiorze Polski oraz sekularyzacji w 1796 roku maj\u0105tk\u00f3w ko\u015bcielnych, w\u0142adze pruskie przyst\u0105pi\u0142y do tworzenia na terenie przej\u0119tych d\u00f3br kr\u00f3lewskich&nbsp;i duchownych nowych kolonii, zasiedlanych kolonistami sprowadzanymi z kraj\u00f3w niemieckich. Nowe kolonie pruskie otrzyma\u0142y kszta\u0142t regularnych rz\u0119d\u00f3wek, czyli domy stawiano wzd\u0142u\u017c drogi. Jako pierwsz\u0105, w 1798 roku, urz\u0105dzono koloni\u0119 <strong>Olech\u00f3w<\/strong> \u2013 nazwa pochodzi od nazwiska ostatniego administratora d\u00f3br, Paw\u0142a Olechowskiego. W roku 1861 Olech\u00f3w przej\u0105\u0142 skarb pa\u0144stwa, w roku 1881 by\u0142o tam 65 dom\u00f3w i 703 mieszka\u0144c\u00f3w, od roku 1946 wie\u015b wesz\u0142a w obr\u0119b \u0141odzi. W roku 1799 tu\u017c za granicami \u0141odzi za\u0142o\u017cono koloni\u0119 Effingshausen (Starowa G\u00f3ra), a w latach 1800-1803 kolejno: Friedrichshagen (August\u00f3w) oraz <strong>Wi\u0105czy\u0144 G\u00f3rny i Wi\u0105czy\u0144 Dolny<\/strong>.<\/p>\n\n\n\n<p>Historia <strong>Wi\u0105czenia<\/strong>, zapisywanego cz\u0119\u015bciej jako <strong>Wi\u0105czy\u0144<\/strong>, jest bardzo ciekawa. Dobra wi\u0105czy\u0144skie by\u0142y dobrami kr\u00f3lewskimi, dzier\u017cawionymi. Istnia\u0142y tam niewielkie osady wiejskie \u2013 Wi\u0105czy\u0144 Le\u015bny (G\u00f3rny) i Wi\u0105czy\u0144 Polny (Dolny). W roku 1793 dobra przej\u0105\u0142 skarb pruski i ostatecznie przeznaczono je pod osadnictwo niemieckie. Projekt nowej kolonii na tym terenie pocz\u0105tkowo traktowany by\u0142 jako cz\u0119\u015b\u0107 Nowosolnej, jako jej rozszerzenie, p\u00f3\u017aniej dopiero da\u0142 pocz\u0105tek samodzielnej kolonii. Rz\u0105d pruski przesiedli\u0142 ch\u0142op\u00f3w polskich z Dolnego Wi\u0105czynia do tzw. Nowego Wi\u0105czynia, przy czym starano si\u0119, by nie ponosili oni szk\u00f3d, a zatem gwarantowano im sze\u015bcioletnie zwolnienie z podatk\u00f3w, pieni\u0105dze, etc. Obowi\u0105zywa\u0142o to od stycznia 1804 roku, st\u0105d jako dat\u0119 powstania kolonii dla obcokrajowc\u00f3w w Wi\u0105czyniu przyjmuje si\u0119 rok 1803. W lutym roku 1806 z Warszawy przekazano do Berlina projekt nowej kolonii niemieckiej. Mia\u0142o tam by\u0107 37 stanowisk osadniczych w Wi\u0105czyniu G\u00f3rnym i dziewi\u0119\u0107 w Dolnym. G\u0142ownie by\u0142y to tereny le\u015bne i tylko niewiele grunt\u00f3w ornych. Pod koniec roku 1806 osiedli\u0142o si\u0119 tu niewielu kolonist\u00f3w, kt\u00f3rzy nie znale\u017ali miejsca w Nowosolnej. O pocz\u0105tkach Wi\u0105czynia nie zachowa\u0142y si\u0119 dok\u0142adne dokumenty. Zachowane akty kupna i sprzeda\u017cy ziemi w Wi\u0105czynie do roku 1846 nie wymieniaj\u0105 Burkhart\u00f3w, zapewne nie kupowali ziemi, ale otrzymali j\u0105 jako koloni\u015bci od pa\u0144stwa. Z Palatynatu pochodzi\u0142y rodziny Fischer, Roth, Mees, Hoffes, Reiser, Krieg, Weik, Bergstr\u00e4\u00dfer, Theobald. Do roku 1849 w Wi\u0105czyniu mieszka\u0142o 19 osadnik\u00f3w z Palatynatu. Pos\u0142ugiwano si\u0119 dialektem szwabskim. W Wi\u0105czyniu G\u00f3rnym zachowa\u0142y si\u0119 resztki cmentarza ewangelicko-augsburskiego. Burkharci byli katolikami, prawdopodobnie chowani byli na cmentarzu parafii Mileszki. W roku 1945 w Wi\u0105czyniu mieszka\u0142 Gustav Burchard. Poniewa\u017c prapradziadek Martin mieszka\u0142 tam przez ca\u0142e \u017cycie, my\u015bl\u0119, \u017ce m\u00f3g\u0142 to by\u0107 jaki\u015b jego potomek. Podkre\u015bli\u0107 trzeba, \u017ce Wi\u0105czy\u0144 G\u00f3rny i Dolny uchodzi\u0142y za kolonie zamo\u017cne.<\/p>\n\n\n\n<p>Najefektowniejsz\u0105 form\u0119 przestrzenn\u0105 otrzyma\u0142a za\u0142o\u017cona w roku 1801, w lesie wi\u0105czy\u0144skim i na gruntach wsi Wi\u0105czy\u0144 Ma\u0142y, kolonia niemiecka osadnik\u00f3w z Sulzfeld <strong>&#8211;<\/strong> <strong>Neu Sulzfeld, czyli Nowosolna<\/strong>. Jej unikatowy uk\u0142ad \u2013 wie\u015b utworzono na planie o\u015bmioramiennej gwiazdy \u2013 ma walor zabytkowy (jako \u017ce na terenie Polski s\u0105 tylko trzy wsie o takim kszta\u0142cie). Nowosolna w efekcie kolonizacji pruskiej zamieszka\u0142a by\u0142a wy\u0142\u0105cznie przez Niemc\u00f3w. Drug\u0105 tak\u0105 wsi\u0105 by\u0142 <strong>Olech\u00f3w.<\/strong><\/p>\n\n\n\n<p><em>Przestrzennie najciekawsz\u0105 koloni\u0105, przeznaczon\u0105 dla przybysz\u00f3w z Niemiec, by\u0142a Nowosolna<\/em><\/p>\n\n\n\n<figure class=\"wp-block-image size-full\"><img loading=\"lazy\" decoding=\"async\" width=\"921\" height=\"735\" src=\"https:\/\/www.burchard.net.pl\/wp-content\/uploads\/2023\/05\/image-102.png\" alt=\"\" class=\"wp-image-219\" srcset=\"https:\/\/www.burchard.net.pl\/wp-content\/uploads\/2023\/05\/image-102.png 921w, https:\/\/www.burchard.net.pl\/wp-content\/uploads\/2023\/05\/image-102-300x239.png 300w, https:\/\/www.burchard.net.pl\/wp-content\/uploads\/2023\/05\/image-102-768x613.png 768w\" sizes=\"auto, (max-width: 921px) 100vw, 921px\" \/><\/figure>\n\n\n\n<p style=\"font-size:10px\"><em>\u0179r\u00f3d\u0142o: Krzysztof Pawe\u0142 Wo\u017aniak, Niemieckie osadnictwo wiejskie mi\u0119dzy Prosn\u0105 a Pilic\u0105 i Wis\u0142\u0105 od lat 70. XVIII wieku do 1866 roku. Proces i jego interpretacje, \u0141\u00f3d\u017a 2013, s. 347<\/em><\/p>\n\n\n\n<p><\/p>\n\n\n\n<p>W nag\u0142\u00f3wku zapisano: Kolonia Neu Sulzfeld przy Wi\u0105czeniu G\u00f3rnym. Wymierzona i podzielona w roku 1802 przez K\u00fcnzela. Skopiowane przez Zirkela.<\/p>\n\n\n\n<p>Wok\u00f3\u0142 szkicu zamieszono informacje, \u017ce po prawej Nowosolna graniczy w Wi\u0105czeniem (Feldmark \u2013 miedza, Koenigl. Wioncziner Forst-Revier \u2013 kr\u00f3lewski Wi\u0105czy\u0144ski rewir le\u015bny), na dole \u2013 ze wsi\u0105 szlacheck\u0105 Mileszki (po prawej), ze wsi\u0105 szlacheck\u0105 Stoki (po lewej).<\/p>\n\n\n\n<p>Nowosolna rozwija\u0142a si\u0119 bardzo dynamicznie. W roku 1823 liczy\u0142a 86 dom\u00f3w i 1059 mieszka\u0144c\u00f3w.&nbsp;Gospodarstwa mia\u0142y po 10-17 ha. Na prze\u0142omie XIX i XX wieku by\u0142o tu 197 gospodarstw i 1609 os\u00f3b. W roku 1921 wie\u015b liczy\u0142a 1126 mieszka\u0144c\u00f3w, z czego 95 procent by\u0142o pochodzenia niemieckiego. 1988 w\u0142\u0105czono j\u0105 w obr\u0119b \u0141odzi.<\/p>\n\n\n\n<p>Dynamiczny rozw\u00f3j \u0141odzi, potrzebuj\u0105cej nowych r\u0105k do pracy oraz zaopatrzenia w \u017cywno\u015b\u0107, spowodowa\u0142 powstanie w okolicznych dobrach szlacheckich wielu nowych wsi typu kolonijnego, a p\u00f3\u017aniej tak\u017ce pierwszych robotniczych przedmie\u015b\u0107 \u2013 na <strong>Ba\u0142utach<\/strong> i w Chojnach. Pod koniec XVIII wieku w\u0142a\u015bciciel Ba\u0142ut, Artur Zawisza, podzieli\u0142 ziemie na dzia\u0142ki i odda\u0142 w dzier\u017caw\u0119. Ba\u0142uty zasiedlone by\u0142y przez Niemc\u00f3w ju\u017c przed rokiem 1825. W roku 1875 powsta\u0142a osada fabryczna z nowym planem parcelacji. W roku 1882 mieszka\u0142o tu 1668 os\u00f3b, z czego 345 posiada\u0142o nieruchomo\u015bci \u2013 ponad 70 % byli to Niemcy \u2013 i wielu z tych posiadaczy \u017cy\u0142o z wynajmu mieszka\u0144.<\/p>\n\n\n\n<p>W\u0142o\u015bci szlacheckie ci\u0105gn\u0119\u0142y si\u0119 szerokim pasem wzd\u0142u\u017c ca\u0142ej p\u00f3\u0142nocnej cz\u0119\u015bci obecnego obszaru miasta \u0141odzi. W porz\u0105dku geograficznym by\u0142y to dobra: Soko\u0142\u00f3w, Ka\u0142y, <strong>Srebrna<\/strong>, fragmenty d\u00f3br Bru\u017cyca, R\u0105bie\u0144 i Niesi\u0119cin, a dalej nieco wi\u0119ksze dobra: Radogoszcz, <strong>Ba\u0142uty<\/strong>, \u0141agiewniki, Moskule, <strong>Stoki <\/strong>i<strong> Mileszki<\/strong> oraz znacznie mniejsze Rogi i fragmenty d\u00f3br Bedo\u0144 (tu p\u00f3\u017aniej <strong>Andrzej\u00f3w <\/strong>i<strong> Andrespol<\/strong>). Ponadto, w otoczeniu d\u00f3br duchownych, znajdowa\u0142y si\u0119 dobra Chojny.<\/p>\n\n\n\n<p>Wielu Burkhart\u00f3w mieszka\u0142o, jak wspomniano, w<strong> Budach Stokowskich <\/strong>i<strong> Budach Sikawskich<\/strong>. Sikawa i Stoki oraz le\u017c\u0105ce 6 km dalej Mileszki nale\u017ca\u0142y do d\u00f3br szlacheckich rodziny nazywaj\u0105cej si\u0119 od XVI wieku Stokowscy. Jak sama nazwa wskazuje, Stoki by\u0142y wzniesieniem. Wie\u015b Stoki wymienia si\u0119 ju\u017c&nbsp;w XIV wieku. W XVIII wieku by\u0142a to ma\u0142a osada. W latach 1789<strong>&#8211;<\/strong>1790 by\u0142o tu zaledwie 8 gospodarstw. Powodem by\u0142a prawdopodobnie z\u0142a jako\u015b\u0107 ziemi, kt\u00f3ra nie nadawa\u0142a si\u0119 pod upraw\u0119. St\u0105d by\u0107 mo\u017ce tworzono tu z czasem osady le\u015bne. Antoni Stokowski w roku 1798 za\u0142o\u017cy\u0142 na swoich gruntach koloni\u0119 <strong>Antoniew<\/strong>, okre\u015blan\u0105 te\u017c jako <strong>Antoniew Stoki lub Antoniew Stokowski<\/strong>. W roku 1831 w odleg\u0142o\u015bci oko\u0142o 4 km od Antoniewa powsta\u0142o osiedle <strong>Budy Stokowskie<\/strong>, nazywane tak\u017ce <strong>Budy Stoki<\/strong>. Tak zwani budnicy zajmowali si\u0119 eksploatacj\u0105 las\u00f3w \u2013 produkcja smo\u0142y, dziegciu, itd. Budy Stokowskie rozwija\u0142y si\u0119 do\u015b\u0107 szybko \u2013 w roku 1865 liczy\u0142y 32 gospodarstwa. Dzi\u015b s\u0105 obr\u0119bie \u0141odzi, jest to najwy\u017csze wzg\u00f3rze w mie\u015bcie \u2013 260 m. n.p.m. Po drugiej wojnie \u015bwiatowej Stoki w\u0142\u0105czono do \u0141odzi.<\/p>\n\n\n\n<p>W XVIII wieku tak\u017ce<strong> Sikawa<\/strong>, zwi\u0105zana z dobrami <strong>Stoki<\/strong>, stanowi\u0142a w\u0142asno\u015b\u0107 Stokowskich. Wie\u015b jednak nie rozbudowa\u0142a si\u0119 zbytnio. Znajdowa\u0142y si\u0119 tam tylko 3 gospodarstwa ch\u0142opskie. W 1822 w siedmiu domostwach zamieszkiwa\u0142o Sikaw\u0119 69 os\u00f3b.<\/p>\n\n\n\n<p>R\u00f3wnie\u017c <strong>Andrzej\u00f3w <\/strong>i<strong> Andrespol<\/strong> maj\u0105 ciekaw\u0105 histori\u0119. Wcze\u015bniej by\u0142y to tereny starej wsi pod\u0142\u00f3dzkiej o nazwie Bedo\u0144. W roku 1805 wie\u015b naby\u0142a Magdalena Suchocka. Prawdopodobnie ju\u017c wtedy sprowadzi\u0142a kolonist\u00f3w \u2013 koloni\u0119 nazwa\u0142a Andrespol, od imienia swego syna Andrzeja. Dwa lata p\u00f3\u017aniej zawar\u0142a oficjalne umowy z niemieckimi kolonistami, daj\u0105c im 6 lat wolnizny. 29 w\u0142\u00f3k gruntu podzielono na 29 osadnik\u00f3w. W roku 1823 koloni\u0119 podzielona i powsta\u0142y dwie osady \u2013 Andrzej\u00f3w&nbsp;i Andrespol. Andrzej\u00f3w od roku 1867 by\u0142 w gminie Nowosolna, w roku 1988 w\u0142\u0105czony do \u0141odzi. Andrespol jest dzi\u015b samodzielna wsi\u0105.<\/p>\n\n\n\n<p>Tak\u017ce <strong>Nery<\/strong> \u2013 nazwa od rzeki Ner \u2013 nale\u017ca\u0142y do gminy Nowosolna, a od roku 1988 s\u0105 cz\u0119\u015bci\u0105 \u0141odzi<strong>. Jan\u00f3w<\/strong>, od roku 1867 w gminie Nowosolna, ju\u017c w roku 1946 przy\u0142\u0105czony zosta\u0142 do \u0141odzi. <strong>Ustronie<\/strong>, dawniej r\u00f3wnie\u017c samodzielna miejscowo\u015b\u0107, nale\u017c\u0105ca od roku 1867 do gminy Wiskitno, od roku 1963 by\u0142o cz\u0119\u015bci\u0105 Andrespola, a ostatecznie w roku 1965 znalaz\u0142o si\u0119 w obr\u0119bie \u0141odzi.<\/p>\n\n\n\n<p>Wiedz\u0105c, gdzie osiedlili si\u0119 Burkharci po przybyciu do Kr\u00f3lestwa Polskiego i jakie by\u0142y losy miejscowo\u015bci, gdzie zamieszkali, mo\u017cna powiedzie\u0107, \u017ce dzi\u015b wielu \u2013 by\u0107 mo\u017ce wi\u0119kszo\u015b\u0107 \u2013 potomk\u00f3w Burkhart\u00f3w mieszka w \u0141odzi.<strong><\/strong><\/p>\n\n\n\n<hr class=\"wp-block-separator has-alpha-channel-opacity\"\/>\n\n\n\n<p><a id=\"_ftn1\" href=\"#_ftnref1\">[76]<\/a> Pann\u0105, z kt\u00f3r\u0105 \u017ceni\u0142 si\u0119 Franciszek J\u00f3zef Kejser, by\u0142a Anna Maryanna (zapewne Anna Maria) Szrejner (zapewne Schreiner), lat 19 (a wi\u0119c urodzona 1826), urodzona w Harthausen, c\u00f3rka Balcera (Balthasara) i Anny Maryanny<strong>. <\/strong>Schreinerowie ju\u017c wcze\u015bniej wi\u0105zali si\u0119 z Burkhartami. \u015awiadkiem na tym \u015blubie by\u0142 Walentin Sznell (zapewne Schehl z Erfweiler).<\/p>\n","protected":false},"excerpt":{"rendered":"<p>Rodzina Burkhart\u00f3w (Burchard\u00f3w) w Polsce (od oko\u0142o 1843\/1844 roku) I. Pierwsi cz\u0142onkowie rodziny w Polsce Do Polski przyby\u0142o: 1. sze\u015bciu syn\u00f3w Balthasara Burkharta (1780-1835). Pi\u0119ciu wymienia The Birkenh\u00f6rdt Project: Valentin, Adolph Matthias, Georg, Joseph, Martin. Sz\u00f3sty, Balcer\/Balthasar, znany jest z aktu zawarcia zwi\u0105zku ma\u0142\u017ce\u0144skiego w Mileszkach. Sze\u015bciu braciom towarzyszy\u0142a matka Magdalena Ehrhard i siostra Ma\u0142gorzata\/Margaretha. [&hellip;]<\/p>\n","protected":false},"author":1,"featured_media":0,"parent":0,"menu_order":0,"comment_status":"closed","ping_status":"closed","template":"","meta":{"footnotes":""},"class_list":["post-19","page","type-page","status-publish","hentry"],"_links":{"self":[{"href":"https:\/\/www.burchard.net.pl\/index.php?rest_route=\/wp\/v2\/pages\/19","targetHints":{"allow":["GET"]}}],"collection":[{"href":"https:\/\/www.burchard.net.pl\/index.php?rest_route=\/wp\/v2\/pages"}],"about":[{"href":"https:\/\/www.burchard.net.pl\/index.php?rest_route=\/wp\/v2\/types\/page"}],"author":[{"embeddable":true,"href":"https:\/\/www.burchard.net.pl\/index.php?rest_route=\/wp\/v2\/users\/1"}],"replies":[{"embeddable":true,"href":"https:\/\/www.burchard.net.pl\/index.php?rest_route=%2Fwp%2Fv2%2Fcomments&post=19"}],"version-history":[{"count":16,"href":"https:\/\/www.burchard.net.pl\/index.php?rest_route=\/wp\/v2\/pages\/19\/revisions"}],"predecessor-version":[{"id":594,"href":"https:\/\/www.burchard.net.pl\/index.php?rest_route=\/wp\/v2\/pages\/19\/revisions\/594"}],"wp:attachment":[{"href":"https:\/\/www.burchard.net.pl\/index.php?rest_route=%2Fwp%2Fv2%2Fmedia&parent=19"}],"curies":[{"name":"wp","href":"https:\/\/api.w.org\/{rel}","templated":true}]}}